{"id":1011805,"date":"2026-02-24T13:13:11","date_gmt":"2026-02-24T12:13:11","guid":{"rendered":"https:\/\/new.obsnev.es\/?post_type=emi&#038;p=1011805"},"modified":"2026-02-24T13:36:03","modified_gmt":"2026-02-24T12:36:03","slug":"emi-05","status":"publish","type":"emi","link":"https:\/\/obsnev.es\/en\/emi\/emi-05\/","title":{"rendered":"EMI 05"},"content":{"rendered":"<div data-elementor-type=\"wp-post\" data-elementor-id=\"1011805\" class=\"elementor elementor-1011805\" data-elementor-post-type=\"emi\">\n\t\t\t\t<div class=\"elementor-element elementor-element-a3f34ec e-flex e-con-boxed e-con e-parent\" data-id=\"a3f34ec\" data-element_type=\"container\" data-e-type=\"container\">\n\t\t\t\t\t<div class=\"e-con-inner\">\n\t\t\t\t<div class=\"elementor-element elementor-element-01f95b5 elementor-widget elementor-widget-text-editor\" data-id=\"01f95b5\" data-element_type=\"widget\" data-e-type=\"widget\" data-widget_type=\"text-editor.default\">\n\t\t\t\t<div class=\"elementor-widget-container\">\n\t\t\t\t\t\t\t\t\t<div id=\"panel-gb1008100-699d8b4db5f7a-0-0-0\" class=\"so-panel widget widget_sow-editor panel-first-child\" data-index=\"0\"><div class=\"so-widget-sow-editor so-widget-sow-editor-base\"><h3 class=\"widget-title\">Introduction<\/h3><div class=\"siteorigin-widget-tinymce textwidget\"><p>Se trata de una estaci\u00f3n de monitoreo intensivo localizada en la zona sur de Sierra Nevada. Localizada en el t\u00e9rmino municipal de Laujar de Andarax, ocupa una extensi\u00f3n de 711 ha, donde predominan un encinar y repoblaciones de con\u00edferas. Presenta un rango de altitud entre 1150 y 1800 m.s.n.m. La pendiente media es de 21 \u00ba y predominan las orientaciones sur (SE, S y SW).<\/p><\/div><\/div><\/div>\t\t\t\t\t\t\t\t<\/div>\n\t\t\t\t<\/div>\n\t\t\t\t<div class=\"elementor-element elementor-element-c35db60 elementor-widget elementor-widget-image\" data-id=\"c35db60\" data-element_type=\"widget\" data-e-type=\"widget\" data-widget_type=\"image.default\">\n\t\t\t\t<div class=\"elementor-widget-container\">\n\t\t\t\t\t\t\t\t\t\t\t\t\t\t\t<img fetchpriority=\"high\" decoding=\"async\" width=\"1280\" height=\"905\" src=\"https:\/\/obsnev.es\/wp-content\/uploads\/2019\/11\/caracterizacion_EMI05.jpg\" class=\"attachment-full size-full wp-image-1008259\" alt=\"\" srcset=\"https:\/\/obsnev.es\/wp-content\/uploads\/2019\/11\/caracterizacion_EMI05.jpg 1280w, https:\/\/obsnev.es\/wp-content\/uploads\/2019\/11\/caracterizacion_EMI05-300x212.jpg 300w, https:\/\/obsnev.es\/wp-content\/uploads\/2019\/11\/caracterizacion_EMI05-1024x724.jpg 1024w, https:\/\/obsnev.es\/wp-content\/uploads\/2019\/11\/caracterizacion_EMI05-768x543.jpg 768w, https:\/\/obsnev.es\/wp-content\/uploads\/2019\/11\/caracterizacion_EMI05-18x12.jpg 18w\" sizes=\"(max-width: 1280px) 100vw, 1280px\" \/>\t\t\t\t\t\t\t\t\t\t\t\t\t\t\t<\/div>\n\t\t\t\t<\/div>\n\t\t\t\t<div class=\"elementor-element elementor-element-77fa373 elementor-widget elementor-widget-text-editor\" data-id=\"77fa373\" data-element_type=\"widget\" data-e-type=\"widget\" data-widget_type=\"text-editor.default\">\n\t\t\t\t<div class=\"elementor-widget-container\">\n\t\t\t\t\t\t\t\t\t<div id=\"panel-gb1008100-699d8b4db5f7a-0-0-0\" class=\"so-panel widget widget_sow-editor panel-first-child\" data-index=\"0\"><div class=\"so-widget-sow-editor so-widget-sow-editor-base\"><div id=\"panel-gb1008225-699d954a6821b-0-0-1\" class=\"so-panel widget widget_sow-editor\" data-index=\"1\"><div class=\"so-widget-sow-editor so-widget-sow-editor-base\"><h3 class=\"widget-title\">Estaci\u00f3n Meteorol\u00f3gica<\/h3><div class=\"siteorigin-widget-tinymce textwidget\"><p>Presenta una estaci\u00f3n meteorol\u00f3gica con sensores para:<\/p><ul><li>Temperatura y humedad relativa<\/li><li>Anemoveleta: direcci\u00f3n y velocidad del viento.<\/li><li>Presi\u00f3n atmosf\u00e9rica.<\/li><li>Pluvi\u00f3metro calefactado.<\/li><li>Radiaci\u00f3n Solar Global<\/li><li>Radiaci\u00f3n ultravioleta B<\/li><li>Radiaci\u00f3n Neta CNR1<\/li><li>Radiaci\u00f3n Solar PAR (global reflejada)<\/li><\/ul><\/div><\/div><\/div><div id=\"panel-gb1008225-699d954a6821b-0-0-2\" class=\"so-panel widget widget_sow-editor\" data-index=\"2\"><div class=\"so-widget-sow-editor so-widget-sow-editor-base\"><h3 class=\"widget-title\">Protocolos de Seguimiento Socio-Ecol\u00f3gico<\/h3><div class=\"siteorigin-widget-tinymce textwidget\"><ul><li>Carn\u00edvoros<\/li><li>Chova piquirroja<\/li><li>C\u00e1rabo<\/li><li>Pine processionary<\/li><li>Micromammals<\/li><li>Comunidades vegetales: encinares<\/li><li>Comunidades vegetales: riberas<\/li><li>Estudios de ecosistemas acu\u00e1ticos<ul><li>Seguimiento de par\u00e1metros fisico-qu\u00edmicos y caudales<\/li><li>Seguimiento de comunidades biol\u00f3gicas: macroinvertebrados<\/li><\/ul><\/li><\/ul><\/div><\/div><\/div><div id=\"panel-gb1008225-699d954a6821b-0-0-3\" class=\"so-panel widget widget_sow-editor\" data-index=\"3\"><div class=\"so-widget-sow-editor so-widget-sow-editor-base\"><h3 class=\"widget-title\">Caracterizaci\u00f3n de la EMI<\/h3><div class=\"siteorigin-widget-tinymce textwidget\"><p>Los principales ecosistemas de esta EMI son los encinares y las repoblaciones de con\u00edferas, acompa\u00f1ado por matorrales de media monta\u00f1a y pastos de media monta\u00f1a. Aparecen tambi\u00e9n algunos ecosistemas acu\u00e1ticos. En la siguiente figura se muestran el porcentaje de superficie que ocupa cada uno de los ecosistemas dentro de la EMI.<\/p><\/div><\/div><\/div><\/div><\/div>\t\t\t\t\t\t\t\t<\/div>\n\t\t\t\t<\/div>\n\t\t\t\t\t<\/div>\n\t\t\t\t<\/div>\n\t\t\t\t<\/div>","protected":false},"featured_media":1011834,"template":"","meta":{"_acf_changed":false},"class_list":["post-1011805","emi","type-emi","status-publish","has-post-thumbnail","hentry"],"acf":{"photo_gallery":{"imagenes":[[{"id":1011838,"title":"EMI05_166","caption":"","full_image_url":"https:\/\/obsnev.es\/wp-content\/uploads\/2026\/02\/EMI05_166.jpg","thumbnail_image_url":"https:\/\/obsnev.es\/wp-content\/uploads\/2026\/02\/EMI05_166-150x150.jpg","large_srcset":"https:\/\/obsnev.es\/wp-content\/uploads\/2026\/02\/EMI05_166-1024x681.jpg 1024w, https:\/\/obsnev.es\/wp-content\/uploads\/2026\/02\/EMI05_166-300x199.jpg 300w, https:\/\/obsnev.es\/wp-content\/uploads\/2026\/02\/EMI05_166-768x511.jpg 768w, https:\/\/obsnev.es\/wp-content\/uploads\/2026\/02\/EMI05_166-18x12.jpg 18w, https:\/\/obsnev.es\/wp-content\/uploads\/2026\/02\/EMI05_166.jpg 1280w","medium_srcset":"https:\/\/obsnev.es\/wp-content\/uploads\/2026\/02\/EMI05_166-300x199.jpg 300w, https:\/\/obsnev.es\/wp-content\/uploads\/2026\/02\/EMI05_166-1024x681.jpg 1024w, https:\/\/obsnev.es\/wp-content\/uploads\/2026\/02\/EMI05_166-768x511.jpg 768w, https:\/\/obsnev.es\/wp-content\/uploads\/2026\/02\/EMI05_166-18x12.jpg 18w, https:\/\/obsnev.es\/wp-content\/uploads\/2026\/02\/EMI05_166.jpg 1280w","media_details":{"width":1280,"height":851,"sizes":{"medium":{"file":"EMI05_166-300x199.jpg","width":300,"height":199,"mime-type":"image\/jpeg","filesize":7260,"source_url":"https:\/\/obsnev.es\/wp-content\/uploads\/2026\/02\/EMI05_166-300x199.jpg"},"large":{"file":"EMI05_166-1024x681.jpg","width":1024,"height":681,"mime-type":"image\/jpeg","filesize":68345,"source_url":"https:\/\/obsnev.es\/wp-content\/uploads\/2026\/02\/EMI05_166-1024x681.jpg"},"thumbnail":{"file":"EMI05_166-150x150.jpg","width":150,"height":150,"mime-type":"image\/jpeg","filesize":3131,"source_url":"https:\/\/obsnev.es\/wp-content\/uploads\/2026\/02\/EMI05_166-150x150.jpg"},"medium_large":{"file":"EMI05_166-768x511.jpg","width":768,"height":511,"mime-type":"image\/jpeg","filesize":39216,"source_url":"https:\/\/obsnev.es\/wp-content\/uploads\/2026\/02\/EMI05_166-768x511.jpg"},"trp-custom-language-flag":{"file":"EMI05_166-18x12.jpg","width":18,"height":12,"mime-type":"image\/jpeg","filesize":385,"source_url":"https:\/\/obsnev.es\/wp-content\/uploads\/2026\/02\/EMI05_166-18x12.jpg"}}},"alt_text":"","url":"","target":""},{"id":1011837,"title":"EMI05_162","caption":"","full_image_url":"https:\/\/obsnev.es\/wp-content\/uploads\/2026\/02\/EMI05_162.jpg","thumbnail_image_url":"https:\/\/obsnev.es\/wp-content\/uploads\/2026\/02\/EMI05_162-150x150.jpg","large_srcset":"https:\/\/obsnev.es\/wp-content\/uploads\/2026\/02\/EMI05_162-1024x681.jpg 1024w, https:\/\/obsnev.es\/wp-content\/uploads\/2026\/02\/EMI05_162-300x199.jpg 300w, https:\/\/obsnev.es\/wp-content\/uploads\/2026\/02\/EMI05_162-768x511.jpg 768w, https:\/\/obsnev.es\/wp-content\/uploads\/2026\/02\/EMI05_162-18x12.jpg 18w, https:\/\/obsnev.es\/wp-content\/uploads\/2026\/02\/EMI05_162.jpg 1280w","medium_srcset":"https:\/\/obsnev.es\/wp-content\/uploads\/2026\/02\/EMI05_162-300x199.jpg 300w, https:\/\/obsnev.es\/wp-content\/uploads\/2026\/02\/EMI05_162-1024x681.jpg 1024w, https:\/\/obsnev.es\/wp-content\/uploads\/2026\/02\/EMI05_162-768x511.jpg 768w, https:\/\/obsnev.es\/wp-content\/uploads\/2026\/02\/EMI05_162-18x12.jpg 18w, https:\/\/obsnev.es\/wp-content\/uploads\/2026\/02\/EMI05_162.jpg 1280w","media_details":{"width":1280,"height":851,"sizes":{"medium":{"file":"EMI05_162-300x199.jpg","width":300,"height":199,"mime-type":"image\/jpeg","filesize":7431,"source_url":"https:\/\/obsnev.es\/wp-content\/uploads\/2026\/02\/EMI05_162-300x199.jpg"},"large":{"file":"EMI05_162-1024x681.jpg","width":1024,"height":681,"mime-type":"image\/jpeg","filesize":69135,"source_url":"https:\/\/obsnev.es\/wp-content\/uploads\/2026\/02\/EMI05_162-1024x681.jpg"},"thumbnail":{"file":"EMI05_162-150x150.jpg","width":150,"height":150,"mime-type":"image\/jpeg","filesize":3245,"source_url":"https:\/\/obsnev.es\/wp-content\/uploads\/2026\/02\/EMI05_162-150x150.jpg"},"medium_large":{"file":"EMI05_162-768x511.jpg","width":768,"height":511,"mime-type":"image\/jpeg","filesize":39870,"source_url":"https:\/\/obsnev.es\/wp-content\/uploads\/2026\/02\/EMI05_162-768x511.jpg"},"trp-custom-language-flag":{"file":"EMI05_162-18x12.jpg","width":18,"height":12,"mime-type":"image\/jpeg","filesize":390,"source_url":"https:\/\/obsnev.es\/wp-content\/uploads\/2026\/02\/EMI05_162-18x12.jpg"}}},"alt_text":"","url":"","target":""},{"id":1011836,"title":"EMI05_158","caption":"","full_image_url":"https:\/\/obsnev.es\/wp-content\/uploads\/2026\/02\/EMI05_158.jpg","thumbnail_image_url":"https:\/\/obsnev.es\/wp-content\/uploads\/2026\/02\/EMI05_158-150x150.jpg","large_srcset":"https:\/\/obsnev.es\/wp-content\/uploads\/2026\/02\/EMI05_158-1024x681.jpg 1024w, https:\/\/obsnev.es\/wp-content\/uploads\/2026\/02\/EMI05_158-300x199.jpg 300w, https:\/\/obsnev.es\/wp-content\/uploads\/2026\/02\/EMI05_158-768x511.jpg 768w, https:\/\/obsnev.es\/wp-content\/uploads\/2026\/02\/EMI05_158-18x12.jpg 18w, https:\/\/obsnev.es\/wp-content\/uploads\/2026\/02\/EMI05_158.jpg 1280w","medium_srcset":"https:\/\/obsnev.es\/wp-content\/uploads\/2026\/02\/EMI05_158-300x199.jpg 300w, https:\/\/obsnev.es\/wp-content\/uploads\/2026\/02\/EMI05_158-1024x681.jpg 1024w, https:\/\/obsnev.es\/wp-content\/uploads\/2026\/02\/EMI05_158-768x511.jpg 768w, https:\/\/obsnev.es\/wp-content\/uploads\/2026\/02\/EMI05_158-18x12.jpg 18w, https:\/\/obsnev.es\/wp-content\/uploads\/2026\/02\/EMI05_158.jpg 1280w","media_details":{"width":1280,"height":851,"sizes":{"medium":{"file":"EMI05_158-300x199.jpg","width":300,"height":199,"mime-type":"image\/jpeg","filesize":10605,"source_url":"https:\/\/obsnev.es\/wp-content\/uploads\/2026\/02\/EMI05_158-300x199.jpg"},"large":{"file":"EMI05_158-1024x681.jpg","width":1024,"height":681,"mime-type":"image\/jpeg","filesize":98262,"source_url":"https:\/\/obsnev.es\/wp-content\/uploads\/2026\/02\/EMI05_158-1024x681.jpg"},"thumbnail":{"file":"EMI05_158-150x150.jpg","width":150,"height":150,"mime-type":"image\/jpeg","filesize":4547,"source_url":"https:\/\/obsnev.es\/wp-content\/uploads\/2026\/02\/EMI05_158-150x150.jpg"},"medium_large":{"file":"EMI05_158-768x511.jpg","width":768,"height":511,"mime-type":"image\/jpeg","filesize":57291,"source_url":"https:\/\/obsnev.es\/wp-content\/uploads\/2026\/02\/EMI05_158-768x511.jpg"},"trp-custom-language-flag":{"file":"EMI05_158-18x12.jpg","width":18,"height":12,"mime-type":"image\/jpeg","filesize":409,"source_url":"https:\/\/obsnev.es\/wp-content\/uploads\/2026\/02\/EMI05_158-18x12.jpg"}}},"alt_text":"","url":"","target":""},{"id":1011835,"title":"EMI05_151","caption":"","full_image_url":"https:\/\/obsnev.es\/wp-content\/uploads\/2026\/02\/EMI05_151.jpg","thumbnail_image_url":"https:\/\/obsnev.es\/wp-content\/uploads\/2026\/02\/EMI05_151-150x150.jpg","large_srcset":"https:\/\/obsnev.es\/wp-content\/uploads\/2026\/02\/EMI05_151-1024x681.jpg 1024w, https:\/\/obsnev.es\/wp-content\/uploads\/2026\/02\/EMI05_151-300x199.jpg 300w, https:\/\/obsnev.es\/wp-content\/uploads\/2026\/02\/EMI05_151-768x511.jpg 768w, https:\/\/obsnev.es\/wp-content\/uploads\/2026\/02\/EMI05_151-18x12.jpg 18w, https:\/\/obsnev.es\/wp-content\/uploads\/2026\/02\/EMI05_151.jpg 1280w","medium_srcset":"https:\/\/obsnev.es\/wp-content\/uploads\/2026\/02\/EMI05_151-300x199.jpg 300w, https:\/\/obsnev.es\/wp-content\/uploads\/2026\/02\/EMI05_151-1024x681.jpg 1024w, https:\/\/obsnev.es\/wp-content\/uploads\/2026\/02\/EMI05_151-768x511.jpg 768w, https:\/\/obsnev.es\/wp-content\/uploads\/2026\/02\/EMI05_151-18x12.jpg 18w, https:\/\/obsnev.es\/wp-content\/uploads\/2026\/02\/EMI05_151.jpg 1280w","media_details":{"width":1280,"height":851,"sizes":{"medium":{"file":"EMI05_151-300x199.jpg","width":300,"height":199,"mime-type":"image\/jpeg","filesize":9330,"source_url":"https:\/\/obsnev.es\/wp-content\/uploads\/2026\/02\/EMI05_151-300x199.jpg"},"large":{"file":"EMI05_151-1024x681.jpg","width":1024,"height":681,"mime-type":"image\/jpeg","filesize":91127,"source_url":"https:\/\/obsnev.es\/wp-content\/uploads\/2026\/02\/EMI05_151-1024x681.jpg"},"thumbnail":{"file":"EMI05_151-150x150.jpg","width":150,"height":150,"mime-type":"image\/jpeg","filesize":3869,"source_url":"https:\/\/obsnev.es\/wp-content\/uploads\/2026\/02\/EMI05_151-150x150.jpg"},"medium_large":{"file":"EMI05_151-768x511.jpg","width":768,"height":511,"mime-type":"image\/jpeg","filesize":52380,"source_url":"https:\/\/obsnev.es\/wp-content\/uploads\/2026\/02\/EMI05_151-768x511.jpg"},"trp-custom-language-flag":{"file":"EMI05_151-18x12.jpg","width":18,"height":12,"mime-type":"image\/jpeg","filesize":398,"source_url":"https:\/\/obsnev.es\/wp-content\/uploads\/2026\/02\/EMI05_151-18x12.jpg"}}},"alt_text":"","url":"","target":""},{"id":1011834,"title":"EMI05_139","caption":"","full_image_url":"https:\/\/obsnev.es\/wp-content\/uploads\/2026\/02\/EMI05_139.jpg","thumbnail_image_url":"https:\/\/obsnev.es\/wp-content\/uploads\/2026\/02\/EMI05_139-150x150.jpg","large_srcset":"https:\/\/obsnev.es\/wp-content\/uploads\/2026\/02\/EMI05_139-1024x681.jpg 1024w, https:\/\/obsnev.es\/wp-content\/uploads\/2026\/02\/EMI05_139-300x199.jpg 300w, https:\/\/obsnev.es\/wp-content\/uploads\/2026\/02\/EMI05_139-768x511.jpg 768w, https:\/\/obsnev.es\/wp-content\/uploads\/2026\/02\/EMI05_139-18x12.jpg 18w, https:\/\/obsnev.es\/wp-content\/uploads\/2026\/02\/EMI05_139.jpg 1280w","medium_srcset":"https:\/\/obsnev.es\/wp-content\/uploads\/2026\/02\/EMI05_139-300x199.jpg 300w, https:\/\/obsnev.es\/wp-content\/uploads\/2026\/02\/EMI05_139-1024x681.jpg 1024w, https:\/\/obsnev.es\/wp-content\/uploads\/2026\/02\/EMI05_139-768x511.jpg 768w, https:\/\/obsnev.es\/wp-content\/uploads\/2026\/02\/EMI05_139-18x12.jpg 18w, https:\/\/obsnev.es\/wp-content\/uploads\/2026\/02\/EMI05_139.jpg 1280w","media_details":{"width":1280,"height":851,"sizes":{"medium":{"file":"EMI05_139-300x199.jpg","width":300,"height":199,"mime-type":"image\/jpeg","filesize":12665,"source_url":"https:\/\/obsnev.es\/wp-content\/uploads\/2026\/02\/EMI05_139-300x199.jpg"},"large":{"file":"EMI05_139-1024x681.jpg","width":1024,"height":681,"mime-type":"image\/jpeg","filesize":138177,"source_url":"https:\/\/obsnev.es\/wp-content\/uploads\/2026\/02\/EMI05_139-1024x681.jpg"},"thumbnail":{"file":"EMI05_139-150x150.jpg","width":150,"height":150,"mime-type":"image\/jpeg","filesize":5219,"source_url":"https:\/\/obsnev.es\/wp-content\/uploads\/2026\/02\/EMI05_139-150x150.jpg"},"medium_large":{"file":"EMI05_139-768x511.jpg","width":768,"height":511,"mime-type":"image\/jpeg","filesize":78718,"source_url":"https:\/\/obsnev.es\/wp-content\/uploads\/2026\/02\/EMI05_139-768x511.jpg"},"trp-custom-language-flag":{"file":"EMI05_139-18x12.jpg","width":18,"height":12,"mime-type":"image\/jpeg","filesize":415,"source_url":"https:\/\/obsnev.es\/wp-content\/uploads\/2026\/02\/EMI05_139-18x12.jpg"}}},"alt_text":"","url":"","target":""},{"id":1011833,"title":"EMI05_138","caption":"","full_image_url":"https:\/\/obsnev.es\/wp-content\/uploads\/2026\/02\/EMI05_138.jpg","thumbnail_image_url":"https:\/\/obsnev.es\/wp-content\/uploads\/2026\/02\/EMI05_138-150x150.jpg","large_srcset":"https:\/\/obsnev.es\/wp-content\/uploads\/2026\/02\/EMI05_138-1024x681.jpg 1024w, https:\/\/obsnev.es\/wp-content\/uploads\/2026\/02\/EMI05_138-300x199.jpg 300w, https:\/\/obsnev.es\/wp-content\/uploads\/2026\/02\/EMI05_138-768x511.jpg 768w, https:\/\/obsnev.es\/wp-content\/uploads\/2026\/02\/EMI05_138-18x12.jpg 18w, https:\/\/obsnev.es\/wp-content\/uploads\/2026\/02\/EMI05_138.jpg 1280w","medium_srcset":"https:\/\/obsnev.es\/wp-content\/uploads\/2026\/02\/EMI05_138-300x199.jpg 300w, https:\/\/obsnev.es\/wp-content\/uploads\/2026\/02\/EMI05_138-1024x681.jpg 1024w, https:\/\/obsnev.es\/wp-content\/uploads\/2026\/02\/EMI05_138-768x511.jpg 768w, https:\/\/obsnev.es\/wp-content\/uploads\/2026\/02\/EMI05_138-18x12.jpg 18w, https:\/\/obsnev.es\/wp-content\/uploads\/2026\/02\/EMI05_138.jpg 1280w","media_details":{"width":1280,"height":851,"sizes":{"medium":{"file":"EMI05_138-300x199.jpg","width":300,"height":199,"mime-type":"image\/jpeg","filesize":9435,"source_url":"https:\/\/obsnev.es\/wp-content\/uploads\/2026\/02\/EMI05_138-300x199.jpg"},"large":{"file":"EMI05_138-1024x681.jpg","width":1024,"height":681,"mime-type":"image\/jpeg","filesize":101029,"source_url":"https:\/\/obsnev.es\/wp-content\/uploads\/2026\/02\/EMI05_138-1024x681.jpg"},"thumbnail":{"file":"EMI05_138-150x150.jpg","width":150,"height":150,"mime-type":"image\/jpeg","filesize":3857,"source_url":"https:\/\/obsnev.es\/wp-content\/uploads\/2026\/02\/EMI05_138-150x150.jpg"},"medium_large":{"file":"EMI05_138-768x511.jpg","width":768,"height":511,"mime-type":"image\/jpeg","filesize":57676,"source_url":"https:\/\/obsnev.es\/wp-content\/uploads\/2026\/02\/EMI05_138-768x511.jpg"},"trp-custom-language-flag":{"file":"EMI05_138-18x12.jpg","width":18,"height":12,"mime-type":"image\/jpeg","filesize":396,"source_url":"https:\/\/obsnev.es\/wp-content\/uploads\/2026\/02\/EMI05_138-18x12.jpg"}}},"alt_text":"","url":"","target":""},{"id":1011832,"title":"EMI05_137","caption":"","full_image_url":"https:\/\/obsnev.es\/wp-content\/uploads\/2026\/02\/EMI05_137.jpg","thumbnail_image_url":"https:\/\/obsnev.es\/wp-content\/uploads\/2026\/02\/EMI05_137-150x150.jpg","large_srcset":"https:\/\/obsnev.es\/wp-content\/uploads\/2026\/02\/EMI05_137-1024x681.jpg 1024w, https:\/\/obsnev.es\/wp-content\/uploads\/2026\/02\/EMI05_137-300x199.jpg 300w, https:\/\/obsnev.es\/wp-content\/uploads\/2026\/02\/EMI05_137-768x511.jpg 768w, https:\/\/obsnev.es\/wp-content\/uploads\/2026\/02\/EMI05_137-18x12.jpg 18w, https:\/\/obsnev.es\/wp-content\/uploads\/2026\/02\/EMI05_137.jpg 1280w","medium_srcset":"https:\/\/obsnev.es\/wp-content\/uploads\/2026\/02\/EMI05_137-300x199.jpg 300w, https:\/\/obsnev.es\/wp-content\/uploads\/2026\/02\/EMI05_137-1024x681.jpg 1024w, https:\/\/obsnev.es\/wp-content\/uploads\/2026\/02\/EMI05_137-768x511.jpg 768w, https:\/\/obsnev.es\/wp-content\/uploads\/2026\/02\/EMI05_137-18x12.jpg 18w, https:\/\/obsnev.es\/wp-content\/uploads\/2026\/02\/EMI05_137.jpg 1280w","media_details":{"width":1280,"height":851,"sizes":{"medium":{"file":"EMI05_137-300x199.jpg","width":300,"height":199,"mime-type":"image\/jpeg","filesize":8201,"source_url":"https:\/\/obsnev.es\/wp-content\/uploads\/2026\/02\/EMI05_137-300x199.jpg"},"large":{"file":"EMI05_137-1024x681.jpg","width":1024,"height":681,"mime-type":"image\/jpeg","filesize":88175,"source_url":"https:\/\/obsnev.es\/wp-content\/uploads\/2026\/02\/EMI05_137-1024x681.jpg"},"thumbnail":{"file":"EMI05_137-150x150.jpg","width":150,"height":150,"mime-type":"image\/jpeg","filesize":3335,"source_url":"https:\/\/obsnev.es\/wp-content\/uploads\/2026\/02\/EMI05_137-150x150.jpg"},"medium_large":{"file":"EMI05_137-768x511.jpg","width":768,"height":511,"mime-type":"image\/jpeg","filesize":50348,"source_url":"https:\/\/obsnev.es\/wp-content\/uploads\/2026\/02\/EMI05_137-768x511.jpg"},"trp-custom-language-flag":{"file":"EMI05_137-18x12.jpg","width":18,"height":12,"mime-type":"image\/jpeg","filesize":394,"source_url":"https:\/\/obsnev.es\/wp-content\/uploads\/2026\/02\/EMI05_137-18x12.jpg"}}},"alt_text":"","url":"","target":""}]]}},"aioseo_notices":[],"_links":{"self":[{"href":"https:\/\/obsnev.es\/en\/wp-json\/wp\/v2\/emi\/1011805","targetHints":{"allow":["GET"]}}],"collection":[{"href":"https:\/\/obsnev.es\/en\/wp-json\/wp\/v2\/emi"}],"about":[{"href":"https:\/\/obsnev.es\/en\/wp-json\/wp\/v2\/types\/emi"}],"version-history":[{"count":9,"href":"https:\/\/obsnev.es\/en\/wp-json\/wp\/v2\/emi\/1011805\/revisions"}],"predecessor-version":[{"id":1011904,"href":"https:\/\/obsnev.es\/en\/wp-json\/wp\/v2\/emi\/1011805\/revisions\/1011904"}],"wp:featuredmedia":[{"embeddable":true,"href":"https:\/\/obsnev.es\/en\/wp-json\/wp\/v2\/media\/1011834"}],"wp:attachment":[{"href":"https:\/\/obsnev.es\/en\/wp-json\/wp\/v2\/media?parent=1011805"}],"curies":[{"name":"wp","href":"https:\/\/api.w.org\/{rel}","templated":true}]}}