{"id":1011232,"date":"2026-02-17T12:38:57","date_gmt":"2026-02-17T11:38:57","guid":{"rendered":"https:\/\/new.obsnev.es\/?page_id=1011232"},"modified":"2026-02-26T10:06:59","modified_gmt":"2026-02-26T09:06:59","slug":"red-de-microestaciones","status":"publish","type":"page","link":"https:\/\/obsnev.es\/en\/red-de-microestaciones\/","title":{"rendered":"Microstations network"},"content":{"rendered":"<div data-elementor-type=\"wp-page\" data-elementor-id=\"1011232\" class=\"elementor elementor-1011232\" data-elementor-post-type=\"page\">\n\t\t\t\t<div class=\"elementor-element elementor-element-8d0ff75 e-flex e-con-boxed e-con e-parent\" data-id=\"8d0ff75\" data-element_type=\"container\" data-e-type=\"container\">\n\t\t\t\t\t<div class=\"e-con-inner\">\n\t\t\t\t<div class=\"elementor-element elementor-element-6f89da9 elementor-widget elementor-widget-spacer\" data-id=\"6f89da9\" data-element_type=\"widget\" data-e-type=\"widget\" data-widget_type=\"spacer.default\">\n\t\t\t\t<div class=\"elementor-widget-container\">\n\t\t\t\t\t\t\t<div class=\"elementor-spacer\">\n\t\t\t<div class=\"elementor-spacer-inner\"><\/div>\n\t\t<\/div>\n\t\t\t\t\t\t<\/div>\n\t\t\t\t<\/div>\n\t\t\t\t<div class=\"elementor-element elementor-element-d42bb1c elementor-widget elementor-widget-text-editor\" data-id=\"d42bb1c\" data-element_type=\"widget\" data-e-type=\"widget\" data-widget_type=\"text-editor.default\">\n\t\t\t\t<div class=\"elementor-widget-container\">\n\t\t\t\t\t\t\t\t\t<p>As part of the Sierra Nevada Global Change Observatory, we are deploying a network of state-of-the-art, energy-efficient sensors powered by renewable energy sources. The goal is to monitor environmental parameters\u2014such as temperature, air humidity, and soil moisture\u2014in real time, enabling us to assess the effects of climate change on ecosystems.<\/p>\t\t\t\t\t\t\t\t<\/div>\n\t\t\t\t<\/div>\n\t\t\t\t<div class=\"elementor-element elementor-element-1458a08 elementor-widget elementor-widget-shortcode\" data-id=\"1458a08\" data-element_type=\"widget\" data-e-type=\"widget\" data-widget_type=\"shortcode.default\">\n\t\t\t\t<div class=\"elementor-widget-container\">\n\t\t\t\t\t\t\t<div class=\"elementor-shortcode\">        <h3 style='text-align:center;'>Do you want to know today's temperature in Sierra Nevada?<\/h3>\n        <div id='sensors_resume_container' class='principal_div supbro'>\n            <div class='sensors_resume'>\n                <div class='resume-title'><\/div>\n                <div class='sensors_list'>\n    <div class='item medidas_dehesa_del_camarate'><div><h4  style='font-size:22px;color:#3D5968;'>Dehesa del Camarate<\/h4><span class='date'>Fecha: 02-01-2021 - Hora: 00:00<\/span><\/div><div><h6 class='title-cota' style='margin-bottom:-10px;color:#5a5a5a'>Altitude<\/h6><\/div><div class='measurements'><div class='measurement measurement-1'>\n\t\t\t\t\t\t                    <div class='today_measurement' style='font-size:18px;'>\n\t\t\t\t\t\t\t                    <div class='data-logger-altitude' style='padding:0px 10px 0px 0px; display:inline-block;'>2165m: <\/div><div style='display:inline-block'><span class='last_measurement'>- <\/span><sup>\u00baC<\/sup><\/div>\n                                            <\/div>\n                                            <div class='max_min'>\n                                                    <div class='measurement max-measurement'><i class='fas fa-caret-up'><\/i><div><span class='max_span'>- <\/span><sup>\u00baC<\/sup><\/div><\/div> \n                                                    <div class='measurement min-measurement'><i class='fas fa-caret-down'><\/i><div><span class='min_span'>- <\/span><sup>\u00baC<\/sup><\/div><\/div>\n                                            <\/div>\t\n                                        <\/div><div class='measurement measurement-2'>\n\t\t\t\t\t\t                    <div class='today_measurement' style='font-size:18px;'>\n\t\t\t\t\t\t\t                    <div class='data-logger-altitude' style='padding:0px 10px 0px 0px; display:inline-block;'>1600m: <\/div><div style='display:inline-block'><span class='last_measurement'>- <\/span><sup>\u00baC<\/sup><\/div>\n                                            <\/div>\n                                            <div class='max_min'>\n                                                    <div class='measurement max-measurement'><i class='fas fa-caret-up'><\/i><div><span class='max_span'>- <\/span><sup>\u00baC<\/sup><\/div><\/div> \n                                                    <div class='measurement min-measurement'><i class='fas fa-caret-down'><\/i><div><span class='min_span'>- <\/span><sup>\u00baC<\/sup><\/div><\/div>\n                                            <\/div>\t\n                                        <\/div><\/div><small style='word-break:break-all'>*Maximums and minimums of the previous day<\/small><\/div><div class='item medidas_dehesa_de_san_juan'><div><h4  style='font-size:22px;color:#3D5968;'>Dehesa de San Juan<\/h4><span class='date'>Fecha: 02-01-2021 - Hora: 00:00<\/span><\/div><div><h6 class='title-cota' style='margin-bottom:-10px;color:#5a5a5a'>Altitude<\/h6><\/div><div class='measurements'><div class='measurement measurement-1'>\n\t\t\t\t\t\t                    <div class='today_measurement' style='font-size:18px;'>\n\t\t\t\t\t\t\t                    <div class='data-logger-altitude' style='padding:0px 10px 0px 0px; display:inline-block;'>2291m: <\/div><div style='display:inline-block'><span class='last_measurement'>- <\/span><sup>\u00baC<\/sup><\/div>\n                                            <\/div>\n                                            <div class='max_min'>\n                                                    <div class='measurement max-measurement'><i class='fas fa-caret-up'><\/i><div><span class='max_span'>- <\/span><sup>\u00baC<\/sup><\/div><\/div> \n                                                    <div class='measurement min-measurement'><i class='fas fa-caret-down'><\/i><div><span class='min_span'>- <\/span><sup>\u00baC<\/sup><\/div><\/div>\n                                            <\/div>\t\n                                        <\/div><div class='measurement measurement-2'>\n\t\t\t\t\t\t                    <div class='today_measurement' style='font-size:18px;'>\n\t\t\t\t\t\t\t                    <div class='data-logger-altitude' style='padding:0px 10px 0px 0px; display:inline-block;'>1326m: <\/div><div style='display:inline-block'><span class='last_measurement'>- <\/span><sup>\u00baC<\/sup><\/div>\n                                            <\/div>\n                                            <div class='max_min'>\n                                                    <div class='measurement max-measurement'><i class='fas fa-caret-up'><\/i><div><span class='max_span'>- <\/span><sup>\u00baC<\/sup><\/div><\/div> \n                                                    <div class='measurement min-measurement'><i class='fas fa-caret-down'><\/i><div><span class='min_span'>- <\/span><sup>\u00baC<\/sup><\/div><\/div>\n                                            <\/div>\t\n                                        <\/div><\/div><small style='word-break:break-all'>*Maximums and minimums of the previous day<\/small><\/div><div class='item medidas_ca\u00f1ar_-_soportujar'><div><h4  style='font-size:22px;color:#3D5968;'>Ca\u00f1ar - Soportujar<\/h4><span class='date'>Fecha: 02-01-2021 - Hora: 00:00<\/span><\/div><div><h6 class='title-cota' style='margin-bottom:-10px;color:#5a5a5a'>Altitude<\/h6><\/div><div class='measurements'><div class='measurement measurement-1'>\n\t\t\t\t\t\t                    <div class='today_measurement' style='font-size:18px;'>\n\t\t\t\t\t\t\t                    <div class='data-logger-altitude' style='padding:0px 10px 0px 0px; display:inline-block;'>1953m: <\/div><div style='display:inline-block'><span class='last_measurement'>- <\/span><sup>\u00baC<\/sup><\/div>\n                                            <\/div>\n                                            <div class='max_min'>\n                                                    <div class='measurement max-measurement'><i class='fas fa-caret-up'><\/i><div><span class='max_span'>- <\/span><sup>\u00baC<\/sup><\/div><\/div> \n                                                    <div class='measurement min-measurement'><i class='fas fa-caret-down'><\/i><div><span class='min_span'>- <\/span><sup>\u00baC<\/sup><\/div><\/div>\n                                            <\/div>\t\n                                        <\/div><div class='measurement measurement-2'>\n\t\t\t\t\t\t                    <div class='today_measurement' style='font-size:18px;'>\n\t\t\t\t\t\t\t                    <div class='data-logger-altitude' style='padding:0px 10px 0px 0px; display:inline-block;'>1600m: <\/div><div style='display:inline-block'><span class='last_measurement'>- <\/span><sup>\u00baC<\/sup><\/div>\n                                            <\/div>\n                                            <div class='max_min'>\n                                                    <div class='measurement max-measurement'><i class='fas fa-caret-up'><\/i><div><span class='max_span'>- <\/span><sup>\u00baC<\/sup><\/div><\/div> \n                                                    <div class='measurement min-measurement'><i class='fas fa-caret-down'><\/i><div><span class='min_span'>- <\/span><sup>\u00baC<\/sup><\/div><\/div>\n                                            <\/div>\t\n                                        <\/div><\/div><small style='word-break:break-all'>*Maximums and minimums of the previous day<\/small><\/div>                <\/div>\n            <\/div>    \n        <!--<div class='more_link'><a href='\/sensores_obsnev'>VER TODO<\/a><\/div>-->\n        <\/div>\n    <script type=\"text\/javascript\" src=\"https:\/\/obsnev.es\/wp-content\/plugins\/sensors_resume\/sensors_resume.js\"><\/script>\n    <\/div>\n\t\t\t\t\t\t<\/div>\n\t\t\t\t<\/div>\n\t\t\t\t<div class=\"elementor-element elementor-element-08b2b03 elementor-widget elementor-widget-text-editor\" data-id=\"08b2b03\" data-element_type=\"widget\" data-e-type=\"widget\" data-widget_type=\"text-editor.default\">\n\t\t\t\t<div class=\"elementor-widget-container\">\n\t\t\t\t\t\t\t\t\t<p>In this visualization (still under development), you can consult today's temperature data, as well as the maximum and minimum temperatures from the previous day. The sensor network is installed in Dehesa del Camarate (at four altitudinal levels: 2,165, 1,900, 1,750, and 1,600 meters), in Dehesa del San Juan (at two altitudinal levels: 1,325 and 2,260 meters), and in Robledal de Ca\u00f1ar \u2013 Soport\u00fajar (at two altitudinal levels: 1,950 and 1,600 meters). All temperature and humidity data obtained from this sensor network deployed in the Sierra Nevada oak forests will soon be available for consultation and download.<\/p><p><em>The infrastructure was acquired by the University of Granada thanks to an infrastructure project from the Ministry of Science and Innovation granted to the IISTA-UGR (2019 call), titled: EQUIPMENT FOR IISTA'S PARTICIPATION IN INTERNATIONAL SCIENTIFIC NETWORKS AND PROJECTS. Reference: EQC2019-006423-P. Personnel from the Ecology Laboratory (iEcolab) of the Andalusian Inter-University Institute for Earth System Research (IISTA-UGR) are responsible for the deployment, maintenance of these sensor networks, and the valorization of the collected information.<\/em><\/p><p><em>We would like to thank the Environmental Agents of the Sierra Nevada Natural Area for their assistance in locating the ideal sites for the installation and monitoring of the sensor network.<\/em><\/p>\t\t\t\t\t\t\t\t<\/div>\n\t\t\t\t<\/div>\n\t\t\t\t\t<\/div>\n\t\t\t\t<\/div>\n\t\t<div class=\"elementor-element elementor-element-811af6d e-flex e-con-boxed e-con e-parent\" data-id=\"811af6d\" data-element_type=\"container\" data-e-type=\"container\">\n\t\t\t\t\t<div class=\"e-con-inner\">\n\t\t\t\t<div class=\"elementor-element elementor-element-804c6a3 elementor-widget elementor-widget-gallery\" data-id=\"804c6a3\" data-element_type=\"widget\" data-e-type=\"widget\" data-settings=\"{&quot;gallery_layout&quot;:&quot;masonry&quot;,&quot;columns&quot;:2,&quot;lazyload&quot;:&quot;yes&quot;,&quot;columns_tablet&quot;:2,&quot;columns_mobile&quot;:1,&quot;gap&quot;:{&quot;unit&quot;:&quot;px&quot;,&quot;size&quot;:10,&quot;sizes&quot;:[]},&quot;gap_tablet&quot;:{&quot;unit&quot;:&quot;px&quot;,&quot;size&quot;:10,&quot;sizes&quot;:[]},&quot;gap_mobile&quot;:{&quot;unit&quot;:&quot;px&quot;,&quot;size&quot;:10,&quot;sizes&quot;:[]},&quot;link_to&quot;:&quot;file&quot;,&quot;overlay_background&quot;:&quot;yes&quot;,&quot;content_hover_animation&quot;:&quot;fade-in&quot;}\" data-widget_type=\"gallery.default\">\n\t\t\t\t<div class=\"elementor-widget-container\">\n\t\t\t\t\t\t\t<div class=\"elementor-gallery__container\">\n\t\t\t\t\t\t\t<a class=\"e-gallery-item elementor-gallery-item elementor-animated-content\" href=\"https:\/\/obsnev.es\/wp-content\/uploads\/2020\/10\/4.Camarate-nevadoamigoBarea.jpg\" data-elementor-open-lightbox=\"yes\" data-elementor-lightbox-slideshow=\"804c6a3\" data-e-action-hash=\"#elementor-action%3Aaction%3Dlightbox%26settings%3DeyJpZCI6MTAwOTgzMywidXJsIjoiaHR0cHM6XC9cL29ic25ldi5lc1wvd3AtY29udGVudFwvdXBsb2Fkc1wvMjAyMFwvMTBcLzQuQ2FtYXJhdGUtbmV2YWRvYW1pZ29CYXJlYS5qcGciLCJzbGlkZXNob3ciOiI4MDRjNmEzIn0%3D\">\n\t\t\t\t\t<div class=\"e-gallery-image elementor-gallery-item__image\" data-thumbnail=\"https:\/\/obsnev.es\/wp-content\/uploads\/2020\/10\/4.Camarate-nevadoamigoBarea.jpg\" data-width=\"1772\" data-height=\"1002\" aria-label=\"\" role=\"img\" ><\/div>\n\t\t\t\t\t\t\t\t\t\t\t<div class=\"elementor-gallery-item__overlay\"><\/div>\n\t\t\t\t\t\t\t\t\t\t\t\t\t\t<\/a>\n\t\t\t\t\t\t\t<a class=\"e-gallery-item elementor-gallery-item elementor-animated-content\" href=\"https:\/\/obsnev.es\/wp-content\/uploads\/2020\/10\/Sensor-foto.jpeg\" data-elementor-open-lightbox=\"yes\" data-elementor-lightbox-slideshow=\"804c6a3\" data-e-action-hash=\"#elementor-action%3Aaction%3Dlightbox%26settings%3DeyJpZCI6MTAwOTgzNSwidXJsIjoiaHR0cHM6XC9cL29ic25ldi5lc1wvd3AtY29udGVudFwvdXBsb2Fkc1wvMjAyMFwvMTBcL1NlbnNvci1mb3RvLmpwZWciLCJzbGlkZXNob3ciOiI4MDRjNmEzIn0%3D\">\n\t\t\t\t\t<div class=\"e-gallery-image elementor-gallery-item__image\" data-thumbnail=\"https:\/\/obsnev.es\/wp-content\/uploads\/2020\/10\/Sensor-foto.jpeg\" data-width=\"768\" data-height=\"1024\" aria-label=\"\" role=\"img\" ><\/div>\n\t\t\t\t\t\t\t\t\t\t\t<div class=\"elementor-gallery-item__overlay\"><\/div>\n\t\t\t\t\t\t\t\t\t\t\t\t\t\t<\/a>\n\t\t\t\t\t\t\t<a class=\"e-gallery-item elementor-gallery-item elementor-animated-content\" href=\"https:\/\/obsnev.es\/wp-content\/uploads\/2020\/10\/EMI07_371-1.jpg\" data-elementor-open-lightbox=\"yes\" data-elementor-lightbox-slideshow=\"804c6a3\" data-e-action-hash=\"#elementor-action%3Aaction%3Dlightbox%26settings%3DeyJpZCI6MTAwOTgzNCwidXJsIjoiaHR0cHM6XC9cL29ic25ldi5lc1wvd3AtY29udGVudFwvdXBsb2Fkc1wvMjAyMFwvMTBcL0VNSTA3XzM3MS0xLmpwZyIsInNsaWRlc2hvdyI6IjgwNGM2YTMifQ%3D%3D\">\n\t\t\t\t\t<div class=\"e-gallery-image elementor-gallery-item__image\" data-thumbnail=\"https:\/\/obsnev.es\/wp-content\/uploads\/2020\/10\/EMI07_371-1.jpg\" data-width=\"1280\" data-height=\"960\" aria-label=\"\" role=\"img\" ><\/div>\n\t\t\t\t\t\t\t\t\t\t\t<div class=\"elementor-gallery-item__overlay\"><\/div>\n\t\t\t\t\t\t\t\t\t\t\t\t\t\t<\/a>\n\t\t\t\t\t<\/div>\n\t\t\t\t\t<\/div>\n\t\t\t\t<\/div>\n\t\t\t\t<div class=\"elementor-element elementor-element-4f178c1 elementor-widget elementor-widget-spacer\" data-id=\"4f178c1\" data-element_type=\"widget\" data-e-type=\"widget\" data-widget_type=\"spacer.default\">\n\t\t\t\t<div class=\"elementor-widget-container\">\n\t\t\t\t\t\t\t<div class=\"elementor-spacer\">\n\t\t\t<div class=\"elementor-spacer-inner\"><\/div>\n\t\t<\/div>\n\t\t\t\t\t\t<\/div>\n\t\t\t\t<\/div>\n\t\t\t\t\t<\/div>\n\t\t\t\t<\/div>\n\t\t\t\t<\/div>","protected":false},"excerpt":{"rendered":"<p>En el marco del Observatorio de Cambio Global de Sierra Nevada estamos desplegando una red de sensores de \u00faltima generaci\u00f3n, bajo consumo energ\u00e9tico y autoalimentados mediante el uso de energ\u00edas renovables, cuyo objetivo es la monitorizaci\u00f3n de par\u00e1metros ambientales (Temperatura, humedad del aire y del suelo) en tiempo real que permitan evaluar los efectos del [&hellip;]<\/p>\n","protected":false},"author":1,"featured_media":0,"parent":0,"menu_order":0,"comment_status":"closed","ping_status":"closed","template":"","meta":{"_acf_changed":false,"footnotes":""},"class_list":["post-1011232","page","type-page","status-publish","hentry"],"acf":[],"aioseo_notices":[],"_links":{"self":[{"href":"https:\/\/obsnev.es\/en\/wp-json\/wp\/v2\/pages\/1011232","targetHints":{"allow":["GET"]}}],"collection":[{"href":"https:\/\/obsnev.es\/en\/wp-json\/wp\/v2\/pages"}],"about":[{"href":"https:\/\/obsnev.es\/en\/wp-json\/wp\/v2\/types\/page"}],"author":[{"embeddable":true,"href":"https:\/\/obsnev.es\/en\/wp-json\/wp\/v2\/users\/1"}],"replies":[{"embeddable":true,"href":"https:\/\/obsnev.es\/en\/wp-json\/wp\/v2\/comments?post=1011232"}],"version-history":[{"count":13,"href":"https:\/\/obsnev.es\/en\/wp-json\/wp\/v2\/pages\/1011232\/revisions"}],"predecessor-version":[{"id":1011962,"href":"https:\/\/obsnev.es\/en\/wp-json\/wp\/v2\/pages\/1011232\/revisions\/1011962"}],"wp:attachment":[{"href":"https:\/\/obsnev.es\/en\/wp-json\/wp\/v2\/media?parent=1011232"}],"curies":[{"name":"wp","href":"https:\/\/api.w.org\/{rel}","templated":true}]}}