{"id":1011324,"date":"2026-02-19T09:47:49","date_gmt":"2026-02-19T08:47:49","guid":{"rendered":"https:\/\/new.obsnev.es\/?page_id=1011324"},"modified":"2026-02-19T12:11:39","modified_gmt":"2026-02-19T11:11:39","slug":"blog","status":"publish","type":"page","link":"https:\/\/obsnev.es\/en\/blog\/","title":{"rendered":"News"},"content":{"rendered":"\t\t<div data-elementor-type=\"wp-page\" data-elementor-id=\"1011324\" class=\"elementor elementor-1011324\" data-elementor-post-type=\"page\">\n\t\t\t\t<div class=\"elementor-element elementor-element-ce965a2 e-flex e-con-boxed e-con e-parent\" data-id=\"ce965a2\" data-element_type=\"container\" data-e-type=\"container\">\n\t\t\t\t\t<div class=\"e-con-inner\">\n\t\t\t\t<div class=\"elementor-element elementor-element-2901f46 elementor-widget elementor-widget-spacer\" data-id=\"2901f46\" data-element_type=\"widget\" data-e-type=\"widget\" data-widget_type=\"spacer.default\">\n\t\t\t\t<div class=\"elementor-widget-container\">\n\t\t\t\t\t\t\t<div class=\"elementor-spacer\">\n\t\t\t<div class=\"elementor-spacer-inner\"><\/div>\n\t\t<\/div>\n\t\t\t\t\t\t<\/div>\n\t\t\t\t<\/div>\n\t\t<div class=\"elementor-element elementor-element-b445266 e-con-full e-flex e-con e-child\" data-id=\"b445266\" data-element_type=\"container\" data-e-type=\"container\">\n\t\t\t\t<div class=\"elementor-element elementor-element-a6fe9fb elementor-grid-1 elementor-grid-tablet-2 elementor-grid-mobile-1 elementor-widget elementor-widget-loop-grid\" data-id=\"a6fe9fb\" data-element_type=\"widget\" data-e-type=\"widget\" data-settings=\"{&quot;template_id&quot;:1011326,&quot;pagination_type&quot;:&quot;numbers_and_prev_next&quot;,&quot;columns&quot;:1,&quot;_skin&quot;:&quot;post&quot;,&quot;columns_tablet&quot;:&quot;2&quot;,&quot;columns_mobile&quot;:&quot;1&quot;,&quot;edit_handle_selector&quot;:&quot;[data-elementor-type=\\&quot;loop-item\\&quot;]&quot;,&quot;pagination_load_type&quot;:&quot;page_reload&quot;,&quot;row_gap&quot;:{&quot;unit&quot;:&quot;px&quot;,&quot;size&quot;:&quot;&quot;,&quot;sizes&quot;:[]},&quot;row_gap_tablet&quot;:{&quot;unit&quot;:&quot;px&quot;,&quot;size&quot;:&quot;&quot;,&quot;sizes&quot;:[]},&quot;row_gap_mobile&quot;:{&quot;unit&quot;:&quot;px&quot;,&quot;size&quot;:&quot;&quot;,&quot;sizes&quot;:[]}}\" data-widget_type=\"loop-grid.post\">\n\t\t\t\t<div class=\"elementor-widget-container\">\n\t\t\t\t\t\t\t<div class=\"elementor-loop-container elementor-grid\" role=\"list\">\n\t\t<style id=\"loop-dynamic-1011326\">.e-loop-item-1010842 .elementor-element.elementor-element-8d4132d::before, .e-loop-item-1010842 .elementor-element.elementor-element-8d4132d > .elementor-background-video-container::before, .e-loop-item-1010842 .elementor-element.elementor-element-8d4132d > .e-con-inner > .elementor-background-video-container::before, .e-loop-item-1010842 .elementor-element.elementor-element-8d4132d > .elementor-background-slideshow::before, .e-loop-item-1010842 .elementor-element.elementor-element-8d4132d > .e-con-inner > .elementor-background-slideshow::before, .e-loop-item-1010842 .elementor-element.elementor-element-8d4132d > .elementor-motion-effects-container > .elementor-motion-effects-layer::before{background-image:url(\"https:\/\/obsnev.es\/wp-content\/uploads\/2019\/07\/Banner_pano_web_iecolab_2.jpg\");}<\/style><style id=\"loop-1011326\">.elementor-1011326 .elementor-element.elementor-element-d3657ae{--display:flex;--flex-direction:row;--container-widget-width:initial;--container-widget-height:100%;--container-widget-flex-grow:1;--container-widget-align-self:stretch;--flex-wrap-mobile:wrap;}.elementor-1011326 .elementor-element.elementor-element-8d4132d{--display:flex;--min-height:180px;--flex-direction:column;--container-widget-width:100%;--container-widget-height:initial;--container-widget-flex-grow:0;--container-widget-align-self:initial;--flex-wrap-mobile:wrap;--overlay-opacity:1;box-shadow:0px 0px 16px 0px rgba(68.82343749999998, 68.82343749999998, 68.82343749999998, 0.5);}.elementor-1011326 .elementor-element.elementor-element-8d4132d::before, .elementor-1011326 .elementor-element.elementor-element-8d4132d > .elementor-background-video-container::before, .elementor-1011326 .elementor-element.elementor-element-8d4132d > .e-con-inner > .elementor-background-video-container::before, .elementor-1011326 .elementor-element.elementor-element-8d4132d > .elementor-background-slideshow::before, .elementor-1011326 .elementor-element.elementor-element-8d4132d > .e-con-inner > .elementor-background-slideshow::before, .elementor-1011326 .elementor-element.elementor-element-8d4132d > .elementor-motion-effects-container > .elementor-motion-effects-layer::before{--background-overlay:'';background-position:center center;background-repeat:no-repeat;background-size:cover;}.elementor-1011326 .elementor-element.elementor-element-352c1ed{--display:flex;--flex-direction:column;--container-widget-width:100%;--container-widget-height:initial;--container-widget-flex-grow:0;--container-widget-align-self:initial;--flex-wrap-mobile:wrap;--gap:10px 0px;--row-gap:10px;--column-gap:0px;}.elementor-1011326 .elementor-element.elementor-element-77ddfb5 .elementor-icon-list-icon{width:14px;}.elementor-1011326 .elementor-element.elementor-element-77ddfb5 .elementor-icon-list-icon i{font-size:14px;}.elementor-1011326 .elementor-element.elementor-element-77ddfb5 .elementor-icon-list-icon svg{--e-icon-list-icon-size:14px;}.elementor-1011326 .elementor-element.elementor-element-77ddfb5 .elementor-icon-list-text, .elementor-1011326 .elementor-element.elementor-element-77ddfb5 .elementor-icon-list-text a{color:var( --e-global-color-2111ae3 );}.elementor-1011326 .elementor-element.elementor-element-77ddfb5 .elementor-icon-list-item{font-size:14px;font-weight:600;text-transform:uppercase;}.elementor-1011326 .elementor-element.elementor-element-07ce989 .elementor-heading-title{color:var( --e-global-color-9d933fc );}.elementor-1011326 .elementor-element.elementor-element-8bdae50 .elementor-widget-container{font-size:var( --e-global-typography-8ca34a1-font-size );line-height:var( --e-global-typography-8ca34a1-line-height );letter-spacing:var( --e-global-typography-8ca34a1-letter-spacing );word-spacing:var( --e-global-typography-8ca34a1-word-spacing );}.elementor-1011326 .elementor-element.elementor-element-5d82f2d{--display:flex;--flex-direction:row;--container-widget-width:initial;--container-widget-height:100%;--container-widget-flex-grow:1;--container-widget-align-self:stretch;--flex-wrap-mobile:wrap;--gap:0px 0px;--row-gap:0px;--column-gap:0px;--padding-top:0px;--padding-bottom:0px;--padding-left:0px;--padding-right:0px;}.elementor-1011326 .elementor-element.elementor-element-f9de064 .elementor-heading-title{font-family:\"DM Sans\", Sans-serif;font-size:16px;font-weight:600;}.elementor-1011326 .elementor-element.elementor-element-ee59217 .elementor-heading-title{font-family:\"DM Sans\", Sans-serif;font-size:16px;font-weight:400;}@media(min-width:768px){.elementor-1011326 .elementor-element.elementor-element-8d4132d{--width:33.3333%;}.elementor-1011326 .elementor-element.elementor-element-352c1ed{--width:66.6666%;}}@media(max-width:1024px){.elementor-1011326 .elementor-element.elementor-element-8bdae50 .elementor-widget-container{font-size:var( --e-global-typography-8ca34a1-font-size );line-height:var( --e-global-typography-8ca34a1-line-height );letter-spacing:var( --e-global-typography-8ca34a1-letter-spacing );word-spacing:var( --e-global-typography-8ca34a1-word-spacing );}}@media(max-width:767px){.elementor-1011326 .elementor-element.elementor-element-8bdae50 .elementor-widget-container{font-size:var( --e-global-typography-8ca34a1-font-size );line-height:var( --e-global-typography-8ca34a1-line-height );letter-spacing:var( --e-global-typography-8ca34a1-letter-spacing );word-spacing:var( --e-global-typography-8ca34a1-word-spacing );}}\/* Start custom CSS for container, class: .elementor-element-8d4132d *\/.elementor-1011326 .elementor-element.elementor-element-8d4132d {\n    max-height: 280px;\n}\/* End custom CSS *\/<\/style>\t\t<div data-elementor-type=\"loop-item\" data-elementor-id=\"1011326\" class=\"elementor elementor-1011326 e-loop-item e-loop-item-1010842 post-1010842 post type-post status-publish format-standard has-post-thumbnail hentry category-canal-de-noticias tag-datos tag-elter tag-sierra-nevada\" data-elementor-post-type=\"elementor_library\" data-custom-edit-handle=\"1\">\n\t\t\t<div class=\"elementor-element elementor-element-d3657ae e-flex e-con-boxed e-con e-parent\" data-id=\"d3657ae\" data-element_type=\"container\" data-e-type=\"container\">\n\t\t\t\t\t<div class=\"e-con-inner\">\n\t\t<a class=\"elementor-element elementor-element-8d4132d e-con-full e-flex e-con e-child\" data-id=\"8d4132d\" data-element_type=\"container\" data-e-type=\"container\" href=\"https:\/\/obsnev.es\/en\/movilizacion-de-datos-de-sierra-nevada-a-elter\/\">\n\t\t\t\t<\/a>\n\t\t<div class=\"elementor-element elementor-element-352c1ed e-con-full e-flex e-con e-child\" data-id=\"352c1ed\" data-element_type=\"container\" data-e-type=\"container\">\n\t\t\t\t<div class=\"elementor-element elementor-element-77ddfb5 elementor-widget elementor-widget-post-info\" data-id=\"77ddfb5\" data-element_type=\"widget\" data-e-type=\"widget\" data-widget_type=\"post-info.default\">\n\t\t\t\t<div class=\"elementor-widget-container\">\n\t\t\t\t\t\t\t<ul class=\"elementor-icon-list-items elementor-post-info\">\n\t\t\t\t\t\t\t\t<li class=\"elementor-icon-list-item elementor-repeater-item-ba34b47\" itemprop=\"about\">\n\t\t\t\t\t\t\t\t\t\t\t\t\t<span class=\"elementor-icon-list-text elementor-post-info__item elementor-post-info__item--type-terms\">\n\t\t\t\t\t\t\t\t\t\t<span class=\"elementor-post-info__terms-list\">\n\t\t\t\t<a href=\"https:\/\/obsnev.es\/en\/category\/canal-de-noticias\/\" class=\"elementor-post-info__terms-list-item\">Canal de Noticias<\/a>\t\t\t\t<\/span>\n\t\t\t\t\t<\/span>\n\t\t\t\t\t\t\t\t<\/li>\n\t\t\t\t<\/ul>\n\t\t\t\t\t\t<\/div>\n\t\t\t\t<\/div>\n\t\t\t\t<div class=\"elementor-element elementor-element-07ce989 elementor-widget elementor-widget-theme-post-title elementor-page-title elementor-widget-heading\" data-id=\"07ce989\" data-element_type=\"widget\" data-e-type=\"widget\" data-widget_type=\"theme-post-title.default\">\n\t\t\t\t<div class=\"elementor-widget-container\">\n\t\t\t\t\t<h5 class=\"elementor-heading-title elementor-size-default\"><a href=\"https:\/\/obsnev.es\/en\/movilizacion-de-datos-de-sierra-nevada-a-elter\/\">Movilizaci\u00f3n de datos del nodo Sierra Nevada a eLTER<\/a><\/h5>\t\t\t\t<\/div>\n\t\t\t\t<\/div>\n\t\t\t\t<div class=\"elementor-element elementor-element-8bdae50 elementor-widget elementor-widget-theme-post-excerpt\" data-id=\"8bdae50\" data-element_type=\"widget\" data-e-type=\"widget\" data-widget_type=\"theme-post-excerpt.default\">\n\t\t\t\t<div class=\"elementor-widget-container\">\n\t\t\t\t\t<p>Este a\u00f1o, el nodo LTER Sierra Nevada est\u00e1 participando activamente en la convocatoria de movilizaci\u00f3n de datos impulsada por eLTER. Nuestra misi\u00f3n es integrar metadatos y datos ambientales de gran calidad relacionados con las Standard Observations (SO) definidas por la...\t\t\t\t<\/div>\n\t\t\t\t<\/div>\n\t\t<div class=\"elementor-element elementor-element-5d82f2d e-con-full e-flex e-con e-child\" data-id=\"5d82f2d\" data-element_type=\"container\" data-e-type=\"container\">\n\t\t\t\t<div class=\"elementor-element elementor-element-f9de064 elementor-widget elementor-widget-heading\" data-id=\"f9de064\" data-element_type=\"widget\" data-e-type=\"widget\" data-widget_type=\"heading.default\">\n\t\t\t\t<div class=\"elementor-widget-container\">\n\t\t\t\t\t<span class=\"elementor-heading-title elementor-size-default\"><span style=\"font-weight:400 !important\">Por <\/span>obsnev,<\/span>\t\t\t\t<\/div>\n\t\t\t\t<\/div>\n\t\t\t\t<div class=\"elementor-element elementor-element-ee59217 elementor-widget elementor-widget-heading\" data-id=\"ee59217\" data-element_type=\"widget\" data-e-type=\"widget\" data-widget_type=\"heading.default\">\n\t\t\t\t<div class=\"elementor-widget-container\">\n\t\t\t\t\t<span class=\"elementor-heading-title elementor-size-default\">&nbsp;1 year ago<\/span>\t\t\t\t<\/div>\n\t\t\t\t<\/div>\n\t\t\t\t<\/div>\n\t\t\t\t<\/div>\n\t\t\t\t\t<\/div>\n\t\t\t\t<\/div>\n\t\t\t\t<\/div>\n\t\t<style id=\"loop-dynamic-1011326\">.e-loop-item-1010831 .elementor-element.elementor-element-8d4132d::before, .e-loop-item-1010831 .elementor-element.elementor-element-8d4132d > .elementor-background-video-container::before, .e-loop-item-1010831 .elementor-element.elementor-element-8d4132d > .e-con-inner > .elementor-background-video-container::before, .e-loop-item-1010831 .elementor-element.elementor-element-8d4132d > .elementor-background-slideshow::before, .e-loop-item-1010831 .elementor-element.elementor-element-8d4132d > .e-con-inner > .elementor-background-slideshow::before, .e-loop-item-1010831 .elementor-element.elementor-element-8d4132d > .elementor-motion-effects-container > .elementor-motion-effects-layer::before{background-image:url(\"https:\/\/obsnev.es\/wp-content\/uploads\/2025\/03\/IMG_20250310_194018_RECORT.jpg\");}<\/style>\t\t<div data-elementor-type=\"loop-item\" data-elementor-id=\"1011326\" class=\"elementor elementor-1011326 e-loop-item e-loop-item-1010831 post-1010831 post type-post status-publish format-standard has-post-thumbnail hentry category-canal-de-noticias category-observatorio-de-cambio-global category-sierra-nevada tag-cambio-climatico tag-canal-sur tag-entrevista tag-exposicion tag-observatorio-cambio-global-sierra-nevada\" data-elementor-post-type=\"elementor_library\" data-custom-edit-handle=\"1\">\n\t\t\t<div class=\"elementor-element elementor-element-d3657ae e-flex e-con-boxed e-con e-parent\" data-id=\"d3657ae\" data-element_type=\"container\" data-e-type=\"container\">\n\t\t\t\t\t<div class=\"e-con-inner\">\n\t\t<a class=\"elementor-element elementor-element-8d4132d e-con-full e-flex e-con e-child\" data-id=\"8d4132d\" data-element_type=\"container\" data-e-type=\"container\" href=\"https:\/\/obsnev.es\/en\/el-observatorio-cambio-global-sierra-nevada-en-cambio-climatico-de-canal-sur-radio\/\">\n\t\t\t\t<\/a>\n\t\t<div class=\"elementor-element elementor-element-352c1ed e-con-full e-flex e-con e-child\" data-id=\"352c1ed\" data-element_type=\"container\" data-e-type=\"container\">\n\t\t\t\t<div class=\"elementor-element elementor-element-77ddfb5 elementor-widget elementor-widget-post-info\" data-id=\"77ddfb5\" data-element_type=\"widget\" data-e-type=\"widget\" data-widget_type=\"post-info.default\">\n\t\t\t\t<div class=\"elementor-widget-container\">\n\t\t\t\t\t\t\t<ul class=\"elementor-icon-list-items elementor-post-info\">\n\t\t\t\t\t\t\t\t<li class=\"elementor-icon-list-item elementor-repeater-item-ba34b47\" itemprop=\"about\">\n\t\t\t\t\t\t\t\t\t\t\t\t\t<span class=\"elementor-icon-list-text elementor-post-info__item elementor-post-info__item--type-terms\">\n\t\t\t\t\t\t\t\t\t\t<span class=\"elementor-post-info__terms-list\">\n\t\t\t\t<a href=\"https:\/\/obsnev.es\/en\/category\/canal-de-noticias\/\" class=\"elementor-post-info__terms-list-item\">Canal de Noticias<\/a>, <a href=\"https:\/\/obsnev.es\/en\/category\/observatorio-de-cambio-global\/\" class=\"elementor-post-info__terms-list-item\">Observatorio de Cambio Global<\/a>, <a href=\"https:\/\/obsnev.es\/en\/category\/sierra-nevada\/\" class=\"elementor-post-info__terms-list-item\">Sierra Nevada<\/a>\t\t\t\t<\/span>\n\t\t\t\t\t<\/span>\n\t\t\t\t\t\t\t\t<\/li>\n\t\t\t\t<\/ul>\n\t\t\t\t\t\t<\/div>\n\t\t\t\t<\/div>\n\t\t\t\t<div class=\"elementor-element elementor-element-07ce989 elementor-widget elementor-widget-theme-post-title elementor-page-title elementor-widget-heading\" data-id=\"07ce989\" data-element_type=\"widget\" data-e-type=\"widget\" data-widget_type=\"theme-post-title.default\">\n\t\t\t\t<div class=\"elementor-widget-container\">\n\t\t\t\t\t<h5 class=\"elementor-heading-title elementor-size-default\"><a href=\"https:\/\/obsnev.es\/en\/el-observatorio-cambio-global-sierra-nevada-en-cambio-climatico-de-canal-sur-radio\/\">El Observatorio Cambio Global Sierra Nevada en \u00abCambio Clim\u00e1tico\u00bb de Canal Sur Radio<\/a><\/h5>\t\t\t\t<\/div>\n\t\t\t\t<\/div>\n\t\t\t\t<div class=\"elementor-element elementor-element-8bdae50 elementor-widget elementor-widget-theme-post-excerpt\" data-id=\"8bdae50\" data-element_type=\"widget\" data-e-type=\"widget\" data-widget_type=\"theme-post-excerpt.default\">\n\t\t\t\t<div class=\"elementor-widget-container\">\n\t\t\t\t\t<p>El programa \u00abCambio Clim\u00e1tico\u00bb de Canal Sur Radio ha contado, a partir del minuto 38:25, con la participaci\u00f3n de Regino Zamora, catedr\u00e1tico de Ecolog\u00eda en la Universidad de Granada y coordinador cient\u00edfico del Observatorio de Cambio Global de Sierra Nevada....\t\t\t\t<\/div>\n\t\t\t\t<\/div>\n\t\t<div class=\"elementor-element elementor-element-5d82f2d e-con-full e-flex e-con e-child\" data-id=\"5d82f2d\" data-element_type=\"container\" data-e-type=\"container\">\n\t\t\t\t<div class=\"elementor-element elementor-element-f9de064 elementor-widget elementor-widget-heading\" data-id=\"f9de064\" data-element_type=\"widget\" data-e-type=\"widget\" data-widget_type=\"heading.default\">\n\t\t\t\t<div class=\"elementor-widget-container\">\n\t\t\t\t\t<span class=\"elementor-heading-title elementor-size-default\"><span style=\"font-weight:400 !important\">Por <\/span>obsnev,<\/span>\t\t\t\t<\/div>\n\t\t\t\t<\/div>\n\t\t\t\t<div class=\"elementor-element elementor-element-ee59217 elementor-widget elementor-widget-heading\" data-id=\"ee59217\" data-element_type=\"widget\" data-e-type=\"widget\" data-widget_type=\"heading.default\">\n\t\t\t\t<div class=\"elementor-widget-container\">\n\t\t\t\t\t<span class=\"elementor-heading-title elementor-size-default\">&nbsp;1 year ago<\/span>\t\t\t\t<\/div>\n\t\t\t\t<\/div>\n\t\t\t\t<\/div>\n\t\t\t\t<\/div>\n\t\t\t\t\t<\/div>\n\t\t\t\t<\/div>\n\t\t\t\t<\/div>\n\t\t<style id=\"loop-dynamic-1011326\">.e-loop-item-1010822 .elementor-element.elementor-element-8d4132d::before, .e-loop-item-1010822 .elementor-element.elementor-element-8d4132d > .elementor-background-video-container::before, .e-loop-item-1010822 .elementor-element.elementor-element-8d4132d > .e-con-inner > .elementor-background-video-container::before, .e-loop-item-1010822 .elementor-element.elementor-element-8d4132d > .elementor-background-slideshow::before, .e-loop-item-1010822 .elementor-element.elementor-element-8d4132d > .e-con-inner > .elementor-background-slideshow::before, .e-loop-item-1010822 .elementor-element.elementor-element-8d4132d > .elementor-motion-effects-container > .elementor-motion-effects-layer::before{background-image:url(\"https:\/\/obsnev.es\/wp-content\/uploads\/2025\/03\/Cartel-Sierra-Nevada-03-1.png\");}<\/style>\t\t<div data-elementor-type=\"loop-item\" data-elementor-id=\"1011326\" class=\"elementor elementor-1011326 e-loop-item e-loop-item-1010822 post-1010822 post type-post status-publish format-standard has-post-thumbnail hentry category-canal-de-noticias category-observatorio-de-cambio-global category-sierra-nevada tag-exposicion tag-observatorio-del-cambio-global-de-sierra-nevada tag-ugr-investiga tag-universidad-de-granada\" data-elementor-post-type=\"elementor_library\" data-custom-edit-handle=\"1\">\n\t\t\t<div class=\"elementor-element elementor-element-d3657ae e-flex e-con-boxed e-con e-parent\" data-id=\"d3657ae\" data-element_type=\"container\" data-e-type=\"container\">\n\t\t\t\t\t<div class=\"e-con-inner\">\n\t\t<a class=\"elementor-element elementor-element-8d4132d e-con-full e-flex e-con e-child\" data-id=\"8d4132d\" data-element_type=\"container\" data-e-type=\"container\" href=\"https:\/\/obsnev.es\/en\/exposicion-en-la-madraza-sobre-el-observatorio-del-cambio-global-de-sierra-nevada-y-su-programa-de-monitoreo-ecologico-a-largo-plazo\/\">\n\t\t\t\t<\/a>\n\t\t<div class=\"elementor-element elementor-element-352c1ed e-con-full e-flex e-con e-child\" data-id=\"352c1ed\" data-element_type=\"container\" data-e-type=\"container\">\n\t\t\t\t<div class=\"elementor-element elementor-element-77ddfb5 elementor-widget elementor-widget-post-info\" data-id=\"77ddfb5\" data-element_type=\"widget\" data-e-type=\"widget\" data-widget_type=\"post-info.default\">\n\t\t\t\t<div class=\"elementor-widget-container\">\n\t\t\t\t\t\t\t<ul class=\"elementor-icon-list-items elementor-post-info\">\n\t\t\t\t\t\t\t\t<li class=\"elementor-icon-list-item elementor-repeater-item-ba34b47\" itemprop=\"about\">\n\t\t\t\t\t\t\t\t\t\t\t\t\t<span class=\"elementor-icon-list-text elementor-post-info__item elementor-post-info__item--type-terms\">\n\t\t\t\t\t\t\t\t\t\t<span class=\"elementor-post-info__terms-list\">\n\t\t\t\t<a href=\"https:\/\/obsnev.es\/en\/category\/canal-de-noticias\/\" class=\"elementor-post-info__terms-list-item\">Canal de Noticias<\/a>, <a href=\"https:\/\/obsnev.es\/en\/category\/observatorio-de-cambio-global\/\" class=\"elementor-post-info__terms-list-item\">Observatorio de Cambio Global<\/a>, <a href=\"https:\/\/obsnev.es\/en\/category\/sierra-nevada\/\" class=\"elementor-post-info__terms-list-item\">Sierra Nevada<\/a>\t\t\t\t<\/span>\n\t\t\t\t\t<\/span>\n\t\t\t\t\t\t\t\t<\/li>\n\t\t\t\t<\/ul>\n\t\t\t\t\t\t<\/div>\n\t\t\t\t<\/div>\n\t\t\t\t<div class=\"elementor-element elementor-element-07ce989 elementor-widget elementor-widget-theme-post-title elementor-page-title elementor-widget-heading\" data-id=\"07ce989\" data-element_type=\"widget\" data-e-type=\"widget\" data-widget_type=\"theme-post-title.default\">\n\t\t\t\t<div class=\"elementor-widget-container\">\n\t\t\t\t\t<h5 class=\"elementor-heading-title elementor-size-default\"><a href=\"https:\/\/obsnev.es\/en\/exposicion-en-la-madraza-sobre-el-observatorio-del-cambio-global-de-sierra-nevada-y-su-programa-de-monitoreo-ecologico-a-largo-plazo\/\">Exposici\u00f3n en La Madraza sobre el Observatorio del Cambio Global de Sierra Nevada y su programa de monitoreo ecol\u00f3gico a largo plazo<\/a><\/h5>\t\t\t\t<\/div>\n\t\t\t\t<\/div>\n\t\t\t\t<div class=\"elementor-element elementor-element-8bdae50 elementor-widget elementor-widget-theme-post-excerpt\" data-id=\"8bdae50\" data-element_type=\"widget\" data-e-type=\"widget\" data-widget_type=\"theme-post-excerpt.default\">\n\t\t\t\t<div class=\"elementor-widget-container\">\n\t\t\t\t\t<p>A partir de este lunes 10 de Marzo, el Palacio de la Madraza ser\u00e1 el escenario de una exposici\u00f3n dedicada al Observatorio del Cambio Global de Sierra Nevada. Esta iniciativa tiene como prop\u00f3sito principal establecer un programa de monitoreo ecol\u00f3gico...\t\t\t\t<\/div>\n\t\t\t\t<\/div>\n\t\t<div class=\"elementor-element elementor-element-5d82f2d e-con-full e-flex e-con e-child\" data-id=\"5d82f2d\" data-element_type=\"container\" data-e-type=\"container\">\n\t\t\t\t<div class=\"elementor-element elementor-element-f9de064 elementor-widget elementor-widget-heading\" data-id=\"f9de064\" data-element_type=\"widget\" data-e-type=\"widget\" data-widget_type=\"heading.default\">\n\t\t\t\t<div class=\"elementor-widget-container\">\n\t\t\t\t\t<span class=\"elementor-heading-title elementor-size-default\"><span style=\"font-weight:400 !important\">Por <\/span>obsnev,<\/span>\t\t\t\t<\/div>\n\t\t\t\t<\/div>\n\t\t\t\t<div class=\"elementor-element elementor-element-ee59217 elementor-widget elementor-widget-heading\" data-id=\"ee59217\" data-element_type=\"widget\" data-e-type=\"widget\" data-widget_type=\"heading.default\">\n\t\t\t\t<div class=\"elementor-widget-container\">\n\t\t\t\t\t<span class=\"elementor-heading-title elementor-size-default\">&nbsp;1 year ago<\/span>\t\t\t\t<\/div>\n\t\t\t\t<\/div>\n\t\t\t\t<\/div>\n\t\t\t\t<\/div>\n\t\t\t\t\t<\/div>\n\t\t\t\t<\/div>\n\t\t\t\t<\/div>\n\t\t<style id=\"loop-dynamic-1011326\">.e-loop-item-1010798 .elementor-element.elementor-element-8d4132d::before, .e-loop-item-1010798 .elementor-element.elementor-element-8d4132d > .elementor-background-video-container::before, .e-loop-item-1010798 .elementor-element.elementor-element-8d4132d > .e-con-inner > .elementor-background-video-container::before, .e-loop-item-1010798 .elementor-element.elementor-element-8d4132d > .elementor-background-slideshow::before, .e-loop-item-1010798 .elementor-element.elementor-element-8d4132d > .e-con-inner > .elementor-background-slideshow::before, .e-loop-item-1010798 .elementor-element.elementor-element-8d4132d > .elementor-motion-effects-container > .elementor-motion-effects-layer::before{background-image:url(\"https:\/\/obsnev.es\/wp-content\/uploads\/2025\/02\/enebro.png\");}<\/style>\t\t<div data-elementor-type=\"loop-item\" data-elementor-id=\"1011326\" class=\"elementor elementor-1011326 e-loop-item e-loop-item-1010798 post-1010798 post type-post status-publish format-standard has-post-thumbnail hentry category-canal-de-noticias category-observatorio-de-cambio-global category-sierra-nevada tag-enebral tag-evaluacion-de-la-gestion-forestal tag-gestion-adaptativa tag-observatorio-del-cambio-global-de-sierra-nevada tag-restauracion\" data-elementor-post-type=\"elementor_library\" data-custom-edit-handle=\"1\">\n\t\t\t<div class=\"elementor-element elementor-element-d3657ae e-flex e-con-boxed e-con e-parent\" data-id=\"d3657ae\" data-element_type=\"container\" data-e-type=\"container\">\n\t\t\t\t\t<div class=\"e-con-inner\">\n\t\t<a class=\"elementor-element elementor-element-8d4132d e-con-full e-flex e-con e-child\" data-id=\"8d4132d\" data-element_type=\"container\" data-e-type=\"container\" href=\"https:\/\/obsnev.es\/en\/restauracion-ecologica-ejemplos-de-bases-tecnicas-y-soluciones-practicas\/\">\n\t\t\t\t<\/a>\n\t\t<div class=\"elementor-element elementor-element-352c1ed e-con-full e-flex e-con e-child\" data-id=\"352c1ed\" data-element_type=\"container\" data-e-type=\"container\">\n\t\t\t\t<div class=\"elementor-element elementor-element-77ddfb5 elementor-widget elementor-widget-post-info\" data-id=\"77ddfb5\" data-element_type=\"widget\" data-e-type=\"widget\" data-widget_type=\"post-info.default\">\n\t\t\t\t<div class=\"elementor-widget-container\">\n\t\t\t\t\t\t\t<ul class=\"elementor-icon-list-items elementor-post-info\">\n\t\t\t\t\t\t\t\t<li class=\"elementor-icon-list-item elementor-repeater-item-ba34b47\" itemprop=\"about\">\n\t\t\t\t\t\t\t\t\t\t\t\t\t<span class=\"elementor-icon-list-text elementor-post-info__item elementor-post-info__item--type-terms\">\n\t\t\t\t\t\t\t\t\t\t<span class=\"elementor-post-info__terms-list\">\n\t\t\t\t<a href=\"https:\/\/obsnev.es\/en\/category\/canal-de-noticias\/\" class=\"elementor-post-info__terms-list-item\">Canal de Noticias<\/a>, <a href=\"https:\/\/obsnev.es\/en\/category\/observatorio-de-cambio-global\/\" class=\"elementor-post-info__terms-list-item\">Observatorio de Cambio Global<\/a>, <a href=\"https:\/\/obsnev.es\/en\/category\/sierra-nevada\/\" class=\"elementor-post-info__terms-list-item\">Sierra Nevada<\/a>\t\t\t\t<\/span>\n\t\t\t\t\t<\/span>\n\t\t\t\t\t\t\t\t<\/li>\n\t\t\t\t<\/ul>\n\t\t\t\t\t\t<\/div>\n\t\t\t\t<\/div>\n\t\t\t\t<div class=\"elementor-element elementor-element-07ce989 elementor-widget elementor-widget-theme-post-title elementor-page-title elementor-widget-heading\" data-id=\"07ce989\" data-element_type=\"widget\" data-e-type=\"widget\" data-widget_type=\"theme-post-title.default\">\n\t\t\t\t<div class=\"elementor-widget-container\">\n\t\t\t\t\t<h5 class=\"elementor-heading-title elementor-size-default\"><a href=\"https:\/\/obsnev.es\/en\/restauracion-ecologica-ejemplos-de-bases-tecnicas-y-soluciones-practicas\/\">Restauraci\u00f3n ecol\u00f3gica: ejemplos de bases t\u00e9cnicas y soluciones pr\u00e1cticas<\/a><\/h5>\t\t\t\t<\/div>\n\t\t\t\t<\/div>\n\t\t\t\t<div class=\"elementor-element elementor-element-8bdae50 elementor-widget elementor-widget-theme-post-excerpt\" data-id=\"8bdae50\" data-element_type=\"widget\" data-e-type=\"widget\" data-widget_type=\"theme-post-excerpt.default\">\n\t\t\t\t<div class=\"elementor-widget-container\">\n\t\t\t\t\t<p>La Fundaci\u00f3n Biodiversidad, adscrita al Ministerio para la Transici\u00f3n Ecol\u00f3gica y el Reto Demogr\u00e1fico (MITECO), ha financiado la elaboraci\u00f3n del libro Restauraci\u00f3n ecol\u00f3gica: ejemplos de bases t\u00e9cnicas y soluciones pr\u00e1cticas. Esta publicaci\u00f3n est\u00e1 dirigida a profesionales y futuros expertos en...\t\t\t\t<\/div>\n\t\t\t\t<\/div>\n\t\t<div class=\"elementor-element elementor-element-5d82f2d e-con-full e-flex e-con e-child\" data-id=\"5d82f2d\" data-element_type=\"container\" data-e-type=\"container\">\n\t\t\t\t<div class=\"elementor-element elementor-element-f9de064 elementor-widget elementor-widget-heading\" data-id=\"f9de064\" data-element_type=\"widget\" data-e-type=\"widget\" data-widget_type=\"heading.default\">\n\t\t\t\t<div class=\"elementor-widget-container\">\n\t\t\t\t\t<span class=\"elementor-heading-title elementor-size-default\"><span style=\"font-weight:400 !important\">Por <\/span>obsnev,<\/span>\t\t\t\t<\/div>\n\t\t\t\t<\/div>\n\t\t\t\t<div class=\"elementor-element elementor-element-ee59217 elementor-widget elementor-widget-heading\" data-id=\"ee59217\" data-element_type=\"widget\" data-e-type=\"widget\" data-widget_type=\"heading.default\">\n\t\t\t\t<div class=\"elementor-widget-container\">\n\t\t\t\t\t<span class=\"elementor-heading-title elementor-size-default\">&nbsp;1 year ago<\/span>\t\t\t\t<\/div>\n\t\t\t\t<\/div>\n\t\t\t\t<\/div>\n\t\t\t\t<\/div>\n\t\t\t\t\t<\/div>\n\t\t\t\t<\/div>\n\t\t\t\t<\/div>\n\t\t<style id=\"loop-dynamic-1011326\">.e-loop-item-1010785 .elementor-element.elementor-element-8d4132d::before, .e-loop-item-1010785 .elementor-element.elementor-element-8d4132d > .elementor-background-video-container::before, .e-loop-item-1010785 .elementor-element.elementor-element-8d4132d > .e-con-inner > .elementor-background-video-container::before, .e-loop-item-1010785 .elementor-element.elementor-element-8d4132d > .elementor-background-slideshow::before, .e-loop-item-1010785 .elementor-element.elementor-element-8d4132d > .e-con-inner > .elementor-background-slideshow::before, .e-loop-item-1010785 .elementor-element.elementor-element-8d4132d > .elementor-motion-effects-container > .elementor-motion-effects-layer::before{background-image:url(\"https:\/\/obsnev.es\/wp-content\/uploads\/2023\/02\/mariposa.jpg\");}<\/style>\t\t<div data-elementor-type=\"loop-item\" data-elementor-id=\"1011326\" class=\"elementor elementor-1011326 e-loop-item e-loop-item-1010785 post-1010785 post type-post status-publish format-standard has-post-thumbnail hentry category-canal-de-noticias tag-datos tag-gbif tag-metadatos tag-sierra-nevada\" data-elementor-post-type=\"elementor_library\" data-custom-edit-handle=\"1\">\n\t\t\t<div class=\"elementor-element elementor-element-d3657ae e-flex e-con-boxed e-con e-parent\" data-id=\"d3657ae\" data-element_type=\"container\" data-e-type=\"container\">\n\t\t\t\t\t<div class=\"e-con-inner\">\n\t\t<a class=\"elementor-element elementor-element-8d4132d e-con-full e-flex e-con e-child\" data-id=\"8d4132d\" data-element_type=\"container\" data-e-type=\"container\" href=\"https:\/\/obsnev.es\/en\/12-anos-publicando-datos-el-impacto-de-obsnev-en-gbif\/\">\n\t\t\t\t<\/a>\n\t\t<div class=\"elementor-element elementor-element-352c1ed e-con-full e-flex e-con e-child\" data-id=\"352c1ed\" data-element_type=\"container\" data-e-type=\"container\">\n\t\t\t\t<div class=\"elementor-element elementor-element-77ddfb5 elementor-widget elementor-widget-post-info\" data-id=\"77ddfb5\" data-element_type=\"widget\" data-e-type=\"widget\" data-widget_type=\"post-info.default\">\n\t\t\t\t<div class=\"elementor-widget-container\">\n\t\t\t\t\t\t\t<ul class=\"elementor-icon-list-items elementor-post-info\">\n\t\t\t\t\t\t\t\t<li class=\"elementor-icon-list-item elementor-repeater-item-ba34b47\" itemprop=\"about\">\n\t\t\t\t\t\t\t\t\t\t\t\t\t<span class=\"elementor-icon-list-text elementor-post-info__item elementor-post-info__item--type-terms\">\n\t\t\t\t\t\t\t\t\t\t<span class=\"elementor-post-info__terms-list\">\n\t\t\t\t<a href=\"https:\/\/obsnev.es\/en\/category\/canal-de-noticias\/\" class=\"elementor-post-info__terms-list-item\">Canal de Noticias<\/a>\t\t\t\t<\/span>\n\t\t\t\t\t<\/span>\n\t\t\t\t\t\t\t\t<\/li>\n\t\t\t\t<\/ul>\n\t\t\t\t\t\t<\/div>\n\t\t\t\t<\/div>\n\t\t\t\t<div class=\"elementor-element elementor-element-07ce989 elementor-widget elementor-widget-theme-post-title elementor-page-title elementor-widget-heading\" data-id=\"07ce989\" data-element_type=\"widget\" data-e-type=\"widget\" data-widget_type=\"theme-post-title.default\">\n\t\t\t\t<div class=\"elementor-widget-container\">\n\t\t\t\t\t<h5 class=\"elementor-heading-title elementor-size-default\"><a href=\"https:\/\/obsnev.es\/en\/12-anos-publicando-datos-el-impacto-de-obsnev-en-gbif\/\">12 a\u00f1os publicando datos: el impacto de OBSNEV en GBIF<\/a><\/h5>\t\t\t\t<\/div>\n\t\t\t\t<\/div>\n\t\t\t\t<div class=\"elementor-element elementor-element-8bdae50 elementor-widget elementor-widget-theme-post-excerpt\" data-id=\"8bdae50\" data-element_type=\"widget\" data-e-type=\"widget\" data-widget_type=\"theme-post-excerpt.default\">\n\t\t\t\t<div class=\"elementor-widget-container\">\n\t\t\t\t\t<p>El Observatorio de Cambio Global de Sierra Nevada lleva 12 a\u00f1os publicando datos y metadatos en GBIF, la infraestructura internacional espec\u00edfica para datos de biodiversidad. Hasta ahora, el Observatorio ha publicado 14 datasets lo que, en conjunto, ha implicado la...\t\t\t\t<\/div>\n\t\t\t\t<\/div>\n\t\t<div class=\"elementor-element elementor-element-5d82f2d e-con-full e-flex e-con e-child\" data-id=\"5d82f2d\" data-element_type=\"container\" data-e-type=\"container\">\n\t\t\t\t<div class=\"elementor-element elementor-element-f9de064 elementor-widget elementor-widget-heading\" data-id=\"f9de064\" data-element_type=\"widget\" data-e-type=\"widget\" data-widget_type=\"heading.default\">\n\t\t\t\t<div class=\"elementor-widget-container\">\n\t\t\t\t\t<span class=\"elementor-heading-title elementor-size-default\"><span style=\"font-weight:400 !important\">Por <\/span>obsnev,<\/span>\t\t\t\t<\/div>\n\t\t\t\t<\/div>\n\t\t\t\t<div class=\"elementor-element elementor-element-ee59217 elementor-widget elementor-widget-heading\" data-id=\"ee59217\" data-element_type=\"widget\" data-e-type=\"widget\" data-widget_type=\"heading.default\">\n\t\t\t\t<div class=\"elementor-widget-container\">\n\t\t\t\t\t<span class=\"elementor-heading-title elementor-size-default\">&nbsp;1 year ago<\/span>\t\t\t\t<\/div>\n\t\t\t\t<\/div>\n\t\t\t\t<\/div>\n\t\t\t\t<\/div>\n\t\t\t\t\t<\/div>\n\t\t\t\t<\/div>\n\t\t\t\t<\/div>\n\t\t<style id=\"loop-dynamic-1011326\">.e-loop-item-1010755 .elementor-element.elementor-element-8d4132d::before, .e-loop-item-1010755 .elementor-element.elementor-element-8d4132d > .elementor-background-video-container::before, .e-loop-item-1010755 .elementor-element.elementor-element-8d4132d > .e-con-inner > .elementor-background-video-container::before, .e-loop-item-1010755 .elementor-element.elementor-element-8d4132d > .elementor-background-slideshow::before, .e-loop-item-1010755 .elementor-element.elementor-element-8d4132d > .e-con-inner > .elementor-background-slideshow::before, .e-loop-item-1010755 .elementor-element.elementor-element-8d4132d > .elementor-motion-effects-container > .elementor-motion-effects-layer::before{background-image:url(\"https:\/\/obsnev.es\/wp-content\/uploads\/2021\/07\/Fotografia_sensores_obsnev_3.jpg\");}<\/style>\t\t<div data-elementor-type=\"loop-item\" data-elementor-id=\"1011326\" class=\"elementor elementor-1011326 e-loop-item e-loop-item-1010755 post-1010755 post type-post status-publish format-standard has-post-thumbnail hentry category-canal-de-noticias category-observatorio-de-cambio-global category-sierra-nevada tag-cambio-climatico tag-cambio-global tag-junta-de-andalucia tag-observatorio-de-cambio-global-de-sierra-nevada tag-sierra-nevada tag-universidad-de-granada\" data-elementor-post-type=\"elementor_library\" data-custom-edit-handle=\"1\">\n\t\t\t<div class=\"elementor-element elementor-element-d3657ae e-flex e-con-boxed e-con e-parent\" data-id=\"d3657ae\" data-element_type=\"container\" data-e-type=\"container\">\n\t\t\t\t\t<div class=\"e-con-inner\">\n\t\t<a class=\"elementor-element elementor-element-8d4132d e-con-full e-flex e-con e-child\" data-id=\"8d4132d\" data-element_type=\"container\" data-e-type=\"container\" href=\"https:\/\/obsnev.es\/en\/un-planeta-con-fiebre-el-cambio-climatico-en-andalucia\/\">\n\t\t\t\t<\/a>\n\t\t<div class=\"elementor-element elementor-element-352c1ed e-con-full e-flex e-con e-child\" data-id=\"352c1ed\" data-element_type=\"container\" data-e-type=\"container\">\n\t\t\t\t<div class=\"elementor-element elementor-element-77ddfb5 elementor-widget elementor-widget-post-info\" data-id=\"77ddfb5\" data-element_type=\"widget\" data-e-type=\"widget\" data-widget_type=\"post-info.default\">\n\t\t\t\t<div class=\"elementor-widget-container\">\n\t\t\t\t\t\t\t<ul class=\"elementor-icon-list-items elementor-post-info\">\n\t\t\t\t\t\t\t\t<li class=\"elementor-icon-list-item elementor-repeater-item-ba34b47\" itemprop=\"about\">\n\t\t\t\t\t\t\t\t\t\t\t\t\t<span class=\"elementor-icon-list-text elementor-post-info__item elementor-post-info__item--type-terms\">\n\t\t\t\t\t\t\t\t\t\t<span class=\"elementor-post-info__terms-list\">\n\t\t\t\t<a href=\"https:\/\/obsnev.es\/en\/category\/canal-de-noticias\/\" class=\"elementor-post-info__terms-list-item\">Canal de Noticias<\/a>, <a href=\"https:\/\/obsnev.es\/en\/category\/observatorio-de-cambio-global\/\" class=\"elementor-post-info__terms-list-item\">Observatorio de Cambio Global<\/a>, <a href=\"https:\/\/obsnev.es\/en\/category\/sierra-nevada\/\" class=\"elementor-post-info__terms-list-item\">Sierra Nevada<\/a>\t\t\t\t<\/span>\n\t\t\t\t\t<\/span>\n\t\t\t\t\t\t\t\t<\/li>\n\t\t\t\t<\/ul>\n\t\t\t\t\t\t<\/div>\n\t\t\t\t<\/div>\n\t\t\t\t<div class=\"elementor-element elementor-element-07ce989 elementor-widget elementor-widget-theme-post-title elementor-page-title elementor-widget-heading\" data-id=\"07ce989\" data-element_type=\"widget\" data-e-type=\"widget\" data-widget_type=\"theme-post-title.default\">\n\t\t\t\t<div class=\"elementor-widget-container\">\n\t\t\t\t\t<h5 class=\"elementor-heading-title elementor-size-default\"><a href=\"https:\/\/obsnev.es\/en\/un-planeta-con-fiebre-el-cambio-climatico-en-andalucia\/\">Un planeta con fiebre: el cambio clim\u00e1tico en Andaluc\u00eda<\/a><\/h5>\t\t\t\t<\/div>\n\t\t\t\t<\/div>\n\t\t\t\t<div class=\"elementor-element elementor-element-8bdae50 elementor-widget elementor-widget-theme-post-excerpt\" data-id=\"8bdae50\" data-element_type=\"widget\" data-e-type=\"widget\" data-widget_type=\"theme-post-excerpt.default\">\n\t\t\t\t<div class=\"elementor-widget-container\">\n\t\t\t\t\t<p>El cambio clim\u00e1tico ya no es una cuesti\u00f3n del futuro, sino una realidad que impacta todos los aspectos de la vida en Andaluc\u00eda. Un reportaje de Canal Sur Televisi\u00f3n examina c\u00f3mo esta crisis afecta a la regi\u00f3n, desde sus costas...\t\t\t\t<\/div>\n\t\t\t\t<\/div>\n\t\t<div class=\"elementor-element elementor-element-5d82f2d e-con-full e-flex e-con e-child\" data-id=\"5d82f2d\" data-element_type=\"container\" data-e-type=\"container\">\n\t\t\t\t<div class=\"elementor-element elementor-element-f9de064 elementor-widget elementor-widget-heading\" data-id=\"f9de064\" data-element_type=\"widget\" data-e-type=\"widget\" data-widget_type=\"heading.default\">\n\t\t\t\t<div class=\"elementor-widget-container\">\n\t\t\t\t\t<span class=\"elementor-heading-title elementor-size-default\"><span style=\"font-weight:400 !important\">Por <\/span>obsnev,<\/span>\t\t\t\t<\/div>\n\t\t\t\t<\/div>\n\t\t\t\t<div class=\"elementor-element elementor-element-ee59217 elementor-widget elementor-widget-heading\" data-id=\"ee59217\" data-element_type=\"widget\" data-e-type=\"widget\" data-widget_type=\"heading.default\">\n\t\t\t\t<div class=\"elementor-widget-container\">\n\t\t\t\t\t<span class=\"elementor-heading-title elementor-size-default\">&nbsp;1 year ago<\/span>\t\t\t\t<\/div>\n\t\t\t\t<\/div>\n\t\t\t\t<\/div>\n\t\t\t\t<\/div>\n\t\t\t\t\t<\/div>\n\t\t\t\t<\/div>\n\t\t\t\t<\/div>\n\t\t\t\t<div data-elementor-type=\"loop-item\" data-elementor-id=\"1011326\" class=\"elementor elementor-1011326 e-loop-item e-loop-item-1010746 post-1010746 post type-post status-publish format-standard has-post-thumbnail hentry category-canal-de-noticias tag-aplicaciones tag-datos tag-metadatos tag-parques-nacionales tag-sierra-nevada tag-transferencia-ciencia-gestion\" data-elementor-post-type=\"elementor_library\" data-custom-edit-handle=\"1\">\n\t\t\t<div class=\"elementor-element elementor-element-d3657ae e-flex e-con-boxed e-con e-parent\" data-id=\"d3657ae\" data-element_type=\"container\" data-e-type=\"container\">\n\t\t\t\t\t<div class=\"e-con-inner\">\n\t\t<a class=\"elementor-element elementor-element-8d4132d e-con-full e-flex e-con e-child\" data-id=\"8d4132d\" data-element_type=\"container\" data-e-type=\"container\" href=\"https:\/\/obsnev.es\/en\/participacion-en-el-xiii-seminario-de-seguimiento-a-largo-plazo-en-la-red-de-parques-nacionales\/\">\n\t\t\t\t<\/a>\n\t\t<div class=\"elementor-element elementor-element-352c1ed e-con-full e-flex e-con e-child\" data-id=\"352c1ed\" data-element_type=\"container\" data-e-type=\"container\">\n\t\t\t\t<div class=\"elementor-element elementor-element-77ddfb5 elementor-widget elementor-widget-post-info\" data-id=\"77ddfb5\" data-element_type=\"widget\" data-e-type=\"widget\" data-widget_type=\"post-info.default\">\n\t\t\t\t<div class=\"elementor-widget-container\">\n\t\t\t\t\t\t\t<ul class=\"elementor-icon-list-items elementor-post-info\">\n\t\t\t\t\t\t\t\t<li class=\"elementor-icon-list-item elementor-repeater-item-ba34b47\" itemprop=\"about\">\n\t\t\t\t\t\t\t\t\t\t\t\t\t<span class=\"elementor-icon-list-text elementor-post-info__item elementor-post-info__item--type-terms\">\n\t\t\t\t\t\t\t\t\t\t<span class=\"elementor-post-info__terms-list\">\n\t\t\t\t<a href=\"https:\/\/obsnev.es\/en\/category\/canal-de-noticias\/\" class=\"elementor-post-info__terms-list-item\">Canal de Noticias<\/a>\t\t\t\t<\/span>\n\t\t\t\t\t<\/span>\n\t\t\t\t\t\t\t\t<\/li>\n\t\t\t\t<\/ul>\n\t\t\t\t\t\t<\/div>\n\t\t\t\t<\/div>\n\t\t\t\t<div class=\"elementor-element elementor-element-07ce989 elementor-widget elementor-widget-theme-post-title elementor-page-title elementor-widget-heading\" data-id=\"07ce989\" data-element_type=\"widget\" data-e-type=\"widget\" data-widget_type=\"theme-post-title.default\">\n\t\t\t\t<div class=\"elementor-widget-container\">\n\t\t\t\t\t<h5 class=\"elementor-heading-title elementor-size-default\"><a href=\"https:\/\/obsnev.es\/en\/participacion-en-el-xiii-seminario-de-seguimiento-a-largo-plazo-en-la-red-de-parques-nacionales\/\">Participaci\u00f3n en el \u201cXIII Seminario de Seguimiento a Largo Plazo en la Red de Parques Nacionales\u201d<\/a><\/h5>\t\t\t\t<\/div>\n\t\t\t\t<\/div>\n\t\t\t\t<div class=\"elementor-element elementor-element-8bdae50 elementor-widget elementor-widget-theme-post-excerpt\" data-id=\"8bdae50\" data-element_type=\"widget\" data-e-type=\"widget\" data-widget_type=\"theme-post-excerpt.default\">\n\t\t\t\t<div class=\"elementor-widget-container\">\n\t\t\t\t\t<p>El equipo de gesti\u00f3n de datos (IISTA-UGR) del Observatorio de Cambio Global de Sierra Nevada ha participado esta semana en el \u201cXIII Seminario de Seguimiento a Largo Plazo en la Red de Parques Nacionales\u201d organizado por el OAPN y el...\t\t\t\t<\/div>\n\t\t\t\t<\/div>\n\t\t<div class=\"elementor-element elementor-element-5d82f2d e-con-full e-flex e-con e-child\" data-id=\"5d82f2d\" data-element_type=\"container\" data-e-type=\"container\">\n\t\t\t\t<div class=\"elementor-element elementor-element-f9de064 elementor-widget elementor-widget-heading\" data-id=\"f9de064\" data-element_type=\"widget\" data-e-type=\"widget\" data-widget_type=\"heading.default\">\n\t\t\t\t<div class=\"elementor-widget-container\">\n\t\t\t\t\t<span class=\"elementor-heading-title elementor-size-default\"><span style=\"font-weight:400 !important\">Por <\/span>obsnev,<\/span>\t\t\t\t<\/div>\n\t\t\t\t<\/div>\n\t\t\t\t<div class=\"elementor-element elementor-element-ee59217 elementor-widget elementor-widget-heading\" data-id=\"ee59217\" data-element_type=\"widget\" data-e-type=\"widget\" data-widget_type=\"heading.default\">\n\t\t\t\t<div class=\"elementor-widget-container\">\n\t\t\t\t\t<span class=\"elementor-heading-title elementor-size-default\">&nbsp;2 years ago<\/span>\t\t\t\t<\/div>\n\t\t\t\t<\/div>\n\t\t\t\t<\/div>\n\t\t\t\t<\/div>\n\t\t\t\t\t<\/div>\n\t\t\t\t<\/div>\n\t\t\t\t<\/div>\n\t\t<style id=\"loop-dynamic-1011326\">.e-loop-item-1010729 .elementor-element.elementor-element-8d4132d::before, .e-loop-item-1010729 .elementor-element.elementor-element-8d4132d > .elementor-background-video-container::before, .e-loop-item-1010729 .elementor-element.elementor-element-8d4132d > .e-con-inner > .elementor-background-video-container::before, .e-loop-item-1010729 .elementor-element.elementor-element-8d4132d > .elementor-background-slideshow::before, .e-loop-item-1010729 .elementor-element.elementor-element-8d4132d > .e-con-inner > .elementor-background-slideshow::before, .e-loop-item-1010729 .elementor-element.elementor-element-8d4132d > .elementor-motion-effects-container > .elementor-motion-effects-layer::before{background-image:url(\"https:\/\/obsnev.es\/wp-content\/uploads\/2019\/10\/Figura_8_7-1_ES.png\");}<\/style>\t\t<div data-elementor-type=\"loop-item\" data-elementor-id=\"1011326\" class=\"elementor elementor-1011326 e-loop-item e-loop-item-1010729 post-1010729 post type-post status-publish format-standard has-post-thumbnail hentry category-canal-de-noticias tag-data-paper tag-insectos tag-rios tag-sierra-nevada\" data-elementor-post-type=\"elementor_library\" data-custom-edit-handle=\"1\">\n\t\t\t<div class=\"elementor-element elementor-element-d3657ae e-flex e-con-boxed e-con e-parent\" data-id=\"d3657ae\" data-element_type=\"container\" data-e-type=\"container\">\n\t\t\t\t\t<div class=\"e-con-inner\">\n\t\t<a class=\"elementor-element elementor-element-8d4132d e-con-full e-flex e-con e-child\" data-id=\"8d4132d\" data-element_type=\"container\" data-e-type=\"container\" href=\"https:\/\/obsnev.es\/en\/data-paper-sobre-los-insectos-acuaticos-de-sierra-nevada\/\">\n\t\t\t\t<\/a>\n\t\t<div class=\"elementor-element elementor-element-352c1ed e-con-full e-flex e-con e-child\" data-id=\"352c1ed\" data-element_type=\"container\" data-e-type=\"container\">\n\t\t\t\t<div class=\"elementor-element elementor-element-77ddfb5 elementor-widget elementor-widget-post-info\" data-id=\"77ddfb5\" data-element_type=\"widget\" data-e-type=\"widget\" data-widget_type=\"post-info.default\">\n\t\t\t\t<div class=\"elementor-widget-container\">\n\t\t\t\t\t\t\t<ul class=\"elementor-icon-list-items elementor-post-info\">\n\t\t\t\t\t\t\t\t<li class=\"elementor-icon-list-item elementor-repeater-item-ba34b47\" itemprop=\"about\">\n\t\t\t\t\t\t\t\t\t\t\t\t\t<span class=\"elementor-icon-list-text elementor-post-info__item elementor-post-info__item--type-terms\">\n\t\t\t\t\t\t\t\t\t\t<span class=\"elementor-post-info__terms-list\">\n\t\t\t\t<a href=\"https:\/\/obsnev.es\/en\/category\/canal-de-noticias\/\" class=\"elementor-post-info__terms-list-item\">Canal de Noticias<\/a>\t\t\t\t<\/span>\n\t\t\t\t\t<\/span>\n\t\t\t\t\t\t\t\t<\/li>\n\t\t\t\t<\/ul>\n\t\t\t\t\t\t<\/div>\n\t\t\t\t<\/div>\n\t\t\t\t<div class=\"elementor-element elementor-element-07ce989 elementor-widget elementor-widget-theme-post-title elementor-page-title elementor-widget-heading\" data-id=\"07ce989\" data-element_type=\"widget\" data-e-type=\"widget\" data-widget_type=\"theme-post-title.default\">\n\t\t\t\t<div class=\"elementor-widget-container\">\n\t\t\t\t\t<h5 class=\"elementor-heading-title elementor-size-default\"><a href=\"https:\/\/obsnev.es\/en\/data-paper-sobre-los-insectos-acuaticos-de-sierra-nevada\/\">Data paper sobre los insectos acu\u00e1ticos de Sierra Nevada<\/a><\/h5>\t\t\t\t<\/div>\n\t\t\t\t<\/div>\n\t\t\t\t<div class=\"elementor-element elementor-element-8bdae50 elementor-widget elementor-widget-theme-post-excerpt\" data-id=\"8bdae50\" data-element_type=\"widget\" data-e-type=\"widget\" data-widget_type=\"theme-post-excerpt.default\">\n\t\t\t\t<div class=\"elementor-widget-container\">\n\t\t\t\t\t<p>Se acaba de publicar en la revista Scientific Data el art\u00edculo de datos dedicado a los insectos acu\u00e1ticos de Sierra Nevada: L\u00f3pez-Rodr\u00edguez, M.J., Ros-Candeira, A., Fajardo Merlo, M. et al. Distribution and habitat database of fluvial Plecoptera, Trichoptera and Coleoptera...\t\t\t\t<\/div>\n\t\t\t\t<\/div>\n\t\t<div class=\"elementor-element elementor-element-5d82f2d e-con-full e-flex e-con e-child\" data-id=\"5d82f2d\" data-element_type=\"container\" data-e-type=\"container\">\n\t\t\t\t<div class=\"elementor-element elementor-element-f9de064 elementor-widget elementor-widget-heading\" data-id=\"f9de064\" data-element_type=\"widget\" data-e-type=\"widget\" data-widget_type=\"heading.default\">\n\t\t\t\t<div class=\"elementor-widget-container\">\n\t\t\t\t\t<span class=\"elementor-heading-title elementor-size-default\"><span style=\"font-weight:400 !important\">Por <\/span>obsnev,<\/span>\t\t\t\t<\/div>\n\t\t\t\t<\/div>\n\t\t\t\t<div class=\"elementor-element elementor-element-ee59217 elementor-widget elementor-widget-heading\" data-id=\"ee59217\" data-element_type=\"widget\" data-e-type=\"widget\" data-widget_type=\"heading.default\">\n\t\t\t\t<div class=\"elementor-widget-container\">\n\t\t\t\t\t<span class=\"elementor-heading-title elementor-size-default\">&nbsp;2 years ago<\/span>\t\t\t\t<\/div>\n\t\t\t\t<\/div>\n\t\t\t\t<\/div>\n\t\t\t\t<\/div>\n\t\t\t\t\t<\/div>\n\t\t\t\t<\/div>\n\t\t\t\t<\/div>\n\t\t<style id=\"loop-dynamic-1011326\">.e-loop-item-1010716 .elementor-element.elementor-element-8d4132d::before, .e-loop-item-1010716 .elementor-element.elementor-element-8d4132d > .elementor-background-video-container::before, .e-loop-item-1010716 .elementor-element.elementor-element-8d4132d > .e-con-inner > .elementor-background-video-container::before, .e-loop-item-1010716 .elementor-element.elementor-element-8d4132d > .elementor-background-slideshow::before, .e-loop-item-1010716 .elementor-element.elementor-element-8d4132d > .e-con-inner > .elementor-background-slideshow::before, .e-loop-item-1010716 .elementor-element.elementor-element-8d4132d > .elementor-motion-effects-container > .elementor-motion-effects-layer::before{background-image:url(\"https:\/\/obsnev.es\/wp-content\/uploads\/2024\/07\/Captura-de-pantalla-2024-07-23-191721.png\");}<\/style>\t\t<div data-elementor-type=\"loop-item\" data-elementor-id=\"1011326\" class=\"elementor elementor-1011326 e-loop-item e-loop-item-1010716 post-1010716 post type-post status-publish format-standard has-post-thumbnail hentry category-canal-de-noticias category-observatorio-de-cambio-global category-sierra-nevada tag-ciencia-ciudadana tag-lagunas-de-alta-montana tag-observatorio-de-cambio-global-de-sierra-nevada\" data-elementor-post-type=\"elementor_library\" data-custom-edit-handle=\"1\">\n\t\t\t<div class=\"elementor-element elementor-element-d3657ae e-flex e-con-boxed e-con e-parent\" data-id=\"d3657ae\" data-element_type=\"container\" data-e-type=\"container\">\n\t\t\t\t\t<div class=\"e-con-inner\">\n\t\t<a class=\"elementor-element elementor-element-8d4132d e-con-full e-flex e-con e-child\" data-id=\"8d4132d\" data-element_type=\"container\" data-e-type=\"container\" href=\"https:\/\/obsnev.es\/en\/v-jornadas-lagunas-de-sierra-nevada\/\">\n\t\t\t\t<\/a>\n\t\t<div class=\"elementor-element elementor-element-352c1ed e-con-full e-flex e-con e-child\" data-id=\"352c1ed\" data-element_type=\"container\" data-e-type=\"container\">\n\t\t\t\t<div class=\"elementor-element elementor-element-77ddfb5 elementor-widget elementor-widget-post-info\" data-id=\"77ddfb5\" data-element_type=\"widget\" data-e-type=\"widget\" data-widget_type=\"post-info.default\">\n\t\t\t\t<div class=\"elementor-widget-container\">\n\t\t\t\t\t\t\t<ul class=\"elementor-icon-list-items elementor-post-info\">\n\t\t\t\t\t\t\t\t<li class=\"elementor-icon-list-item elementor-repeater-item-ba34b47\" itemprop=\"about\">\n\t\t\t\t\t\t\t\t\t\t\t\t\t<span class=\"elementor-icon-list-text elementor-post-info__item elementor-post-info__item--type-terms\">\n\t\t\t\t\t\t\t\t\t\t<span class=\"elementor-post-info__terms-list\">\n\t\t\t\t<a href=\"https:\/\/obsnev.es\/en\/category\/canal-de-noticias\/\" class=\"elementor-post-info__terms-list-item\">Canal de Noticias<\/a>, <a href=\"https:\/\/obsnev.es\/en\/category\/observatorio-de-cambio-global\/\" class=\"elementor-post-info__terms-list-item\">Observatorio de Cambio Global<\/a>, <a href=\"https:\/\/obsnev.es\/en\/category\/sierra-nevada\/\" class=\"elementor-post-info__terms-list-item\">Sierra Nevada<\/a>\t\t\t\t<\/span>\n\t\t\t\t\t<\/span>\n\t\t\t\t\t\t\t\t<\/li>\n\t\t\t\t<\/ul>\n\t\t\t\t\t\t<\/div>\n\t\t\t\t<\/div>\n\t\t\t\t<div class=\"elementor-element elementor-element-07ce989 elementor-widget elementor-widget-theme-post-title elementor-page-title elementor-widget-heading\" data-id=\"07ce989\" data-element_type=\"widget\" data-e-type=\"widget\" data-widget_type=\"theme-post-title.default\">\n\t\t\t\t<div class=\"elementor-widget-container\">\n\t\t\t\t\t<h5 class=\"elementor-heading-title elementor-size-default\"><a href=\"https:\/\/obsnev.es\/en\/v-jornadas-lagunas-de-sierra-nevada\/\">V Jornadas Lagunas de Sierra Nevada<\/a><\/h5>\t\t\t\t<\/div>\n\t\t\t\t<\/div>\n\t\t\t\t<div class=\"elementor-element elementor-element-8bdae50 elementor-widget elementor-widget-theme-post-excerpt\" data-id=\"8bdae50\" data-element_type=\"widget\" data-e-type=\"widget\" data-widget_type=\"theme-post-excerpt.default\">\n\t\t\t\t<div class=\"elementor-widget-container\">\n\t\t\t\t\t<p>Sierra Nevada, Granada \u2013 La pasada semana, los d\u00edas 12, 13 y 14 de julio, se llevaron a cabo las V Jornadas de las Lagunas de Sierra Nevada en el Albergue Universitario. Estas jornadas organizadas por la UGR dentro del...\t\t\t\t<\/div>\n\t\t\t\t<\/div>\n\t\t<div class=\"elementor-element elementor-element-5d82f2d e-con-full e-flex e-con e-child\" data-id=\"5d82f2d\" data-element_type=\"container\" data-e-type=\"container\">\n\t\t\t\t<div class=\"elementor-element elementor-element-f9de064 elementor-widget elementor-widget-heading\" data-id=\"f9de064\" data-element_type=\"widget\" data-e-type=\"widget\" data-widget_type=\"heading.default\">\n\t\t\t\t<div class=\"elementor-widget-container\">\n\t\t\t\t\t<span class=\"elementor-heading-title elementor-size-default\"><span style=\"font-weight:400 !important\">Por <\/span>obsnev,<\/span>\t\t\t\t<\/div>\n\t\t\t\t<\/div>\n\t\t\t\t<div class=\"elementor-element elementor-element-ee59217 elementor-widget elementor-widget-heading\" data-id=\"ee59217\" data-element_type=\"widget\" data-e-type=\"widget\" data-widget_type=\"heading.default\">\n\t\t\t\t<div class=\"elementor-widget-container\">\n\t\t\t\t\t<span class=\"elementor-heading-title elementor-size-default\">&nbsp;2 years ago<\/span>\t\t\t\t<\/div>\n\t\t\t\t<\/div>\n\t\t\t\t<\/div>\n\t\t\t\t<\/div>\n\t\t\t\t\t<\/div>\n\t\t\t\t<\/div>\n\t\t\t\t<\/div>\n\t\t<style id=\"loop-dynamic-1011326\">.e-loop-item-1010708 .elementor-element.elementor-element-8d4132d::before, .e-loop-item-1010708 .elementor-element.elementor-element-8d4132d > .elementor-background-video-container::before, .e-loop-item-1010708 .elementor-element.elementor-element-8d4132d > .e-con-inner > .elementor-background-video-container::before, .e-loop-item-1010708 .elementor-element.elementor-element-8d4132d > .elementor-background-slideshow::before, .e-loop-item-1010708 .elementor-element.elementor-element-8d4132d > .e-con-inner > .elementor-background-slideshow::before, .e-loop-item-1010708 .elementor-element.elementor-element-8d4132d > .elementor-motion-effects-container > .elementor-motion-effects-layer::before{background-image:url(\"https:\/\/obsnev.es\/wp-content\/uploads\/2024\/07\/Foto-1.png\");}<\/style>\t\t<div data-elementor-type=\"loop-item\" data-elementor-id=\"1011326\" class=\"elementor elementor-1011326 e-loop-item e-loop-item-1010708 post-1010708 post type-post status-publish format-standard has-post-thumbnail hentry category-canal-de-noticias category-observatorio-de-cambio-global tag-arboles-urbanos tag-biodiversidad-urbana tag-contaminantes-atmosfericos tag-habitat-para-insectos tag-purificacion-del-aire tag-servicios-ecosistemicos\" data-elementor-post-type=\"elementor_library\" data-custom-edit-handle=\"1\">\n\t\t\t<div class=\"elementor-element elementor-element-d3657ae e-flex e-con-boxed e-con e-parent\" data-id=\"d3657ae\" data-element_type=\"container\" data-e-type=\"container\">\n\t\t\t\t\t<div class=\"e-con-inner\">\n\t\t<a class=\"elementor-element elementor-element-8d4132d e-con-full e-flex e-con e-child\" data-id=\"8d4132d\" data-element_type=\"container\" data-e-type=\"container\" href=\"https:\/\/obsnev.es\/en\/biocitrees-una-comprension-integradora-del-papel-de-los-arboles-urbanos-para-las-personas-y-la-naturaleza\/\">\n\t\t\t\t<\/a>\n\t\t<div class=\"elementor-element elementor-element-352c1ed e-con-full e-flex e-con e-child\" data-id=\"352c1ed\" data-element_type=\"container\" data-e-type=\"container\">\n\t\t\t\t<div class=\"elementor-element elementor-element-77ddfb5 elementor-widget elementor-widget-post-info\" data-id=\"77ddfb5\" data-element_type=\"widget\" data-e-type=\"widget\" data-widget_type=\"post-info.default\">\n\t\t\t\t<div class=\"elementor-widget-container\">\n\t\t\t\t\t\t\t<ul class=\"elementor-icon-list-items elementor-post-info\">\n\t\t\t\t\t\t\t\t<li class=\"elementor-icon-list-item elementor-repeater-item-ba34b47\" itemprop=\"about\">\n\t\t\t\t\t\t\t\t\t\t\t\t\t<span class=\"elementor-icon-list-text elementor-post-info__item elementor-post-info__item--type-terms\">\n\t\t\t\t\t\t\t\t\t\t<span class=\"elementor-post-info__terms-list\">\n\t\t\t\t<a href=\"https:\/\/obsnev.es\/en\/category\/canal-de-noticias\/\" class=\"elementor-post-info__terms-list-item\">Canal de Noticias<\/a>, <a href=\"https:\/\/obsnev.es\/en\/category\/observatorio-de-cambio-global\/\" class=\"elementor-post-info__terms-list-item\">Observatorio de Cambio Global<\/a>\t\t\t\t<\/span>\n\t\t\t\t\t<\/span>\n\t\t\t\t\t\t\t\t<\/li>\n\t\t\t\t<\/ul>\n\t\t\t\t\t\t<\/div>\n\t\t\t\t<\/div>\n\t\t\t\t<div class=\"elementor-element elementor-element-07ce989 elementor-widget elementor-widget-theme-post-title elementor-page-title elementor-widget-heading\" data-id=\"07ce989\" data-element_type=\"widget\" data-e-type=\"widget\" data-widget_type=\"theme-post-title.default\">\n\t\t\t\t<div class=\"elementor-widget-container\">\n\t\t\t\t\t<h5 class=\"elementor-heading-title elementor-size-default\"><a href=\"https:\/\/obsnev.es\/en\/biocitrees-una-comprension-integradora-del-papel-de-los-arboles-urbanos-para-las-personas-y-la-naturaleza\/\">BIOCITREES: Una comprensi\u00f3n integradora del papel de los \u00e1rboles urbanos para las personas y la naturaleza<\/a><\/h5>\t\t\t\t<\/div>\n\t\t\t\t<\/div>\n\t\t\t\t<div class=\"elementor-element elementor-element-8bdae50 elementor-widget elementor-widget-theme-post-excerpt\" data-id=\"8bdae50\" data-element_type=\"widget\" data-e-type=\"widget\" data-widget_type=\"theme-post-excerpt.default\">\n\t\t\t\t<div class=\"elementor-widget-container\">\n\t\t\t\t\t<p>Un proyecto encabezado por el Departamento de Ecolog\u00eda y el Instituto Interuniversitario de Investigaci\u00f3n del Sistema Tierra en Andaluc\u00eda est\u00e1 recopilando datos en diversos parques de Granada. La iniciativa BIOCITREES, titulada \u00abUna comprensi\u00f3n integradora del papel de los \u00e1rboles urbanos...\t\t\t\t<\/div>\n\t\t\t\t<\/div>\n\t\t<div class=\"elementor-element elementor-element-5d82f2d e-con-full e-flex e-con e-child\" data-id=\"5d82f2d\" data-element_type=\"container\" data-e-type=\"container\">\n\t\t\t\t<div class=\"elementor-element elementor-element-f9de064 elementor-widget elementor-widget-heading\" data-id=\"f9de064\" data-element_type=\"widget\" data-e-type=\"widget\" data-widget_type=\"heading.default\">\n\t\t\t\t<div class=\"elementor-widget-container\">\n\t\t\t\t\t<span class=\"elementor-heading-title elementor-size-default\"><span style=\"font-weight:400 !important\">Por <\/span>obsnev,<\/span>\t\t\t\t<\/div>\n\t\t\t\t<\/div>\n\t\t\t\t<div class=\"elementor-element elementor-element-ee59217 elementor-widget elementor-widget-heading\" data-id=\"ee59217\" data-element_type=\"widget\" data-e-type=\"widget\" data-widget_type=\"heading.default\">\n\t\t\t\t<div class=\"elementor-widget-container\">\n\t\t\t\t\t<span class=\"elementor-heading-title elementor-size-default\">&nbsp;2 years ago<\/span>\t\t\t\t<\/div>\n\t\t\t\t<\/div>\n\t\t\t\t<\/div>\n\t\t\t\t<\/div>\n\t\t\t\t\t<\/div>\n\t\t\t\t<\/div>\n\t\t\t\t<\/div>\n\t\t\t\t<\/div>\n\t\t\n\t\t\t\t<div class=\"e-load-more-anchor\" data-page=\"1\" data-max-page=\"17\" data-next-page=\"https:\/\/obsnev.es\/en\/wp-json\/wp\/v2\/pages\/1011324\/page\/2\/\"><\/div>\n\t\t\t\t<nav class=\"elementor-pagination\" aria-label=\"Pagination\">\n\t\t\t<span class=\"page-numbers prev\">Anterior<\/span>\n<span aria-current=\"page\" class=\"page-numbers current\"><span class=\"elementor-screen-only\">Page<\/span>1<\/span>\n<a class=\"page-numbers\" href=\"https:\/\/obsnev.es\/en\/wp-json\/wp\/v2\/pages\/1011324\/page\/2\/\"><span class=\"elementor-screen-only\">Page<\/span>2<\/a>\n<a class=\"page-numbers\" href=\"https:\/\/obsnev.es\/en\/wp-json\/wp\/v2\/pages\/1011324\/page\/3\/\"><span class=\"elementor-screen-only\">Page<\/span>3<\/a>\n<a class=\"page-numbers\" href=\"https:\/\/obsnev.es\/en\/wp-json\/wp\/v2\/pages\/1011324\/page\/4\/\"><span class=\"elementor-screen-only\">Page<\/span>4<\/a>\n<a class=\"page-numbers\" href=\"https:\/\/obsnev.es\/en\/wp-json\/wp\/v2\/pages\/1011324\/page\/5\/\"><span class=\"elementor-screen-only\">Page<\/span>5<\/a>\n<a class=\"page-numbers next\" href=\"https:\/\/obsnev.es\/en\/wp-json\/wp\/v2\/pages\/1011324\/page\/2\/\">Siguiente<\/a>\t\t<\/nav>\n\t\t\t\t\t\t<\/div>\n\t\t\t\t<\/div>\n\t\t\t\t<\/div>\n\t\t\t\t<div class=\"elementor-element elementor-element-126e022 elementor-widget elementor-widget-spacer\" data-id=\"126e022\" data-element_type=\"widget\" data-e-type=\"widget\" data-widget_type=\"spacer.default\">\n\t\t\t\t<div class=\"elementor-widget-container\">\n\t\t\t\t\t\t\t<div class=\"elementor-spacer\">\n\t\t\t<div class=\"elementor-spacer-inner\"><\/div>\n\t\t<\/div>\n\t\t\t\t\t\t<\/div>\n\t\t\t\t<\/div>\n\t\t\t\t\t<\/div>\n\t\t\t\t<\/div>\n\t\t\t\t<\/div>\n\t\t","protected":false},"excerpt":{"rendered":"","protected":false},"author":1,"featured_media":0,"parent":0,"menu_order":0,"comment_status":"closed","ping_status":"closed","template":"","meta":{"_acf_changed":false,"footnotes":""},"class_list":["post-1011324","page","type-page","status-publish","hentry"],"acf":[],"aioseo_notices":[],"_links":{"self":[{"href":"https:\/\/obsnev.es\/en\/wp-json\/wp\/v2\/pages\/1011324","targetHints":{"allow":["GET"]}}],"collection":[{"href":"https:\/\/obsnev.es\/en\/wp-json\/wp\/v2\/pages"}],"about":[{"href":"https:\/\/obsnev.es\/en\/wp-json\/wp\/v2\/types\/page"}],"author":[{"embeddable":true,"href":"https:\/\/obsnev.es\/en\/wp-json\/wp\/v2\/users\/1"}],"replies":[{"embeddable":true,"href":"https:\/\/obsnev.es\/en\/wp-json\/wp\/v2\/comments?post=1011324"}],"version-history":[{"count":16,"href":"https:\/\/obsnev.es\/en\/wp-json\/wp\/v2\/pages\/1011324\/revisions"}],"predecessor-version":[{"id":1011442,"href":"https:\/\/obsnev.es\/en\/wp-json\/wp\/v2\/pages\/1011324\/revisions\/1011442"}],"wp:attachment":[{"href":"https:\/\/obsnev.es\/en\/wp-json\/wp\/v2\/media?parent=1011324"}],"curies":[{"name":"wp","href":"https:\/\/api.w.org\/{rel}","templated":true}]}}