{"id":1011652,"date":"2026-02-23T12:16:23","date_gmt":"2026-02-23T11:16:23","guid":{"rendered":"https:\/\/new.obsnev.es\/?page_id=1011652"},"modified":"2026-02-23T12:16:51","modified_gmt":"2026-02-23T11:16:51","slug":"enlaces","status":"publish","type":"page","link":"https:\/\/obsnev.es\/en\/enlaces\/","title":{"rendered":"Links"},"content":{"rendered":"<div data-elementor-type=\"wp-page\" data-elementor-id=\"1011652\" class=\"elementor elementor-1011652\" data-elementor-post-type=\"page\">\n\t\t\t\t<div class=\"elementor-element elementor-element-7eeab1a e-flex e-con-boxed e-con e-parent\" data-id=\"7eeab1a\" data-element_type=\"container\" data-e-type=\"container\">\n\t\t\t\t\t<div class=\"e-con-inner\">\n\t\t\t\t<div class=\"elementor-element elementor-element-1e12982 elementor-widget elementor-widget-spacer\" data-id=\"1e12982\" data-element_type=\"widget\" data-e-type=\"widget\" data-widget_type=\"spacer.default\">\n\t\t\t\t<div class=\"elementor-widget-container\">\n\t\t\t\t\t\t\t<div class=\"elementor-spacer\">\n\t\t\t<div class=\"elementor-spacer-inner\"><\/div>\n\t\t<\/div>\n\t\t\t\t\t\t<\/div>\n\t\t\t\t<\/div>\n\t\t\t\t<div class=\"elementor-element elementor-element-f2c2b8c elementor-widget elementor-widget-text-editor\" data-id=\"f2c2b8c\" data-element_type=\"widget\" data-e-type=\"widget\" data-widget_type=\"text-editor.default\">\n\t\t\t\t<div class=\"elementor-widget-container\">\n\t\t\t\t\t\t\t\t\t<h4><strong>Iniciativas de seguimiento de cambio global<\/strong><\/h4><ul><li><a href=\"http:\/\/www.juntadeandalucia.es\/medioambiente\/site\/portalweb\/menuitem.7e1cf46ddf59bb227a9ebe205510e1ca\/?vgnextoid=040c6dccaa537310VgnVCM1000001325e50aRCRD&amp;vgnextchannel=88be693aa8465310VgnVCM1000001325e50aRCRD\">Red de Observatorios de Cambio Global de Andaluc\u00eda<\/a><\/li><li><a href=\"https:\/\/www.opcc-ctp.org\/\">Observatorio Pirenaico del Cambio Clim\u00e1tico<\/a><\/li><li><a href=\"https:\/\/lternet.edu\/\">Long Term Ecological Research Network<\/a><\/li><\/ul><h4><strong>Sitios web institucionales<\/strong><\/h4><ul><li><a href=\"https:\/\/www.juntadeandalucia.es\/organismos\/sostenibilidadmedioambienteyeconomiaazul.html\">Consejer\u00eda de Sostenibilidad, Medio Ambiente y Econom\u00eda Azul<\/a><\/li><li><a href=\"http:\/\/www.csic.es\/\">Consejo superior de Investigaciones Cient\u00edficas<\/a><\/li><li><a href=\"http:\/\/www.ugr.es\/\">University of Granada<\/a><\/li><li><a href=\"http:\/\/www.iista.es\/\">Instituto Interuniversitario de Investigaci\u00f3n del Sistema Tierra en Andaluc\u00eda<\/a><\/li><li><a href=\"https:\/\/www.ual.es\/\">Universidad de Almer\u00eda<\/a><\/li><li><a href=\"http:\/\/www.caescg.org\/\">Centro Andaluz de Estudio y Seguimiento del Cambio Global<\/a><\/li><li><a href=\"http:\/\/www.parqueciencias.com\/\">Parque de las Ciencias de Andaluc\u00eda<\/a><\/li><li><a href=\"https:\/\/www.miteco.gob.es\/es\/\">Ministerio para la Transici\u00f3n Ecol\u00f3gica y el Reto Demogr\u00e1fico<\/a><\/li><li><a href=\"http:\/\/www.mapama.gob.es\/es\/\">Ministerio de Agricultura y Pesca y Alimentaci\u00f3n<\/a><\/li><li><a href=\"http:\/\/www.mapama.gob.es\/es\/parques-nacionales-oapn\/\">Organismo Aut\u00f3nomo Parques Nacionales<\/a><\/li><\/ul><h3><strong>Proyectos Life:<\/strong><\/h3><ul><li><a href=\"https:\/\/www.lifeadaptamed.eu\/\">Life Adaptamed<\/a><\/li><li><a href=\"http:\/\/www.mixforchange.eu\/es\/\">LIFE MixForChange<\/a>\u00a0\u2013 Innovative management strategies for climate change adaptation of mixed subhumid Mediterranean forests LIFE15 CCA\/ES\/000060<\/li><li><a href=\"http:\/\/www.foreccast.eu\/\">LIFE FORECCAsT<\/a>\u00a0\u2013 Forest: Climate Change Adaptation. LIFE15 CCA\/FR\/000021<\/li><li><a href=\"http:\/\/www.aforclimate.eu\/\">LIFE AFORCLIMATE<\/a>\u00a0\u2013 Adaptation of FORest management to CLIMATE variability: an ecological approach \u2013 AforClimate. LIFE15 CCA\/IT\/000089<\/li><li><a href=\"http:\/\/www.lifemontadoadapt.com\/\">LIFE-Montado-adapt<\/a>\u00a0\u2013 MONTADO &amp; CLIMATE; A NEED TO ADAPT LIFE15 CCA\/PT\/000043<\/li><li><a href=\"http:\/\/www.adapt2clima.eu\/en\/\">LIFE ADAPT2CLIMA<\/a>\u00a0\u2013 Adaptation to Climate change Impacts on the Mediterranean islands\u2019 Agriculture LIFE14 CCA\/GR\/000928<\/li><li><a href=\"http:\/\/life-bluenatura.eu\/en\/home\/\">LIFE Blue Natura<\/a>\u00a0\u2013 Andalusian blue carbon for climate change mitigation: quantification and valorization mechanisms. LIFE14 CCM\/ES\/000957<\/li><li><a href=\"http:\/\/lifeforestco2.eu\/\">LIFE FOREST CO2<\/a>\u00a0\u2013 Assessment of forest-carbon sinks and promotion of compensation systems as tools for climate change mitigation. LIFE14 CCM\/ES\/001271<\/li><li><a href=\"http:\/\/lifeforesmit.com\/it\/\">LIFE FoResMit<\/a>\u00a0\u2013 Recovery of degraded coniferous Forests for environmental sustainability Restoration and climate change Mitigation. LIFE14 CCM\/IT\/000905<\/li><li><a href=\"http:\/\/fundacion-biodiversidad.es\/es\/cambio-climatico-y-calidad-ambiental\/proyectos-propios\/life-shara\">LIFE SHARA<\/a>\u00a0\u2013 Sharing Awareness and Governance of Adaptation to Climate Change in Spain. LIFE15 GIC\/ES\/000033<\/li><li><a href=\"http:\/\/www.biodehesa.es\/\">Life bioDehesa<\/a>\u00a0\u2013 Ecosistemas de dehesa: Desarrollo de pol\u00edticas y herramientas para la gesti\u00f3n y conservaci\u00f3n de la biodiversidad. LIFE11\/BIO\/ES\/000726<\/li><\/ul><h3><strong>Otros enlaces:<\/strong><\/h3><ul><li><a href=\"http:\/\/www.ecopotential-project.eu\/\">Proyecto Ecopotential<\/a><\/li><li><a href=\"http:\/\/www.alter-net.info\/\">Europe\u2019s ecosystem research network<\/a><\/li><li><a href=\"https:\/\/www.ipcc.ch\/\">Panel Intergubernamental de Cambio Clim\u00e1tico (Intergovernmental Panel on Climate Change \u2013 IPCC)<\/a><\/li><li><a href=\"https:\/\/ec.europa.eu\/info\/departments\/environment_es\">Direcci\u00f3n General de Medio Ambiente (DGENV) de la Comisi\u00f3n Europea (ES)<\/a><\/li><li><a href=\"https:\/\/ec.europa.eu\/dgs\/environment\/\">Directorate General for Environment (DGENV) of the European Commission (EN)<\/a><\/li><li><a href=\"https:\/\/www.eea.europa.eu\/es\">Agencia Europea de Medio Ambiente (ES)<\/a><\/li><li><a href=\"https:\/\/www.eea.europa.eu\/\">European Environment Agency (EEA)<\/a><\/li><li><a href=\"https:\/\/www.iucn.org\/es\">Uni\u00f3n Internacional para la Conservaci\u00f3n de la Naturaleza (UICN)<\/a><\/li><li><a href=\"https:\/\/www.iucn.org\/theme\/protected-areas\/our-work\/iucn-green-list-protected-and-conserved-areas\">Uni\u00f3n Internacional para la Conservaci\u00f3n de la Naturaleza (UICN)<\/a><\/li><li><a href=\"https:\/\/www.coe.int\/en\/web\/bern-convention\/european-diploma-for-protected-areas\">Council of Europe: Bern Convention and European Diploma for Protected Areas<\/a><\/li><li><a href=\"https:\/\/www.ramsar.org\/\">Convenio de Ramsar de Humedales de Importancia Internacional<\/a><\/li><li><a href=\"https:\/\/www.un.org\/sustainabledevelopment\/\">Objetivos de Desarrollo Sostenible de Naciones Unidas:<\/a><\/li><li><a href=\"http:\/\/www.creaf.cat\/es\">CREAF | Centro de Investigaci\u00f3n Ecol\u00f3gica y Aplicaciones Forestales<\/a><\/li><li><a href=\"http:\/\/www.neonscience.org\/\">The National Ecological Observatory Network<\/a><\/li><li><a href=\"http:\/\/www.ebd.csic.es\/observatorio-cambio-global\">Observatorio de Cambio Global de Do\u00f1ana:<\/a><\/li><li><a href=\"http:\/\/www.mapama.gob.es\/es\/red-parques-nacionales\/red-seguimiento\/cambio-global.aspx\">Programa de seguimiento de Cambio Global en la Red de Parques Nacionales (OAPN):<\/a><\/li><li><a href=\"https:\/\/www.tern.org.au\/\">Terrestrial Ecosystem Research Network Australia<\/a><\/li><li><a href=\"https:\/\/mountainresearchinitiative.org\/\">Mountain Research Initiative<\/a><\/li><li><a href=\"http:\/\/www.pngp.it\/\">Parque Nacional Gran Paradiso (Italia)<\/a><\/li><li><a href=\"https:\/\/www.ordesa.net\/\">Parque Nacional Ordesa y Monte Perdido<\/a><\/li><li><a href=\"https:\/\/www.miteco.gob.es\/es\/red-parques-nacionales\/nuestros-parques\/aiguestortes\/\">Parque Nacional de Aig\u00fcestortes<\/a><\/li><\/ul>\t\t\t\t\t\t\t\t<\/div>\n\t\t\t\t<\/div>\n\t\t\t\t<div class=\"elementor-element elementor-element-2ccf3a8 elementor-widget elementor-widget-spacer\" data-id=\"2ccf3a8\" data-element_type=\"widget\" data-e-type=\"widget\" data-widget_type=\"spacer.default\">\n\t\t\t\t<div class=\"elementor-widget-container\">\n\t\t\t\t\t\t\t<div class=\"elementor-spacer\">\n\t\t\t<div class=\"elementor-spacer-inner\"><\/div>\n\t\t<\/div>\n\t\t\t\t\t\t<\/div>\n\t\t\t\t<\/div>\n\t\t\t\t\t<\/div>\n\t\t\t\t<\/div>\n\t\t\t\t<\/div>","protected":false},"excerpt":{"rendered":"<p>Iniciativas de seguimiento de cambio global Red de Observatorios de Cambio Global de Andaluc\u00eda Observatorio Pirenaico del Cambio Clim\u00e1tico Long Term Ecological Research Network Sitios web institucionales Consejer\u00eda de Sostenibilidad, Medio Ambiente y Econom\u00eda Azul Consejo superior de Investigaciones Cient\u00edficas Universidad de Granada Instituto Interuniversitario de Investigaci\u00f3n del Sistema Tierra en Andaluc\u00eda Universidad de Almer\u00eda [&hellip;]<\/p>\n","protected":false},"author":1,"featured_media":0,"parent":0,"menu_order":0,"comment_status":"closed","ping_status":"closed","template":"","meta":{"_acf_changed":false,"footnotes":""},"class_list":["post-1011652","page","type-page","status-publish","hentry"],"acf":[],"aioseo_notices":[],"_links":{"self":[{"href":"https:\/\/obsnev.es\/en\/wp-json\/wp\/v2\/pages\/1011652","targetHints":{"allow":["GET"]}}],"collection":[{"href":"https:\/\/obsnev.es\/en\/wp-json\/wp\/v2\/pages"}],"about":[{"href":"https:\/\/obsnev.es\/en\/wp-json\/wp\/v2\/types\/page"}],"author":[{"embeddable":true,"href":"https:\/\/obsnev.es\/en\/wp-json\/wp\/v2\/users\/1"}],"replies":[{"embeddable":true,"href":"https:\/\/obsnev.es\/en\/wp-json\/wp\/v2\/comments?post=1011652"}],"version-history":[{"count":4,"href":"https:\/\/obsnev.es\/en\/wp-json\/wp\/v2\/pages\/1011652\/revisions"}],"predecessor-version":[{"id":1011656,"href":"https:\/\/obsnev.es\/en\/wp-json\/wp\/v2\/pages\/1011652\/revisions\/1011656"}],"wp:attachment":[{"href":"https:\/\/obsnev.es\/en\/wp-json\/wp\/v2\/media?parent=1011652"}],"curies":[{"name":"wp","href":"https:\/\/api.w.org\/{rel}","templated":true}]}}