{"id":1011716,"date":"2026-02-23T13:05:29","date_gmt":"2026-02-23T12:05:29","guid":{"rendered":"https:\/\/new.obsnev.es\/?page_id=1011716"},"modified":"2026-02-24T10:44:46","modified_gmt":"2026-02-24T09:44:46","slug":"investigacion","status":"publish","type":"page","link":"https:\/\/obsnev.es\/en\/investigacion\/","title":{"rendered":"Research"},"content":{"rendered":"<div data-elementor-type=\"wp-page\" data-elementor-id=\"1011716\" class=\"elementor elementor-1011716\" data-elementor-post-type=\"page\">\n\t\t\t\t<div class=\"elementor-element elementor-element-bc726e4 e-flex e-con-boxed e-con e-parent\" data-id=\"bc726e4\" data-element_type=\"container\" data-e-type=\"container\">\n\t\t\t\t\t<div class=\"e-con-inner\">\n\t\t\t\t<div class=\"elementor-element elementor-element-c48a06d elementor-widget elementor-widget-spacer\" data-id=\"c48a06d\" data-element_type=\"widget\" data-e-type=\"widget\" data-widget_type=\"spacer.default\">\n\t\t\t\t<div class=\"elementor-widget-container\">\n\t\t\t\t\t\t\t<div class=\"elementor-spacer\">\n\t\t\t<div class=\"elementor-spacer-inner\"><\/div>\n\t\t<\/div>\n\t\t\t\t\t\t<\/div>\n\t\t\t\t<\/div>\n\t\t\t\t<div class=\"elementor-element elementor-element-8ec31e5 elementor-widget elementor-widget-text-editor\" data-id=\"8ec31e5\" data-element_type=\"widget\" data-e-type=\"widget\" data-widget_type=\"text-editor.default\">\n\t\t\t\t<div class=\"elementor-widget-container\">\n\t\t\t\t\t\t\t\t\t<p>Sierra Nevada is well known internationally for its natural values, as it is the largest reservoir of montane biodiversity in Europe. The University of Granada (UGR) is a leading academic institution with a long research tradition in Sierra Nevada, providing a very good level of scientific knowledge on broad topics related to biodiversity, ecology and global change. The University of Granada also has extensive experience of continuous collaboration with the Junta de Andaluc\u00eda (Regional government) and the Ministerio de Transici\u00f3n Ecol\u00f3gica (Spanish government), being responsible for the Scientific Coordination of the Sierra Nevada Global Change Observatory from its origins, with the purpose of developing a scientific program to monitor the health status of the Sierra Nevada ecosystems.<\/p><p>Sierra Nevada Global Change Observatory have also a broad collaboration expertise in projects and international organisms such as GLORIA, GLOCHAMORE ECOPOTENTIAL, EUBON, ILTER, LTER Europe, CYTED, GBIF, IUCN, etc. This collaboration is now specially relevant in Europe and South America mountainous areas.<\/p><p>Our challenge now is to promote the transformation of the Sierra Nevada Global Change Observatory Project to an European infrastructure under the LifeWatch ERIC umbrella: The Thematic Center on Mountain Ecosystems (University of Granada-Sierra Nevada), promoting cooperation and the exchange of information among researchers, managers and citizens, here and worldwide.<\/p><p>The observatory programme pursues the following general goals:<\/p><ul><li>To put into value all the existing scientific-technical information on the natural systems in Sierra Nevada.<\/li><li>To assess, using standardized methodological protocols, the functioning of the\necosystems of the Sierra Nevada Protected\nArea, its natural processes, and its dynamics, in a long-term perspective.<\/li><li>To know the population dynamics, phenological variations, and conservation problems of different key organisms as indicators of ecological processes that can be affected by global change.<\/li><li>To identify the possible effects of global\nchange on the species, ecosystems, and\nnatural resources, providing a vision of the\ntrends of change.<\/li><li>To design mechanisms to evaluate the\neffectiveness of the management activities\nundertaken in Sierra Nevada.<\/li><\/ul>\t\t\t\t\t\t\t\t<\/div>\n\t\t\t\t<\/div>\n\t\t\t\t<div class=\"elementor-element elementor-element-2ce21b0 elementor-widget elementor-widget-image\" data-id=\"2ce21b0\" data-element_type=\"widget\" data-e-type=\"widget\" data-widget_type=\"image.default\">\n\t\t\t\t<div class=\"elementor-widget-container\">\n\t\t\t\t\t\t\t\t\t\t\t\t\t\t\t<img fetchpriority=\"high\" decoding=\"async\" width=\"800\" height=\"456\" src=\"https:\/\/obsnev.es\/wp-content\/uploads\/2020\/01\/Esquema_Investigacion_ES.png\" class=\"attachment-large size-large wp-image-1008599\" alt=\"\" srcset=\"https:\/\/obsnev.es\/wp-content\/uploads\/2020\/01\/Esquema_Investigacion_ES.png 992w, https:\/\/obsnev.es\/wp-content\/uploads\/2020\/01\/Esquema_Investigacion_ES-300x171.png 300w, https:\/\/obsnev.es\/wp-content\/uploads\/2020\/01\/Esquema_Investigacion_ES-768x437.png 768w, https:\/\/obsnev.es\/wp-content\/uploads\/2020\/01\/Esquema_Investigacion_ES-18x10.png 18w\" sizes=\"(max-width: 800px) 100vw, 800px\" \/>\t\t\t\t\t\t\t\t\t\t\t\t\t\t\t<\/div>\n\t\t\t\t<\/div>\n\t\t\t\t<div class=\"elementor-element elementor-element-489a265 elementor-widget elementor-widget-text-editor\" data-id=\"489a265\" data-element_type=\"widget\" data-e-type=\"widget\" data-widget_type=\"text-editor.default\">\n\t\t\t\t<div class=\"elementor-widget-container\">\n\t\t\t\t\t\t\t\t\t<div id=\"panel-gb4704-699c3bdf8c7d9-0-0-0\" class=\"so-panel widget widget_sow-editor panel-first-child\" data-index=\"0\"><div class=\"so-widget-sow-editor so-widget-sow-editor-base\"><div class=\"siteorigin-widget-tinymce textwidget\"><p>In short, our programme is intended to diagnose the degree of ecosystem sensitivity to changes, and their adaptation capacity, fostering resistance and resilience of the ecosystems through suitable management actions.<\/p><\/div><\/div><\/div><div id=\"panel-gb4704-699c3bdf8c7d9-0-0-1\" class=\"so-panel widget widget_sow-editor\" data-index=\"1\"><div class=\"so-widget-sow-editor so-widget-sow-editor-base\"><h3 class=\"widget-title\">Dimensi\u00f3n temporal<\/h3><div class=\"siteorigin-widget-tinymce textwidget\"><p>Una herramienta clave para fomentar la colaboraci\u00f3n entre investigadores y gestores son los programas de seguimiento ambientales. La aproximaci\u00f3n cient\u00edfica al estudio de los procesos ecol\u00f3gicos se sustenta no s\u00f3lo en s\u00f3lidos marcos te\u00f3ricos y buenos dise\u00f1os experimentales dirigidos a comprobar hip\u00f3tesis, tambi\u00e9n necesita de series temporales derivadas de los estudios a largo plazo (Carpenter 1998).<\/p><p>Muchos procesos ecol\u00f3gicos requieren de programas de seguimiento a largo plazo porque su tasa de cambio es muy lenta, o bien para poder captar el impacto de los eventos extremos, que suelen ser poco frecuentes. Pocos hechos han cambiado tanto nuestra visi\u00f3n sobre lo que est\u00e1 pasando en nuestro planeta como la famosa serie temporal obtenida en las remotas Islas Hawaii, que muestra el incremento, pausado pero constante, de la concentraci\u00f3n de CO2 atmosf\u00e9rico en el hemisferio norte durante las \u00faltimas d\u00e9cadas.<\/p><\/div><\/div><\/div>\t\t\t\t\t\t\t\t<\/div>\n\t\t\t\t<\/div>\n\t\t\t\t<div class=\"elementor-element elementor-element-6ba7b5c elementor-widget elementor-widget-image\" data-id=\"6ba7b5c\" data-element_type=\"widget\" data-e-type=\"widget\" data-widget_type=\"image.default\">\n\t\t\t\t<div class=\"elementor-widget-container\">\n\t\t\t\t\t\t\t\t\t\t\t\t\t\t\t<img decoding=\"async\" width=\"700\" height=\"543\" src=\"https:\/\/obsnev.es\/wp-content\/uploads\/2020\/03\/co2_mauna_loa.png\" class=\"attachment-large size-large wp-image-1009152\" alt=\"\" srcset=\"https:\/\/obsnev.es\/wp-content\/uploads\/2020\/03\/co2_mauna_loa.png 700w, https:\/\/obsnev.es\/wp-content\/uploads\/2020\/03\/co2_mauna_loa-300x233.png 300w, https:\/\/obsnev.es\/wp-content\/uploads\/2020\/03\/co2_mauna_loa-15x12.png 15w\" sizes=\"(max-width: 700px) 100vw, 700px\" \/>\t\t\t\t\t\t\t\t\t\t\t\t\t\t\t<\/div>\n\t\t\t\t<\/div>\n\t\t\t\t<div class=\"elementor-element elementor-element-87cc607 elementor-widget elementor-widget-text-editor\" data-id=\"87cc607\" data-element_type=\"widget\" data-e-type=\"widget\" data-widget_type=\"text-editor.default\">\n\t\t\t\t<div class=\"elementor-widget-container\">\n\t\t\t\t\t\t\t\t\t<div id=\"panel-gb4704-699c3bdf8c7d9-0-0-0\" class=\"so-panel widget widget_sow-editor panel-first-child\" data-index=\"0\"><div class=\"so-widget-sow-editor so-widget-sow-editor-base\"><div class=\"siteorigin-widget-tinymce textwidget\"><div id=\"panel-gb4704-699c3bdf8c7d9-0-0-1\" class=\"so-panel widget widget_sow-editor\" data-index=\"1\"><div class=\"so-widget-sow-editor so-widget-sow-editor-base\"><div class=\"siteorigin-widget-tinymce textwidget\"><p>Por otra parte, la obtenci\u00f3n de largas series temporales es clave para la adecuada parametrizaci\u00f3n y validaci\u00f3n de modelos ambientales, como por ejemplo, los modelos de circulaci\u00f3n general para pronosticar el clima futuro, o los modelos de distribuci\u00f3n potencial de las especies. Es evidente que el seguimiento a largo plazo es una parte crucial para generar buena, s\u00f3lida y perdurable ciencia ecol\u00f3gica (Lovett et al. 2007).<\/p><\/div><\/div><\/div><div id=\"panel-gb4704-699c3bdf8c7d9-0-0-2\" class=\"so-panel widget widget_sow-editor panel-last-child\" data-index=\"2\"><div class=\"so-widget-sow-editor so-widget-sow-editor-base\"><h3 class=\"widget-title\">Dimensi\u00f3n espacial<\/h3><div class=\"siteorigin-widget-tinymce textwidget\"><p>La gesti\u00f3n en un escenario de cambio global requiere considerar conjuntamente diferentes escalas espaciales (local, regional, global) y temporales (corto, medio y largo plazo). No basta con tener buenas series temporales en un punto privilegiado del territorio con mucha tradici\u00f3n en investigaci\u00f3n y seguimiento. El cambio global, por definici\u00f3n, tiene dimensiones globales, y necesita de redes de seguimiento repartidas estrat\u00e9gicamente por todo el Planeta, atendiendo a su posici\u00f3n geogr\u00e1fica, representatividad ecosist\u00e9mica e historia de manejo humano.<\/p><\/div><\/div><\/div><\/div><\/div><\/div>\t\t\t\t\t\t\t\t<\/div>\n\t\t\t\t<\/div>\n\t\t<div class=\"elementor-element elementor-element-15fa403 e-grid e-con-full e-con e-child\" data-id=\"15fa403\" data-element_type=\"container\" data-e-type=\"container\">\n\t\t\t\t<div class=\"elementor-element elementor-element-d64b4c9 elementor-widget elementor-widget-image\" data-id=\"d64b4c9\" data-element_type=\"widget\" data-e-type=\"widget\" data-widget_type=\"image.default\">\n\t\t\t\t<div class=\"elementor-widget-container\">\n\t\t\t\t\t\t\t\t\t\t\t\t\t\t\t<img decoding=\"async\" width=\"800\" height=\"255\" src=\"https:\/\/obsnev.es\/wp-content\/uploads\/2020\/03\/Sierra_Nevada_b-1024x327.png\" class=\"attachment-large size-large wp-image-1009156\" alt=\"\" srcset=\"https:\/\/obsnev.es\/wp-content\/uploads\/2020\/03\/Sierra_Nevada_b-1024x327.png 1024w, https:\/\/obsnev.es\/wp-content\/uploads\/2020\/03\/Sierra_Nevada_b-300x96.png 300w, https:\/\/obsnev.es\/wp-content\/uploads\/2020\/03\/Sierra_Nevada_b-768x245.png 768w, https:\/\/obsnev.es\/wp-content\/uploads\/2020\/03\/Sierra_Nevada_b-18x6.png 18w, https:\/\/obsnev.es\/wp-content\/uploads\/2020\/03\/Sierra_Nevada_b.png 1210w\" sizes=\"(max-width: 800px) 100vw, 800px\" \/>\t\t\t\t\t\t\t\t\t\t\t\t\t\t\t<\/div>\n\t\t\t\t<\/div>\n\t\t\t\t<div class=\"elementor-element elementor-element-4079995 elementor-widget elementor-widget-image\" data-id=\"4079995\" data-element_type=\"widget\" data-e-type=\"widget\" data-widget_type=\"image.default\">\n\t\t\t\t<div class=\"elementor-widget-container\">\n\t\t\t\t\t\t\t\t\t\t\t\t\t\t\t<img loading=\"lazy\" decoding=\"async\" width=\"800\" height=\"465\" src=\"https:\/\/obsnev.es\/wp-content\/uploads\/2020\/03\/Andalucia_sil_b.png\" class=\"attachment-large size-large wp-image-1009153\" alt=\"\" srcset=\"https:\/\/obsnev.es\/wp-content\/uploads\/2020\/03\/Andalucia_sil_b.png 961w, https:\/\/obsnev.es\/wp-content\/uploads\/2020\/03\/Andalucia_sil_b-300x174.png 300w, https:\/\/obsnev.es\/wp-content\/uploads\/2020\/03\/Andalucia_sil_b-768x446.png 768w, https:\/\/obsnev.es\/wp-content\/uploads\/2020\/03\/Andalucia_sil_b-18x10.png 18w\" sizes=\"(max-width: 800px) 100vw, 800px\" \/>\t\t\t\t\t\t\t\t\t\t\t\t\t\t\t<\/div>\n\t\t\t\t<\/div>\n\t\t\t\t<div class=\"elementor-element elementor-element-39ed971 elementor-widget elementor-widget-image\" data-id=\"39ed971\" data-element_type=\"widget\" data-e-type=\"widget\" data-widget_type=\"image.default\">\n\t\t\t\t<div class=\"elementor-widget-container\">\n\t\t\t\t\t\t\t\t\t\t\t\t\t\t\t<img loading=\"lazy\" decoding=\"async\" width=\"800\" height=\"682\" src=\"https:\/\/obsnev.es\/wp-content\/uploads\/2020\/03\/Espana_sil_b-1024x873.png\" class=\"attachment-large size-large wp-image-1009154\" alt=\"\" srcset=\"https:\/\/obsnev.es\/wp-content\/uploads\/2020\/03\/Espana_sil_b-1024x873.png 1024w, https:\/\/obsnev.es\/wp-content\/uploads\/2020\/03\/Espana_sil_b-300x256.png 300w, https:\/\/obsnev.es\/wp-content\/uploads\/2020\/03\/Espana_sil_b-768x655.png 768w, https:\/\/obsnev.es\/wp-content\/uploads\/2020\/03\/Espana_sil_b-14x12.png 14w, https:\/\/obsnev.es\/wp-content\/uploads\/2020\/03\/Espana_sil_b.png 1346w\" sizes=\"(max-width: 800px) 100vw, 800px\" \/>\t\t\t\t\t\t\t\t\t\t\t\t\t\t\t<\/div>\n\t\t\t\t<\/div>\n\t\t\t\t<div class=\"elementor-element elementor-element-3621706 elementor-widget elementor-widget-image\" data-id=\"3621706\" data-element_type=\"widget\" data-e-type=\"widget\" data-widget_type=\"image.default\">\n\t\t\t\t<div class=\"elementor-widget-container\">\n\t\t\t\t\t\t\t\t\t\t\t\t\t\t\t<img loading=\"lazy\" decoding=\"async\" width=\"800\" height=\"649\" src=\"https:\/\/obsnev.es\/wp-content\/uploads\/2020\/03\/Europa_sil_b-1024x831.png\" class=\"attachment-large size-large wp-image-1009155\" alt=\"\" srcset=\"https:\/\/obsnev.es\/wp-content\/uploads\/2020\/03\/Europa_sil_b-1024x831.png 1024w, https:\/\/obsnev.es\/wp-content\/uploads\/2020\/03\/Europa_sil_b-300x243.png 300w, https:\/\/obsnev.es\/wp-content\/uploads\/2020\/03\/Europa_sil_b-768x623.png 768w, https:\/\/obsnev.es\/wp-content\/uploads\/2020\/03\/Europa_sil_b-1536x1246.png 1536w, https:\/\/obsnev.es\/wp-content\/uploads\/2020\/03\/Europa_sil_b-15x12.png 15w, https:\/\/obsnev.es\/wp-content\/uploads\/2020\/03\/Europa_sil_b.png 1988w\" sizes=\"(max-width: 800px) 100vw, 800px\" \/>\t\t\t\t\t\t\t\t\t\t\t\t\t\t\t<\/div>\n\t\t\t\t<\/div>\n\t\t\t\t<div class=\"elementor-element elementor-element-cac9b76 elementor-widget elementor-widget-image\" data-id=\"cac9b76\" data-element_type=\"widget\" data-e-type=\"widget\" data-widget_type=\"image.default\">\n\t\t\t\t<div class=\"elementor-widget-container\">\n\t\t\t\t\t\t\t\t\t\t\t\t\t\t\t<img loading=\"lazy\" decoding=\"async\" width=\"800\" height=\"798\" src=\"https:\/\/obsnev.es\/wp-content\/uploads\/2020\/03\/Tierra_b.png\" class=\"attachment-large size-large wp-image-1009157\" alt=\"\" srcset=\"https:\/\/obsnev.es\/wp-content\/uploads\/2020\/03\/Tierra_b.png 992w, https:\/\/obsnev.es\/wp-content\/uploads\/2020\/03\/Tierra_b-300x300.png 300w, https:\/\/obsnev.es\/wp-content\/uploads\/2020\/03\/Tierra_b-150x150.png 150w, https:\/\/obsnev.es\/wp-content\/uploads\/2020\/03\/Tierra_b-768x766.png 768w, https:\/\/obsnev.es\/wp-content\/uploads\/2020\/03\/Tierra_b-12x12.png 12w\" sizes=\"(max-width: 800px) 100vw, 800px\" \/>\t\t\t\t\t\t\t\t\t\t\t\t\t\t\t<\/div>\n\t\t\t\t<\/div>\n\t\t\t\t<\/div>\n\t\t\t\t<div class=\"elementor-element elementor-element-719e6a0 elementor-widget elementor-widget-text-editor\" data-id=\"719e6a0\" data-element_type=\"widget\" data-e-type=\"widget\" data-widget_type=\"text-editor.default\">\n\t\t\t\t<div class=\"elementor-widget-container\">\n\t\t\t\t\t\t\t\t\t<div id=\"panel-gb4704-699c3bdf8c7d9-0-0-0\" class=\"so-panel widget widget_sow-editor panel-first-child\" data-index=\"0\"><div class=\"so-widget-sow-editor so-widget-sow-editor-base\"><div class=\"siteorigin-widget-tinymce textwidget\"><div id=\"panel-gb4704-699c3bdf8c7d9-0-0-1\" class=\"so-panel widget widget_sow-editor\" data-index=\"1\"><div class=\"so-widget-sow-editor so-widget-sow-editor-base\"><div class=\"siteorigin-widget-tinymce textwidget\"><h3 class=\"widget-title\">Observaci\u00f3n de procesos remotos<\/h3><div class=\"siteorigin-widget-tinymce textwidget\"><p>Las monta\u00f1as constituyen unos enclaves privilegiados para llevar a cabo iniciativas de investigaci\u00f3n y seguimiento del cambio global, ya que son observatorios de procesos remotos. Dos tipos de procesos provocan cambios a gran escala. Por un lado, los procesos que han adquirido una dimensi\u00f3n planetaria pero s\u00f3lo mediante la suma de impactos locales (como la fragmentaci\u00f3n del territorio o los cambios de usos del suelo). Por otro, los que, con independencia de cu\u00e1l sea su origen, tienen efectos que se propagan a escala planetaria a trav\u00e9s de las envolturas fluidas de la Tierra: las aguas oce\u00e1nicas y continentales y, sobre todo, la atm\u00f3sfera. En esta segunda clase se incluyen los procesos considerados m\u00e1s genuinamente globales, y son precisamente los procesos que pueden observarse mejor desde las monta\u00f1as, como atalayas privilegiadas. En este sentido, las monta\u00f1as son observatorios privilegiados de la atmosfera, y todos los aspectos relacionados con el clima, como balance energ\u00e9tico, radiaci\u00f3n ultravioleta, deposici\u00f3n de part\u00edculas atmosf\u00e9ricas y contaminantes, gases de efecto invernadero, o el transporte de formas biol\u00f3gicas de resistencia y microorganismos.<\/p><p>Las\u00a0<a href=\"https:\/\/lagunasdesierranevada.es\/\" target=\"_blank\" rel=\"noopener\">lagunas de alta monta\u00f1a<\/a>\u00a0de Sierra Nevada actuan como autenticos\u00a0observatorios de procesos remotos que ocurren en todo el planeta y cuyo efecto se transmite por la troposfera, de una manera an\u00e1loga a las estaciones de observaci\u00f3n astron\u00f3mica del observatorio ALMA en Chile.<\/p><\/div><\/div><\/div><\/div><\/div><\/div><\/div>\t\t\t\t\t\t\t\t<\/div>\n\t\t\t\t<\/div>\n\t\t<div class=\"elementor-element elementor-element-3dbf229 e-grid e-con-full e-con e-child\" data-id=\"3dbf229\" data-element_type=\"container\" data-e-type=\"container\">\n\t\t<div class=\"elementor-element elementor-element-dd40c5d e-con-full e-flex e-con e-child\" data-id=\"dd40c5d\" data-element_type=\"container\" data-e-type=\"container\">\n\t\t\t\t<div class=\"elementor-element elementor-element-74cd885 elementor-widget elementor-widget-image\" data-id=\"74cd885\" data-element_type=\"widget\" data-e-type=\"widget\" data-widget_type=\"image.default\">\n\t\t\t\t<div class=\"elementor-widget-container\">\n\t\t\t\t\t\t\t\t\t\t\t\t\t\t\t\t<a href=\"https:\/\/www.almaobservatory.org\/es\/inicio\/\">\n\t\t\t\t\t\t\t<img loading=\"lazy\" decoding=\"async\" width=\"700\" height=\"467\" src=\"https:\/\/obsnev.es\/wp-content\/uploads\/2020\/07\/ObservatorioALMA_Chile.png\" class=\"attachment-large size-large wp-image-1009811\" alt=\"\" srcset=\"https:\/\/obsnev.es\/wp-content\/uploads\/2020\/07\/ObservatorioALMA_Chile.png 700w, https:\/\/obsnev.es\/wp-content\/uploads\/2020\/07\/ObservatorioALMA_Chile-300x200.png 300w, https:\/\/obsnev.es\/wp-content\/uploads\/2020\/07\/ObservatorioALMA_Chile-18x12.png 18w\" sizes=\"(max-width: 700px) 100vw, 700px\" \/>\t\t\t\t\t\t\t\t<\/a>\n\t\t\t\t\t\t\t\t\t\t\t\t\t\t\t<\/div>\n\t\t\t\t<\/div>\n\t\t\t\t<div class=\"elementor-element elementor-element-2d53978 elementor-widget elementor-widget-heading\" data-id=\"2d53978\" data-element_type=\"widget\" data-e-type=\"widget\" data-widget_type=\"heading.default\">\n\t\t\t\t<div class=\"elementor-widget-container\">\n\t\t\t\t\t<span class=\"elementor-heading-title elementor-size-default\"><a href=\"https:\/\/www.almaobservatory.org\/es\/inicio\/\" target=\"_blank\">Observatorio ALMA. Chile<\/a><\/span>\t\t\t\t<\/div>\n\t\t\t\t<\/div>\n\t\t\t\t<\/div>\n\t\t<div class=\"elementor-element elementor-element-34d8807 e-con-full e-flex e-con e-child\" data-id=\"34d8807\" data-element_type=\"container\" data-e-type=\"container\">\n\t\t\t\t<div class=\"elementor-element elementor-element-756d4c2 elementor-widget elementor-widget-image\" data-id=\"756d4c2\" data-element_type=\"widget\" data-e-type=\"widget\" data-widget_type=\"image.default\">\n\t\t\t\t<div class=\"elementor-widget-container\">\n\t\t\t\t\t\t\t\t\t\t\t\t\t\t\t\t<a href=\"https:\/\/lagunasdesierranevada.es\/\">\n\t\t\t\t\t\t\t<img loading=\"lazy\" decoding=\"async\" width=\"800\" height=\"535\" src=\"https:\/\/obsnev.es\/wp-content\/uploads\/2020\/07\/Lagunas_Centroides_RR.png\" class=\"attachment-large size-large wp-image-1009810\" alt=\"\" srcset=\"https:\/\/obsnev.es\/wp-content\/uploads\/2020\/07\/Lagunas_Centroides_RR.png 992w, https:\/\/obsnev.es\/wp-content\/uploads\/2020\/07\/Lagunas_Centroides_RR-300x201.png 300w, https:\/\/obsnev.es\/wp-content\/uploads\/2020\/07\/Lagunas_Centroides_RR-768x513.png 768w, https:\/\/obsnev.es\/wp-content\/uploads\/2020\/07\/Lagunas_Centroides_RR-18x12.png 18w\" sizes=\"(max-width: 800px) 100vw, 800px\" \/>\t\t\t\t\t\t\t\t<\/a>\n\t\t\t\t\t\t\t\t\t\t\t\t\t\t\t<\/div>\n\t\t\t\t<\/div>\n\t\t\t\t<div class=\"elementor-element elementor-element-4c241e1 elementor-widget elementor-widget-heading\" data-id=\"4c241e1\" data-element_type=\"widget\" data-e-type=\"widget\" data-widget_type=\"heading.default\">\n\t\t\t\t<div class=\"elementor-widget-container\">\n\t\t\t\t\t<span class=\"elementor-heading-title elementor-size-default\"><a href=\"https:\/\/lagunasdesierranevada.es\/\" target=\"_blank\">Lagunas de Sierra Nevada<\/a><\/span>\t\t\t\t<\/div>\n\t\t\t\t<\/div>\n\t\t\t\t<\/div>\n\t\t\t\t<\/div>\n\t\t\t\t<div class=\"elementor-element elementor-element-b3daca6 elementor-widget elementor-widget-text-editor\" data-id=\"b3daca6\" data-element_type=\"widget\" data-e-type=\"widget\" data-widget_type=\"text-editor.default\">\n\t\t\t\t<div class=\"elementor-widget-container\">\n\t\t\t\t\t\t\t\t\t<div id=\"panel-gb4704-699c3bdf8c7d9-0-0-0\" class=\"so-panel widget widget_sow-editor panel-first-child\" data-index=\"0\"><div class=\"so-widget-sow-editor so-widget-sow-editor-base\"><div class=\"siteorigin-widget-tinymce textwidget\"><div id=\"panel-gb4704-699c3bdf8c7d9-0-0-1\" class=\"so-panel widget widget_sow-editor\" data-index=\"1\"><div class=\"so-widget-sow-editor so-widget-sow-editor-base\"><div class=\"siteorigin-widget-tinymce textwidget\"><h3 class=\"widget-title\">Desarrollo de proyectos de gesti\u00f3n adaptativa<\/h3><div class=\"siteorigin-widget-tinymce textwidget\"><p>Frente a la gesti\u00f3n tradicional carente de seguimiento, hay que potenciar la gesti\u00f3n y el seguimiento adaptativo (Lindermayer y Likens, 2009), poniendo en valor a los ecosistemas de Sierra Nevada como bancos de pruebas, laboratorios naturales donde se ponen a punto nuevas t\u00e9cnicas de gesti\u00f3n y seguimiento de recursos naturales que mejoren la pr\u00e1ctica cotidiana. Una vez validadas, \u00e9stas nuevas t\u00e9cnicas pueden exportarse para su aplicaci\u00f3n inmediata al resto de la matriz territorial. La gesti\u00f3n activa de ecosistemas en un escenario de cambio global implica desarrollar una gesti\u00f3n de enfoque flexible, ya que las formas de gesti\u00f3n actuales pueden no servir en el futuro.<\/p><\/div><\/div><\/div><\/div><\/div><\/div><\/div>\t\t\t\t\t\t\t\t<\/div>\n\t\t\t\t<\/div>\n\t\t\t\t<div class=\"elementor-element elementor-element-18355c2 elementor-widget elementor-widget-spacer\" data-id=\"18355c2\" data-element_type=\"widget\" data-e-type=\"widget\" data-widget_type=\"spacer.default\">\n\t\t\t\t<div class=\"elementor-widget-container\">\n\t\t\t\t\t\t\t<div class=\"elementor-spacer\">\n\t\t\t<div class=\"elementor-spacer-inner\"><\/div>\n\t\t<\/div>\n\t\t\t\t\t\t<\/div>\n\t\t\t\t<\/div>\n\t\t\t\t\t<\/div>\n\t\t\t\t<\/div>\n\t\t\t\t<\/div>","protected":false},"excerpt":{"rendered":"<p>Sierra Nevada es conocida internacionalmente por sus valores naturales, ya que es la mayor reserva de biodiversidad de monta\u00f1a en Europa. La Universidad de Granada (UGR) es una instituci\u00f3n acad\u00e9mica l\u00edder en investigaci\u00f3n con una larga tradici\u00f3n de investigaci\u00f3n en Sierra Nevada, sobre temas amplios relacionados con la biodiversidad, ecolog\u00eda y cambio global. La Universidad [&hellip;]<\/p>\n","protected":false},"author":1,"featured_media":0,"parent":0,"menu_order":0,"comment_status":"closed","ping_status":"closed","template":"","meta":{"_acf_changed":false,"footnotes":""},"class_list":["post-1011716","page","type-page","status-publish","hentry"],"acf":[],"aioseo_notices":[],"_links":{"self":[{"href":"https:\/\/obsnev.es\/en\/wp-json\/wp\/v2\/pages\/1011716","targetHints":{"allow":["GET"]}}],"collection":[{"href":"https:\/\/obsnev.es\/en\/wp-json\/wp\/v2\/pages"}],"about":[{"href":"https:\/\/obsnev.es\/en\/wp-json\/wp\/v2\/types\/page"}],"author":[{"embeddable":true,"href":"https:\/\/obsnev.es\/en\/wp-json\/wp\/v2\/users\/1"}],"replies":[{"embeddable":true,"href":"https:\/\/obsnev.es\/en\/wp-json\/wp\/v2\/comments?post=1011716"}],"version-history":[{"count":10,"href":"https:\/\/obsnev.es\/en\/wp-json\/wp\/v2\/pages\/1011716\/revisions"}],"predecessor-version":[{"id":1011726,"href":"https:\/\/obsnev.es\/en\/wp-json\/wp\/v2\/pages\/1011716\/revisions\/1011726"}],"wp:attachment":[{"href":"https:\/\/obsnev.es\/en\/wp-json\/wp\/v2\/media?parent=1011716"}],"curies":[{"name":"wp","href":"https:\/\/api.w.org\/{rel}","templated":true}]}}