{"id":1012331,"date":"2026-03-04T13:10:00","date_gmt":"2026-03-04T12:10:00","guid":{"rendered":"https:\/\/new.obsnev.es\/?post_type=protocolos&#038;p=1012331"},"modified":"2026-03-04T13:40:05","modified_gmt":"2026-03-04T12:40:05","slug":"evaluacion-del-servicio-ecosistemico-de-regulacion-de-la-erosion-en-sierra-nevada","status":"publish","type":"protocolos","link":"https:\/\/obsnev.es\/en\/protocolos\/evaluacion-del-servicio-ecosistemico-de-regulacion-de-la-erosion-en-sierra-nevada\/","title":{"rendered":"Assessment of the erosion-control service in Sierra Nevada"},"content":{"rendered":"<div data-elementor-type=\"wp-post\" data-elementor-id=\"1012331\" class=\"elementor elementor-1012331\" data-elementor-post-type=\"protocolos\">\n\t\t\t\t<div class=\"elementor-element elementor-element-63787e3 e-flex e-con-boxed e-con e-parent\" data-id=\"63787e3\" data-element_type=\"container\" data-e-type=\"container\">\n\t\t\t\t\t<div class=\"e-con-inner\">\n\t\t\t\t<div class=\"elementor-element elementor-element-4db42ea elementor-widget elementor-widget-text-editor\" data-id=\"4db42ea\" data-element_type=\"widget\" data-e-type=\"widget\" data-widget_type=\"text-editor.default\">\n\t\t\t\t<div class=\"elementor-widget-container\">\n\t\t\t\t\t\t\t\t\t<div id=\"panel-gb4326-69a033732152e-0-0-0\" class=\"so-panel widget widget_sow-editor panel-first-child\" data-index=\"0\"><div class=\"fila_ficha panel-widget-style panel-widget-style-for-gb4326-69a033732152e-0-0-0\"><div class=\"so-widget-sow-editor so-widget-sow-editor-base\"><h3 class=\"widget-title\">Aims<\/h3><div class=\"siteorigin-widget-tinymce textwidget\"><div id=\"panel-gb4448-69a81f0979341-0-0-1\" class=\"so-panel widget widget_sow-editor\" data-index=\"1\"><div class=\"so-widget-sow-editor so-widget-sow-editor-base\"><div class=\"siteorigin-widget-tinymce textwidget\"><p>The aim of this methodology is to determine the capacity of soil-erosion regulation according to the land-use changes, within the framework of global change. This calculation gains meaning when the values are compared within the same territory for two different temporal references, enabling us to analyse the trends in providing this service.<\/p><\/div><\/div><\/div><\/div><\/div><\/div><\/div>\t\t\t\t\t\t\t\t<\/div>\n\t\t\t\t<\/div>\n\t\t\t\t<div class=\"elementor-element elementor-element-e2fa565 elementor-widget elementor-widget-image\" data-id=\"e2fa565\" data-element_type=\"widget\" data-e-type=\"widget\" data-widget_type=\"image.default\">\n\t\t\t\t<div class=\"elementor-widget-container\">\n\t\t\t\t\t\t\t\t\t\t\t\t\t\t\t<img fetchpriority=\"high\" decoding=\"async\" width=\"992\" height=\"429\" src=\"https:\/\/obsnev.es\/wp-content\/uploads\/2019\/09\/Figura_10_3-1_ES.png\" class=\"attachment-2048x2048 size-2048x2048 wp-image-4461\" alt=\"\" srcset=\"https:\/\/obsnev.es\/wp-content\/uploads\/2019\/09\/Figura_10_3-1_ES.png 992w, https:\/\/obsnev.es\/wp-content\/uploads\/2019\/09\/Figura_10_3-1_ES-300x130.png 300w, https:\/\/obsnev.es\/wp-content\/uploads\/2019\/09\/Figura_10_3-1_ES-768x332.png 768w, https:\/\/obsnev.es\/wp-content\/uploads\/2019\/09\/Figura_10_3-1_ES-18x8.png 18w\" sizes=\"(max-width: 992px) 100vw, 992px\" \/>\t\t\t\t\t\t\t\t\t\t\t\t\t\t\t<\/div>\n\t\t\t\t<\/div>\n\t\t\t\t<div class=\"elementor-element elementor-element-95f591f elementor-widget elementor-widget-text-editor\" data-id=\"95f591f\" data-element_type=\"widget\" data-e-type=\"widget\" data-widget_type=\"text-editor.default\">\n\t\t\t\t<div class=\"elementor-widget-container\">\n\t\t\t\t\t\t\t\t\t<div id=\"panel-gb4326-69a033732152e-0-0-0\" class=\"so-panel widget widget_sow-editor panel-first-child\" data-index=\"0\"><div class=\"fila_ficha panel-widget-style panel-widget-style-for-gb4326-69a033732152e-0-0-0\"><div class=\"so-widget-sow-editor so-widget-sow-editor-base\"><div id=\"panel-gb4326-69a033732152e-0-0-2\" class=\"so-panel widget widget_sow-editor\" data-index=\"2\"><div class=\"fila_ficha panel-widget-style panel-widget-style-for-gb4326-69a033732152e-0-0-2\"><div class=\"so-widget-sow-editor so-widget-sow-editor-base\"><div id=\"panel-gb4448-69a81f0979341-0-0-2\" class=\"so-panel widget widget_sow-editor\" data-index=\"2\"><div class=\"so-widget-sow-editor so-widget-sow-editor-base\"><h3 class=\"widget-title\">Method and effort<\/h3><div class=\"siteorigin-widget-tinymce textwidget\"><p>To evaluate the capacity of the ecosystem to regulate soil erosion, we use an indirect indicator. We cannot assess the magnitude of the erosion at the scale of Sierra Nevada but we can estimate the potential erosion of a specific area and compare it with what would occur in different scenarios of land use and agricultural practices. In this way, we can ascertain the quantity of potential erosion that is being avoided or that is being provoked as a surrogate of the regulation capacity. To calculate the potential erosion, we use the methodology known as R.U.S.L.E., a revised U.S.L.E. (Universal Soil Loss Equation), published in 1962 and widely used in the scientific literature. The equation that defines the potential erosion is:<\/p><p>A = R x K x L x S x C x P (t\/ha\/year)<\/p><p>where:<\/p><p>A= is the soil loss per unit of surface area and time; R= rainfall erosivity; K= soil erodibility; L= slope length; S= slope gradient; C= soil use; P= management practices;<\/p><p>RUSLE is calculated in the same way, although modifications and improvements have been made in the way to calculate the different variables. Thus, for the factor R, new isovalue maps have been calculated; K takes into account the possibility of freezing; L and S are estimated jointly with GIS tools; C includes new classifications; and, for P, new typologies of agricultural practices have been included.<\/p><\/div><\/div><\/div><div id=\"panel-gb4448-69a81f0979341-0-0-3\" class=\"so-panel widget widget_sow-editor\" data-index=\"3\"><div class=\"so-widget-sow-editor so-widget-sow-editor-base\"><h3 class=\"widget-title\">Periodicity<\/h3><div class=\"siteorigin-widget-tinymce textwidget\"><p>The periodicity of these studies is subject to the availability of information on soil uses and management practices.<\/p><\/div><\/div><\/div><div id=\"panel-gb4448-69a81f0979341-0-0-4\" class=\"so-panel widget widget_sow-editor\" data-index=\"4\"><div class=\"so-widget-sow-editor so-widget-sow-editor-base\"><h3 class=\"widget-title\">Results<\/h3><div class=\"siteorigin-widget-tinymce textwidget\"><ul><li>Evolution of ecosystem services in intensive and extensive Agricultural Systems. Download PDF:\u00a0<a href=\"https:\/\/obsnev.es\/wp-content\/uploads\/2020\/01\/10_3_Moreno_LLorca.pdf\" target=\"_blank\" rel=\"noopener\">English<\/a><\/li><li>Temporal evolution of ecosystem services in Sierra Nevada (Spain). Download PDF:\u00a0<a href=\"https:\/\/obsnev.es\/wp-content\/uploads\/2020\/01\/10_3_Antwerp_Moreno_LLorca.pdf\" target=\"_blank\" rel=\"noopener\">English<\/a><\/li><li>Temporal evolution and distribution of ecosystem services of Sierra Nevada. Download PDF:\u00a0<a href=\"https:\/\/obsnev.es\/wp-content\/uploads\/2020\/01\/10_3_sistemas_socioecologicos.pdf\" target=\"_blank\" rel=\"noopener\">Espa\u00f1ol<\/a>\u00a0\/\u00a0<a href=\"https:\/\/obsnev.es\/wp-content\/uploads\/2020\/01\/10_3_socioecological_systems.pdf\" target=\"_blank\" rel=\"noopener\">English<\/a><\/li><\/ul><\/div><\/div><\/div><div id=\"panel-gb4448-69a81f0979341-0-0-5\" class=\"so-panel widget widget_sow-editor panel-last-child\" data-index=\"5\"><div class=\"so-widget-sow-editor so-widget-sow-editor-base\"><h3 class=\"widget-title\">References<\/h3><div class=\"siteorigin-widget-tinymce textwidget\"><p>Mart\u00edn-Fern\u00e1ndez, L., and Mart\u00ednez-N\u00fa\u00f1ez, M. 2011. An empirical approach to estimate soil erosion risk in Spain. Sci. Total Environ., 409(17): 3114-23.<br \/>Moreno Llorca, R., Navarro Gonz\u00e1lez, I. and Bonet Garc\u00eda, F.J. 2011. Evolution of ecosystem services in intensive and extensive Agricultural Systems. En: 12th European Ecological Federation. Congress. Responding to rapid environmental change. \u00c1vila, Sep 2011.<br \/>Wischmeier, W.H. y Smith, D.D. 1962. Soil loss estimation as a tool in soil and water management planning. Pp. 148-159. En: Symposium of Bari, Oct. 1962. Commission on Land Erosion. IAHS Publ. n\u00ba 59.<\/p><\/div><\/div><\/div><\/div><\/div><\/div><\/div><\/div><\/div>\t\t\t\t\t\t\t\t<\/div>\n\t\t\t\t<\/div>\n\t\t\t\t<div class=\"elementor-element elementor-element-dd0a96b elementor-arrows-position-outside elementor-pagination-type-bullets elementor-pagination-position-outside elementor-widget elementor-widget-loop-carousel\" data-id=\"dd0a96b\" data-element_type=\"widget\" data-e-type=\"widget\" data-settings=\"{&quot;template_id&quot;:1011659,&quot;_skin&quot;:&quot;post&quot;,&quot;slides_to_show&quot;:&quot;3&quot;,&quot;slides_to_show_tablet&quot;:&quot;2&quot;,&quot;slides_to_show_mobile&quot;:&quot;1&quot;,&quot;slides_to_scroll&quot;:&quot;1&quot;,&quot;edit_handle_selector&quot;:&quot;.elementor-loop-container&quot;,&quot;autoplay&quot;:&quot;yes&quot;,&quot;autoplay_speed&quot;:5000,&quot;pause_on_hover&quot;:&quot;yes&quot;,&quot;pause_on_interaction&quot;:&quot;yes&quot;,&quot;infinite&quot;:&quot;yes&quot;,&quot;speed&quot;:500,&quot;offset_sides&quot;:&quot;none&quot;,&quot;arrows&quot;:&quot;yes&quot;,&quot;pagination&quot;:&quot;bullets&quot;,&quot;image_spacing_custom&quot;:{&quot;unit&quot;:&quot;px&quot;,&quot;size&quot;:10,&quot;sizes&quot;:[]},&quot;image_spacing_custom_tablet&quot;:{&quot;unit&quot;:&quot;px&quot;,&quot;size&quot;:&quot;&quot;,&quot;sizes&quot;:[]},&quot;image_spacing_custom_mobile&quot;:{&quot;unit&quot;:&quot;px&quot;,&quot;size&quot;:&quot;&quot;,&quot;sizes&quot;:[]}}\" data-widget_type=\"loop-carousel.post\">\n\t\t\t\t<div class=\"elementor-widget-container\">\n\t\t\t\t\t\t\t<div class=\"swiper elementor-loop-container elementor-grid\" role=\"list\" dir=\"ltr\">\n\t\t\t\t<div class=\"swiper-wrapper\" aria-live=\"off\">\n\t\t<style id=\"loop-dynamic-1011659\">.e-loop-item-1010842 .elementor-element.elementor-element-f15f364::before, .e-loop-item-1010842 .elementor-element.elementor-element-f15f364 > .elementor-background-video-container::before, .e-loop-item-1010842 .elementor-element.elementor-element-f15f364 > .e-con-inner > .elementor-background-video-container::before, .e-loop-item-1010842 .elementor-element.elementor-element-f15f364 > .elementor-background-slideshow::before, .e-loop-item-1010842 .elementor-element.elementor-element-f15f364 > .e-con-inner > .elementor-background-slideshow::before, .e-loop-item-1010842 .elementor-element.elementor-element-f15f364 > .elementor-motion-effects-container > .elementor-motion-effects-layer::before{background-image:url(\"https:\/\/obsnev.es\/wp-content\/uploads\/2019\/07\/Banner_pano_web_iecolab_2.jpg\");}<\/style><style id=\"loop-1011659\">.elementor-1011659 .elementor-element.elementor-element-3f9ff0c{--display:flex;--flex-direction:column;--container-widget-width:100%;--container-widget-height:initial;--container-widget-flex-grow:0;--container-widget-align-self:initial;--flex-wrap-mobile:wrap;}.elementor-1011659 .elementor-element.elementor-element-f15f364{--display:flex;--min-height:200px;--flex-direction:column;--container-widget-width:100%;--container-widget-height:initial;--container-widget-flex-grow:0;--container-widget-align-self:initial;--flex-wrap-mobile:wrap;--overlay-opacity:1;box-shadow:0px 0px 16px 0px rgba(68.82343749999998, 68.82343749999998, 68.82343749999998, 0.5);}.elementor-1011659 .elementor-element.elementor-element-f15f364::before, .elementor-1011659 .elementor-element.elementor-element-f15f364 > .elementor-background-video-container::before, .elementor-1011659 .elementor-element.elementor-element-f15f364 > .e-con-inner > .elementor-background-video-container::before, .elementor-1011659 .elementor-element.elementor-element-f15f364 > .elementor-background-slideshow::before, .elementor-1011659 .elementor-element.elementor-element-f15f364 > .e-con-inner > .elementor-background-slideshow::before, .elementor-1011659 .elementor-element.elementor-element-f15f364 > .elementor-motion-effects-container > .elementor-motion-effects-layer::before{--background-overlay:'';background-position:center center;background-repeat:no-repeat;background-size:cover;}.elementor-1011659 .elementor-element.elementor-element-7e7b0c9 .elementor-icon-list-icon{width:14px;}.elementor-1011659 .elementor-element.elementor-element-7e7b0c9 .elementor-icon-list-icon i{font-size:14px;}.elementor-1011659 .elementor-element.elementor-element-7e7b0c9 .elementor-icon-list-icon svg{--e-icon-list-icon-size:14px;}.elementor-1011659 .elementor-element.elementor-element-7e7b0c9 .elementor-icon-list-text, .elementor-1011659 .elementor-element.elementor-element-7e7b0c9 .elementor-icon-list-text a{color:var( --e-global-color-2111ae3 );}.elementor-1011659 .elementor-element.elementor-element-7e7b0c9 .elementor-icon-list-item{font-size:14px;font-weight:600;text-transform:uppercase;}.elementor-1011659 .elementor-element.elementor-element-4aee444 .elementor-heading-title{color:var( --e-global-color-9d933fc );}.elementor-1011659 .elementor-element.elementor-element-4884ccb .elementor-widget-container{font-size:var( --e-global-typography-8ca34a1-font-size );line-height:var( --e-global-typography-8ca34a1-line-height );letter-spacing:var( --e-global-typography-8ca34a1-letter-spacing );word-spacing:var( --e-global-typography-8ca34a1-word-spacing );}@media(min-width:768px){.elementor-1011659 .elementor-element.elementor-element-f15f364{--width:100%;}}@media(max-width:1024px){.elementor-1011659 .elementor-element.elementor-element-f15f364{--min-height:180px;}.elementor-1011659 .elementor-element.elementor-element-4884ccb .elementor-widget-container{font-size:var( --e-global-typography-8ca34a1-font-size );line-height:var( --e-global-typography-8ca34a1-line-height );letter-spacing:var( --e-global-typography-8ca34a1-letter-spacing );word-spacing:var( --e-global-typography-8ca34a1-word-spacing );}}@media(max-width:767px){.elementor-1011659 .elementor-element.elementor-element-4884ccb .elementor-widget-container{font-size:var( --e-global-typography-8ca34a1-font-size );line-height:var( --e-global-typography-8ca34a1-line-height );letter-spacing:var( --e-global-typography-8ca34a1-letter-spacing );word-spacing:var( --e-global-typography-8ca34a1-word-spacing );}}\/* Start custom CSS for container, class: .elementor-element-f15f364 *\/.elementor-1011659 .elementor-element.elementor-element-f15f364 {\n    max-height: 280px;\n}\/* End custom CSS *\/<\/style>\t\t<div data-elementor-type=\"loop-item\" data-elementor-id=\"1011659\" class=\"elementor elementor-1011659 swiper-slide e-loop-item e-loop-item-1010842 post-1010842 post type-post status-publish format-standard has-post-thumbnail hentry category-canal-de-noticias tag-datos tag-elter tag-sierra-nevada\" data-elementor-post-type=\"elementor_library\" role=\"group\" aria-roledescription=\"slide\" data-custom-edit-handle=\"1\">\n\t\t\t<div class=\"elementor-element elementor-element-3f9ff0c e-flex e-con-boxed e-con e-parent\" data-id=\"3f9ff0c\" data-element_type=\"container\" data-e-type=\"container\">\n\t\t\t\t\t<div class=\"e-con-inner\">\n\t\t<a class=\"elementor-element elementor-element-f15f364 e-con-full e-flex e-con e-child\" data-id=\"f15f364\" data-element_type=\"container\" data-e-type=\"container\" href=\"https:\/\/obsnev.es\/en\/movilizacion-de-datos-de-sierra-nevada-a-elter\/\">\n\t\t\t\t<\/a>\n\t\t\t\t<div class=\"elementor-element elementor-element-7e7b0c9 elementor-widget elementor-widget-post-info\" data-id=\"7e7b0c9\" data-element_type=\"widget\" data-e-type=\"widget\" data-widget_type=\"post-info.default\">\n\t\t\t\t<div class=\"elementor-widget-container\">\n\t\t\t\t\t\t\t<ul class=\"elementor-icon-list-items elementor-post-info\">\n\t\t\t\t\t\t\t\t<li class=\"elementor-icon-list-item elementor-repeater-item-ba34b47\" itemprop=\"about\">\n\t\t\t\t\t\t\t\t\t\t\t\t\t<span class=\"elementor-icon-list-text elementor-post-info__item elementor-post-info__item--type-terms\">\n\t\t\t\t\t\t\t\t\t\t<span class=\"elementor-post-info__terms-list\">\n\t\t\t\t<a href=\"https:\/\/obsnev.es\/en\/category\/canal-de-noticias\/\" class=\"elementor-post-info__terms-list-item\">Observatory\u2019s News Channel<\/a>\t\t\t\t<\/span>\n\t\t\t\t\t<\/span>\n\t\t\t\t\t\t\t\t<\/li>\n\t\t\t\t<\/ul>\n\t\t\t\t\t\t<\/div>\n\t\t\t\t<\/div>\n\t\t\t\t<div class=\"elementor-element elementor-element-4aee444 elementor-widget elementor-widget-theme-post-title elementor-page-title elementor-widget-heading\" data-id=\"4aee444\" data-element_type=\"widget\" data-e-type=\"widget\" data-widget_type=\"theme-post-title.default\">\n\t\t\t\t<div class=\"elementor-widget-container\">\n\t\t\t\t\t<h5 class=\"elementor-heading-title elementor-size-default\"><a href=\"https:\/\/obsnev.es\/en\/movilizacion-de-datos-de-sierra-nevada-a-elter\/\">Movilizaci\u00f3n de datos del nodo Sierra Nevada a eLTER<\/a><\/h5>\t\t\t\t<\/div>\n\t\t\t\t<\/div>\n\t\t\t\t<div class=\"elementor-element elementor-element-4884ccb elementor-widget elementor-widget-theme-post-excerpt\" data-id=\"4884ccb\" data-element_type=\"widget\" data-e-type=\"widget\" data-widget_type=\"theme-post-excerpt.default\">\n\t\t\t\t<div class=\"elementor-widget-container\">\n\t\t\t\t\t<p>Este a\u00f1o, el nodo LTER Sierra Nevada est\u00e1 participando activamente en la convocatoria de movilizaci\u00f3n de datos impulsada por eLTER. Nuestra misi\u00f3n es integrar metadatos y datos ambientales de gran calidad relacionados con las Standard Observations (SO) definidas por la...\t\t\t\t<\/div>\n\t\t\t\t<\/div>\n\t\t\t\t\t<\/div>\n\t\t\t\t<\/div>\n\t\t\t\t<\/div>\n\t\t<style id=\"loop-dynamic-1011659\">.e-loop-item-1010831 .elementor-element.elementor-element-f15f364::before, .e-loop-item-1010831 .elementor-element.elementor-element-f15f364 > .elementor-background-video-container::before, .e-loop-item-1010831 .elementor-element.elementor-element-f15f364 > .e-con-inner > .elementor-background-video-container::before, .e-loop-item-1010831 .elementor-element.elementor-element-f15f364 > .elementor-background-slideshow::before, .e-loop-item-1010831 .elementor-element.elementor-element-f15f364 > .e-con-inner > .elementor-background-slideshow::before, .e-loop-item-1010831 .elementor-element.elementor-element-f15f364 > .elementor-motion-effects-container > .elementor-motion-effects-layer::before{background-image:url(\"https:\/\/obsnev.es\/wp-content\/uploads\/2025\/03\/IMG_20250310_194018_RECORT.jpg\");}<\/style>\t\t<div data-elementor-type=\"loop-item\" data-elementor-id=\"1011659\" class=\"elementor elementor-1011659 swiper-slide e-loop-item e-loop-item-1010831 post-1010831 post type-post status-publish format-standard has-post-thumbnail hentry category-canal-de-noticias category-observatorio-de-cambio-global category-sierra-nevada tag-cambio-climatico tag-canal-sur tag-entrevista tag-exposicion tag-observatorio-cambio-global-sierra-nevada\" data-elementor-post-type=\"elementor_library\" role=\"group\" aria-roledescription=\"slide\" data-custom-edit-handle=\"1\">\n\t\t\t<div class=\"elementor-element elementor-element-3f9ff0c e-flex e-con-boxed e-con e-parent\" data-id=\"3f9ff0c\" data-element_type=\"container\" data-e-type=\"container\">\n\t\t\t\t\t<div class=\"e-con-inner\">\n\t\t<a class=\"elementor-element elementor-element-f15f364 e-con-full e-flex e-con e-child\" data-id=\"f15f364\" data-element_type=\"container\" data-e-type=\"container\" href=\"https:\/\/obsnev.es\/en\/el-observatorio-cambio-global-sierra-nevada-en-cambio-climatico-de-canal-sur-radio\/\">\n\t\t\t\t<\/a>\n\t\t\t\t<div class=\"elementor-element elementor-element-7e7b0c9 elementor-widget elementor-widget-post-info\" data-id=\"7e7b0c9\" data-element_type=\"widget\" data-e-type=\"widget\" data-widget_type=\"post-info.default\">\n\t\t\t\t<div class=\"elementor-widget-container\">\n\t\t\t\t\t\t\t<ul class=\"elementor-icon-list-items elementor-post-info\">\n\t\t\t\t\t\t\t\t<li class=\"elementor-icon-list-item elementor-repeater-item-ba34b47\" itemprop=\"about\">\n\t\t\t\t\t\t\t\t\t\t\t\t\t<span class=\"elementor-icon-list-text elementor-post-info__item elementor-post-info__item--type-terms\">\n\t\t\t\t\t\t\t\t\t\t<span class=\"elementor-post-info__terms-list\">\n\t\t\t\t<a href=\"https:\/\/obsnev.es\/en\/category\/canal-de-noticias\/\" class=\"elementor-post-info__terms-list-item\">Observatory\u2019s News Channel<\/a>, <a href=\"https:\/\/obsnev.es\/en\/category\/observatorio-de-cambio-global\/\" class=\"elementor-post-info__terms-list-item\">Global Change Observatory<\/a>, <a href=\"https:\/\/obsnev.es\/en\/category\/sierra-nevada\/\" class=\"elementor-post-info__terms-list-item\">Sierra Nevada<\/a>\t\t\t\t<\/span>\n\t\t\t\t\t<\/span>\n\t\t\t\t\t\t\t\t<\/li>\n\t\t\t\t<\/ul>\n\t\t\t\t\t\t<\/div>\n\t\t\t\t<\/div>\n\t\t\t\t<div class=\"elementor-element elementor-element-4aee444 elementor-widget elementor-widget-theme-post-title elementor-page-title elementor-widget-heading\" data-id=\"4aee444\" data-element_type=\"widget\" data-e-type=\"widget\" data-widget_type=\"theme-post-title.default\">\n\t\t\t\t<div class=\"elementor-widget-container\">\n\t\t\t\t\t<h5 class=\"elementor-heading-title elementor-size-default\"><a href=\"https:\/\/obsnev.es\/en\/el-observatorio-cambio-global-sierra-nevada-en-cambio-climatico-de-canal-sur-radio\/\">Sierra Nevada Global Change Observatory on Canal Sur Radio's \"Cambio Clim\u00e1tico\"<\/a><\/h5>\t\t\t\t<\/div>\n\t\t\t\t<\/div>\n\t\t\t\t<div class=\"elementor-element elementor-element-4884ccb elementor-widget elementor-widget-theme-post-excerpt\" data-id=\"4884ccb\" data-element_type=\"widget\" data-e-type=\"widget\" data-widget_type=\"theme-post-excerpt.default\">\n\t\t\t\t<div class=\"elementor-widget-container\">\n\t\t\t\t\t<p>The Canal Sur Radio program \"Cambio Clim\u00e1tico\" featured Regino Zamora\u2014Professor of Ecology at the University of Granada and Scientific Coordinator of the Sierra Nevada Global Change Observatory\u2014starting at minute 38:25...\t\t\t\t<\/div>\n\t\t\t\t<\/div>\n\t\t\t\t\t<\/div>\n\t\t\t\t<\/div>\n\t\t\t\t<\/div>\n\t\t<style id=\"loop-dynamic-1011659\">.e-loop-item-1010822 .elementor-element.elementor-element-f15f364::before, .e-loop-item-1010822 .elementor-element.elementor-element-f15f364 > .elementor-background-video-container::before, .e-loop-item-1010822 .elementor-element.elementor-element-f15f364 > .e-con-inner > .elementor-background-video-container::before, .e-loop-item-1010822 .elementor-element.elementor-element-f15f364 > .elementor-background-slideshow::before, .e-loop-item-1010822 .elementor-element.elementor-element-f15f364 > .e-con-inner > .elementor-background-slideshow::before, .e-loop-item-1010822 .elementor-element.elementor-element-f15f364 > .elementor-motion-effects-container > .elementor-motion-effects-layer::before{background-image:url(\"https:\/\/obsnev.es\/wp-content\/uploads\/2025\/03\/Cartel-Sierra-Nevada-03-1.png\");}<\/style>\t\t<div data-elementor-type=\"loop-item\" data-elementor-id=\"1011659\" class=\"elementor elementor-1011659 swiper-slide e-loop-item e-loop-item-1010822 post-1010822 post type-post status-publish format-standard has-post-thumbnail hentry category-canal-de-noticias category-observatorio-de-cambio-global category-sierra-nevada tag-exposicion tag-observatorio-del-cambio-global-de-sierra-nevada tag-ugr-investiga tag-universidad-de-granada\" data-elementor-post-type=\"elementor_library\" role=\"group\" aria-roledescription=\"slide\" data-custom-edit-handle=\"1\">\n\t\t\t<div class=\"elementor-element elementor-element-3f9ff0c e-flex e-con-boxed e-con e-parent\" data-id=\"3f9ff0c\" data-element_type=\"container\" data-e-type=\"container\">\n\t\t\t\t\t<div class=\"e-con-inner\">\n\t\t<a class=\"elementor-element elementor-element-f15f364 e-con-full e-flex e-con e-child\" data-id=\"f15f364\" data-element_type=\"container\" data-e-type=\"container\" href=\"https:\/\/obsnev.es\/en\/exposicion-en-la-madraza-sobre-el-observatorio-del-cambio-global-de-sierra-nevada-y-su-programa-de-monitoreo-ecologico-a-largo-plazo\/\">\n\t\t\t\t<\/a>\n\t\t\t\t<div class=\"elementor-element elementor-element-7e7b0c9 elementor-widget elementor-widget-post-info\" data-id=\"7e7b0c9\" data-element_type=\"widget\" data-e-type=\"widget\" data-widget_type=\"post-info.default\">\n\t\t\t\t<div class=\"elementor-widget-container\">\n\t\t\t\t\t\t\t<ul class=\"elementor-icon-list-items elementor-post-info\">\n\t\t\t\t\t\t\t\t<li class=\"elementor-icon-list-item elementor-repeater-item-ba34b47\" itemprop=\"about\">\n\t\t\t\t\t\t\t\t\t\t\t\t\t<span class=\"elementor-icon-list-text elementor-post-info__item elementor-post-info__item--type-terms\">\n\t\t\t\t\t\t\t\t\t\t<span class=\"elementor-post-info__terms-list\">\n\t\t\t\t<a href=\"https:\/\/obsnev.es\/en\/category\/canal-de-noticias\/\" class=\"elementor-post-info__terms-list-item\">Observatory\u2019s News Channel<\/a>, <a href=\"https:\/\/obsnev.es\/en\/category\/observatorio-de-cambio-global\/\" class=\"elementor-post-info__terms-list-item\">Global Change Observatory<\/a>, <a href=\"https:\/\/obsnev.es\/en\/category\/sierra-nevada\/\" class=\"elementor-post-info__terms-list-item\">Sierra Nevada<\/a>\t\t\t\t<\/span>\n\t\t\t\t\t<\/span>\n\t\t\t\t\t\t\t\t<\/li>\n\t\t\t\t<\/ul>\n\t\t\t\t\t\t<\/div>\n\t\t\t\t<\/div>\n\t\t\t\t<div class=\"elementor-element elementor-element-4aee444 elementor-widget elementor-widget-theme-post-title elementor-page-title elementor-widget-heading\" data-id=\"4aee444\" data-element_type=\"widget\" data-e-type=\"widget\" data-widget_type=\"theme-post-title.default\">\n\t\t\t\t<div class=\"elementor-widget-container\">\n\t\t\t\t\t<h5 class=\"elementor-heading-title elementor-size-default\"><a href=\"https:\/\/obsnev.es\/en\/exposicion-en-la-madraza-sobre-el-observatorio-del-cambio-global-de-sierra-nevada-y-su-programa-de-monitoreo-ecologico-a-largo-plazo\/\">Exhibition at La Madraza on the Sierra Nevada Global Change Observatory and its long-term ecological monitoring program<\/a><\/h5>\t\t\t\t<\/div>\n\t\t\t\t<\/div>\n\t\t\t\t<div class=\"elementor-element elementor-element-4884ccb elementor-widget elementor-widget-theme-post-excerpt\" data-id=\"4884ccb\" data-element_type=\"widget\" data-e-type=\"widget\" data-widget_type=\"theme-post-excerpt.default\">\n\t\t\t\t<div class=\"elementor-widget-container\">\n\t\t\t\t\t<p>Starting this Monday, March 10, the Palacio de la Madraza will host an exhibition dedicated to the Sierra Nevada Global Change Observatory. The primary goal of this initiative is to establish a long-term ecological monitoring program...\t\t\t\t<\/div>\n\t\t\t\t<\/div>\n\t\t\t\t\t<\/div>\n\t\t\t\t<\/div>\n\t\t\t\t<\/div>\n\t\t<style id=\"loop-dynamic-1011659\">.e-loop-item-1010798 .elementor-element.elementor-element-f15f364::before, .e-loop-item-1010798 .elementor-element.elementor-element-f15f364 > .elementor-background-video-container::before, .e-loop-item-1010798 .elementor-element.elementor-element-f15f364 > .e-con-inner > .elementor-background-video-container::before, .e-loop-item-1010798 .elementor-element.elementor-element-f15f364 > .elementor-background-slideshow::before, .e-loop-item-1010798 .elementor-element.elementor-element-f15f364 > .e-con-inner > .elementor-background-slideshow::before, .e-loop-item-1010798 .elementor-element.elementor-element-f15f364 > .elementor-motion-effects-container > .elementor-motion-effects-layer::before{background-image:url(\"https:\/\/obsnev.es\/wp-content\/uploads\/2025\/02\/enebro.png\");}<\/style>\t\t<div data-elementor-type=\"loop-item\" data-elementor-id=\"1011659\" class=\"elementor elementor-1011659 swiper-slide e-loop-item e-loop-item-1010798 post-1010798 post type-post status-publish format-standard has-post-thumbnail hentry category-canal-de-noticias category-observatorio-de-cambio-global category-sierra-nevada tag-enebral tag-evaluacion-de-la-gestion-forestal tag-gestion-adaptativa tag-observatorio-del-cambio-global-de-sierra-nevada tag-restauracion\" data-elementor-post-type=\"elementor_library\" role=\"group\" aria-roledescription=\"slide\" data-custom-edit-handle=\"1\">\n\t\t\t<div class=\"elementor-element elementor-element-3f9ff0c e-flex e-con-boxed e-con e-parent\" data-id=\"3f9ff0c\" data-element_type=\"container\" data-e-type=\"container\">\n\t\t\t\t\t<div class=\"e-con-inner\">\n\t\t<a class=\"elementor-element elementor-element-f15f364 e-con-full e-flex e-con e-child\" data-id=\"f15f364\" data-element_type=\"container\" data-e-type=\"container\" href=\"https:\/\/obsnev.es\/en\/restauracion-ecologica-ejemplos-de-bases-tecnicas-y-soluciones-practicas\/\">\n\t\t\t\t<\/a>\n\t\t\t\t<div class=\"elementor-element elementor-element-7e7b0c9 elementor-widget elementor-widget-post-info\" data-id=\"7e7b0c9\" data-element_type=\"widget\" data-e-type=\"widget\" data-widget_type=\"post-info.default\">\n\t\t\t\t<div class=\"elementor-widget-container\">\n\t\t\t\t\t\t\t<ul class=\"elementor-icon-list-items elementor-post-info\">\n\t\t\t\t\t\t\t\t<li class=\"elementor-icon-list-item elementor-repeater-item-ba34b47\" itemprop=\"about\">\n\t\t\t\t\t\t\t\t\t\t\t\t\t<span class=\"elementor-icon-list-text elementor-post-info__item elementor-post-info__item--type-terms\">\n\t\t\t\t\t\t\t\t\t\t<span class=\"elementor-post-info__terms-list\">\n\t\t\t\t<a href=\"https:\/\/obsnev.es\/en\/category\/canal-de-noticias\/\" class=\"elementor-post-info__terms-list-item\">Observatory\u2019s News Channel<\/a>, <a href=\"https:\/\/obsnev.es\/en\/category\/observatorio-de-cambio-global\/\" class=\"elementor-post-info__terms-list-item\">Global Change Observatory<\/a>, <a href=\"https:\/\/obsnev.es\/en\/category\/sierra-nevada\/\" class=\"elementor-post-info__terms-list-item\">Sierra Nevada<\/a>\t\t\t\t<\/span>\n\t\t\t\t\t<\/span>\n\t\t\t\t\t\t\t\t<\/li>\n\t\t\t\t<\/ul>\n\t\t\t\t\t\t<\/div>\n\t\t\t\t<\/div>\n\t\t\t\t<div class=\"elementor-element elementor-element-4aee444 elementor-widget elementor-widget-theme-post-title elementor-page-title elementor-widget-heading\" data-id=\"4aee444\" data-element_type=\"widget\" data-e-type=\"widget\" data-widget_type=\"theme-post-title.default\">\n\t\t\t\t<div class=\"elementor-widget-container\">\n\t\t\t\t\t<h5 class=\"elementor-heading-title elementor-size-default\"><a href=\"https:\/\/obsnev.es\/en\/restauracion-ecologica-ejemplos-de-bases-tecnicas-y-soluciones-practicas\/\">Ecological Restoration: examples of technical foundations and practical solutions<\/a><\/h5>\t\t\t\t<\/div>\n\t\t\t\t<\/div>\n\t\t\t\t<div class=\"elementor-element elementor-element-4884ccb elementor-widget elementor-widget-theme-post-excerpt\" data-id=\"4884ccb\" data-element_type=\"widget\" data-e-type=\"widget\" data-widget_type=\"theme-post-excerpt.default\">\n\t\t\t\t<div class=\"elementor-widget-container\">\n\t\t\t\t\t<p>The Biodiversity Foundation, under the Ministry for the Ecological Transition and the Demographic Challenge (MITECO), has funded the publication of the book Ecological Restoration: Examples of Technical Foundations and Practical Solutions. This work is aimed at professionals and future experts in the field...\t\t\t\t<\/div>\n\t\t\t\t<\/div>\n\t\t\t\t\t<\/div>\n\t\t\t\t<\/div>\n\t\t\t\t<\/div>\n\t\t<style id=\"loop-dynamic-1011659\">.e-loop-item-1010785 .elementor-element.elementor-element-f15f364::before, .e-loop-item-1010785 .elementor-element.elementor-element-f15f364 > .elementor-background-video-container::before, .e-loop-item-1010785 .elementor-element.elementor-element-f15f364 > .e-con-inner > .elementor-background-video-container::before, .e-loop-item-1010785 .elementor-element.elementor-element-f15f364 > .elementor-background-slideshow::before, .e-loop-item-1010785 .elementor-element.elementor-element-f15f364 > .e-con-inner > .elementor-background-slideshow::before, .e-loop-item-1010785 .elementor-element.elementor-element-f15f364 > .elementor-motion-effects-container > .elementor-motion-effects-layer::before{background-image:url(\"https:\/\/obsnev.es\/wp-content\/uploads\/2023\/02\/mariposa.jpg\");}<\/style>\t\t<div data-elementor-type=\"loop-item\" data-elementor-id=\"1011659\" class=\"elementor elementor-1011659 swiper-slide e-loop-item e-loop-item-1010785 post-1010785 post type-post status-publish format-standard has-post-thumbnail hentry category-canal-de-noticias tag-datos tag-gbif tag-metadatos tag-sierra-nevada\" data-elementor-post-type=\"elementor_library\" role=\"group\" aria-roledescription=\"slide\" data-custom-edit-handle=\"1\">\n\t\t\t<div class=\"elementor-element elementor-element-3f9ff0c e-flex e-con-boxed e-con e-parent\" data-id=\"3f9ff0c\" data-element_type=\"container\" data-e-type=\"container\">\n\t\t\t\t\t<div class=\"e-con-inner\">\n\t\t<a class=\"elementor-element elementor-element-f15f364 e-con-full e-flex e-con e-child\" data-id=\"f15f364\" data-element_type=\"container\" data-e-type=\"container\" href=\"https:\/\/obsnev.es\/en\/12-anos-publicando-datos-el-impacto-de-obsnev-en-gbif\/\">\n\t\t\t\t<\/a>\n\t\t\t\t<div class=\"elementor-element elementor-element-7e7b0c9 elementor-widget elementor-widget-post-info\" data-id=\"7e7b0c9\" data-element_type=\"widget\" data-e-type=\"widget\" data-widget_type=\"post-info.default\">\n\t\t\t\t<div class=\"elementor-widget-container\">\n\t\t\t\t\t\t\t<ul class=\"elementor-icon-list-items elementor-post-info\">\n\t\t\t\t\t\t\t\t<li class=\"elementor-icon-list-item elementor-repeater-item-ba34b47\" itemprop=\"about\">\n\t\t\t\t\t\t\t\t\t\t\t\t\t<span class=\"elementor-icon-list-text elementor-post-info__item elementor-post-info__item--type-terms\">\n\t\t\t\t\t\t\t\t\t\t<span class=\"elementor-post-info__terms-list\">\n\t\t\t\t<a href=\"https:\/\/obsnev.es\/en\/category\/canal-de-noticias\/\" class=\"elementor-post-info__terms-list-item\">Observatory\u2019s News Channel<\/a>\t\t\t\t<\/span>\n\t\t\t\t\t<\/span>\n\t\t\t\t\t\t\t\t<\/li>\n\t\t\t\t<\/ul>\n\t\t\t\t\t\t<\/div>\n\t\t\t\t<\/div>\n\t\t\t\t<div class=\"elementor-element elementor-element-4aee444 elementor-widget elementor-widget-theme-post-title elementor-page-title elementor-widget-heading\" data-id=\"4aee444\" data-element_type=\"widget\" data-e-type=\"widget\" data-widget_type=\"theme-post-title.default\">\n\t\t\t\t<div class=\"elementor-widget-container\">\n\t\t\t\t\t<h5 class=\"elementor-heading-title elementor-size-default\"><a href=\"https:\/\/obsnev.es\/en\/12-anos-publicando-datos-el-impacto-de-obsnev-en-gbif\/\">12 years of data publishing: OBSNEV's impact on GBIF<\/a><\/h5>\t\t\t\t<\/div>\n\t\t\t\t<\/div>\n\t\t\t\t<div class=\"elementor-element elementor-element-4884ccb elementor-widget elementor-widget-theme-post-excerpt\" data-id=\"4884ccb\" data-element_type=\"widget\" data-e-type=\"widget\" data-widget_type=\"theme-post-excerpt.default\">\n\t\t\t\t<div class=\"elementor-widget-container\">\n\t\t\t\t\t<p>The Sierra Nevada Global Change Observatory has been publishing data and metadata on GBIF (the international infrastructure for biodiversity data) for 12 years. To date, the Observatory has published 14 datasets, which together represent a significant contribution to the field...\t\t\t\t<\/div>\n\t\t\t\t<\/div>\n\t\t\t\t\t<\/div>\n\t\t\t\t<\/div>\n\t\t\t\t<\/div>\n\t\t<style id=\"loop-dynamic-1011659\">.e-loop-item-1010755 .elementor-element.elementor-element-f15f364::before, .e-loop-item-1010755 .elementor-element.elementor-element-f15f364 > .elementor-background-video-container::before, .e-loop-item-1010755 .elementor-element.elementor-element-f15f364 > .e-con-inner > .elementor-background-video-container::before, .e-loop-item-1010755 .elementor-element.elementor-element-f15f364 > .elementor-background-slideshow::before, .e-loop-item-1010755 .elementor-element.elementor-element-f15f364 > .e-con-inner > .elementor-background-slideshow::before, .e-loop-item-1010755 .elementor-element.elementor-element-f15f364 > .elementor-motion-effects-container > .elementor-motion-effects-layer::before{background-image:url(\"https:\/\/obsnev.es\/wp-content\/uploads\/2021\/07\/Fotografia_sensores_obsnev_3.jpg\");}<\/style>\t\t<div data-elementor-type=\"loop-item\" data-elementor-id=\"1011659\" class=\"elementor elementor-1011659 swiper-slide e-loop-item e-loop-item-1010755 post-1010755 post type-post status-publish format-standard has-post-thumbnail hentry category-canal-de-noticias category-observatorio-de-cambio-global category-sierra-nevada tag-cambio-climatico tag-cambio-global tag-junta-de-andalucia tag-observatorio-de-cambio-global-de-sierra-nevada tag-sierra-nevada tag-universidad-de-granada\" data-elementor-post-type=\"elementor_library\" role=\"group\" aria-roledescription=\"slide\" data-custom-edit-handle=\"1\">\n\t\t\t<div class=\"elementor-element elementor-element-3f9ff0c e-flex e-con-boxed e-con e-parent\" data-id=\"3f9ff0c\" data-element_type=\"container\" data-e-type=\"container\">\n\t\t\t\t\t<div class=\"e-con-inner\">\n\t\t<a class=\"elementor-element elementor-element-f15f364 e-con-full e-flex e-con e-child\" data-id=\"f15f364\" data-element_type=\"container\" data-e-type=\"container\" href=\"https:\/\/obsnev.es\/en\/un-planeta-con-fiebre-el-cambio-climatico-en-andalucia\/\">\n\t\t\t\t<\/a>\n\t\t\t\t<div class=\"elementor-element elementor-element-7e7b0c9 elementor-widget elementor-widget-post-info\" data-id=\"7e7b0c9\" data-element_type=\"widget\" data-e-type=\"widget\" data-widget_type=\"post-info.default\">\n\t\t\t\t<div class=\"elementor-widget-container\">\n\t\t\t\t\t\t\t<ul class=\"elementor-icon-list-items elementor-post-info\">\n\t\t\t\t\t\t\t\t<li class=\"elementor-icon-list-item elementor-repeater-item-ba34b47\" itemprop=\"about\">\n\t\t\t\t\t\t\t\t\t\t\t\t\t<span class=\"elementor-icon-list-text elementor-post-info__item elementor-post-info__item--type-terms\">\n\t\t\t\t\t\t\t\t\t\t<span class=\"elementor-post-info__terms-list\">\n\t\t\t\t<a href=\"https:\/\/obsnev.es\/en\/category\/canal-de-noticias\/\" class=\"elementor-post-info__terms-list-item\">Observatory\u2019s News Channel<\/a>, <a href=\"https:\/\/obsnev.es\/en\/category\/observatorio-de-cambio-global\/\" class=\"elementor-post-info__terms-list-item\">Global Change Observatory<\/a>, <a href=\"https:\/\/obsnev.es\/en\/category\/sierra-nevada\/\" class=\"elementor-post-info__terms-list-item\">Sierra Nevada<\/a>\t\t\t\t<\/span>\n\t\t\t\t\t<\/span>\n\t\t\t\t\t\t\t\t<\/li>\n\t\t\t\t<\/ul>\n\t\t\t\t\t\t<\/div>\n\t\t\t\t<\/div>\n\t\t\t\t<div class=\"elementor-element elementor-element-4aee444 elementor-widget elementor-widget-theme-post-title elementor-page-title elementor-widget-heading\" data-id=\"4aee444\" data-element_type=\"widget\" data-e-type=\"widget\" data-widget_type=\"theme-post-title.default\">\n\t\t\t\t<div class=\"elementor-widget-container\">\n\t\t\t\t\t<h5 class=\"elementor-heading-title elementor-size-default\"><a href=\"https:\/\/obsnev.es\/en\/un-planeta-con-fiebre-el-cambio-climatico-en-andalucia\/\">A planet with a fever: climate change in Andalusia<\/a><\/h5>\t\t\t\t<\/div>\n\t\t\t\t<\/div>\n\t\t\t\t<div class=\"elementor-element elementor-element-4884ccb elementor-widget elementor-widget-theme-post-excerpt\" data-id=\"4884ccb\" data-element_type=\"widget\" data-e-type=\"widget\" data-widget_type=\"theme-post-excerpt.default\">\n\t\t\t\t<div class=\"elementor-widget-container\">\n\t\t\t\t\t<p>Climate change is no longer a future concern but a reality impacting all aspects of life in Andalusia. A report by Canal Sur Televisi\u00f3n examines how this crisis affects the region, from its coastlines to its mountain ranges...\t\t\t\t<\/div>\n\t\t\t\t<\/div>\n\t\t\t\t\t<\/div>\n\t\t\t\t<\/div>\n\t\t\t\t<\/div>\n\t\t\t\t<\/div>\n\t\t<\/div>\n\t\t\t\t\t<div class=\"elementor-swiper-button elementor-swiper-button-prev\" role=\"button\" tabindex=\"0\" aria-label=\"Previous\">\n\t\t\t\t<svg aria-hidden=\"true\" class=\"e-font-icon-svg e-eicon-chevron-left\" viewbox=\"0 0 1000 1000\" xmlns=\"http:\/\/www.w3.org\/2000\/svg\"><path d=\"M646 125C629 125 613 133 604 142L308 442C296 454 292 471 292 487 292 504 296 521 308 533L604 854C617 867 629 875 646 875 663 875 679 871 692 858 704 846 713 829 713 812 713 796 708 779 692 767L438 487 692 225C700 217 708 204 708 187 708 171 704 154 692 142 675 129 663 125 646 125Z\"><\/path><\/svg>\t\t\t<\/div>\n\t\t\t<div class=\"elementor-swiper-button elementor-swiper-button-next\" role=\"button\" tabindex=\"0\" aria-label=\"Next\">\n\t\t\t\t<svg aria-hidden=\"true\" class=\"e-font-icon-svg e-eicon-chevron-right\" viewbox=\"0 0 1000 1000\" xmlns=\"http:\/\/www.w3.org\/2000\/svg\"><path d=\"M696 533C708 521 713 504 713 487 713 471 708 454 696 446L400 146C388 133 375 125 354 125 338 125 325 129 313 142 300 154 292 171 292 187 292 204 296 221 308 233L563 492 304 771C292 783 288 800 288 817 288 833 296 850 308 863 321 871 338 875 354 875 371 875 388 867 400 854L696 533Z\"><\/path><\/svg>\t\t\t<\/div>\n\t\t\t\t\t<div class=\"swiper-pagination\"><\/div>\n\t\t\t\t\t\t<\/div>\n\t\t\t\t<\/div>\n\t\t\t\t\t<\/div>\n\t\t\t\t<\/div>\n\t\t\t\t<\/div>","protected":false},"featured_media":4461,"template":"","meta":{"_acf_changed":false},"ambito-tematico":[354],"class_list":["post-1012331","protocolos","type-protocolos","status-publish","has-post-thumbnail","hentry","ambito-tematico-servicios-ecosistemicos-y-socioeconomia"],"acf":[],"aioseo_notices":[],"_links":{"self":[{"href":"https:\/\/obsnev.es\/en\/wp-json\/wp\/v2\/protocolos\/1012331","targetHints":{"allow":["GET"]}}],"collection":[{"href":"https:\/\/obsnev.es\/en\/wp-json\/wp\/v2\/protocolos"}],"about":[{"href":"https:\/\/obsnev.es\/en\/wp-json\/wp\/v2\/types\/protocolos"}],"version-history":[{"count":5,"href":"https:\/\/obsnev.es\/en\/wp-json\/wp\/v2\/protocolos\/1012331\/revisions"}],"predecessor-version":[{"id":1012368,"href":"https:\/\/obsnev.es\/en\/wp-json\/wp\/v2\/protocolos\/1012331\/revisions\/1012368"}],"wp:featuredmedia":[{"embeddable":true,"href":"https:\/\/obsnev.es\/en\/wp-json\/wp\/v2\/media\/4461"}],"wp:attachment":[{"href":"https:\/\/obsnev.es\/en\/wp-json\/wp\/v2\/media?parent=1012331"}],"wp:term":[{"taxonomy":"ambito-tematico","embeddable":true,"href":"https:\/\/obsnev.es\/en\/wp-json\/wp\/v2\/ambito-tematico?post=1012331"}],"curies":[{"name":"wp","href":"https:\/\/api.w.org\/{rel}","templated":true}]}}